{"id":403,"date":"2025-03-14T18:45:12","date_gmt":"2025-03-14T17:45:12","guid":{"rendered":"https:\/\/www.galeriedeparis.com\/Welcome\/?page_id=403"},"modified":"2026-03-18T15:08:28","modified_gmt":"2026-03-18T14:08:28","slug":"paris-source-dinspiration-infinie","status":"publish","type":"page","link":"https:\/\/www.galeriedeparis.com\/Welcome\/","title":{"rendered":"Paris, source d&rsquo;inspiration infinie"},"content":{"rendered":"<p>&nbsp;<\/p>\n<p>Cr\u00e9\u00e9e en 2005, la Galerie de Paris \u00a9 a pour vocation d\u2019accueillir des artistes contemporains ayant pour source d\u2019inspiration la ville de Paris. Ces artistes, issus de nombreux pays, offrent chacun une vision originale des monuments et quartiers parisiens. Leurs \u0153uvres sont expos\u00e9es r\u00e9guli\u00e8rement \u00e0 la galerie situ\u00e9e au Village Suisse ainsi que sur le site galeriedeparis.com.<\/p>\n<p>Parmi les nombreux artistes que la Galerie de Paris accompagne :<\/p>\n<h3>Kojiro Akagi, le plus parisien des artistes japonais<\/h3>\n<p><img loading=\"lazy\" decoding=\"async\" class=\"alignleft wp-image-462 size-thumbnail\" src=\"https:\/\/www.galeriedeparis.com\/Welcome\/wp-content\/uploads\/2026\/03\/AKA_201904_Livre_IMG_6688_350p-150x150.jpg\" alt=\"Kojiro AKAGI\" width=\"150\" height=\"150\" srcset=\"https:\/\/www.galeriedeparis.com\/Welcome\/wp-content\/uploads\/2026\/03\/AKA_201904_Livre_IMG_6688_350p-150x150.jpg 150w, https:\/\/www.galeriedeparis.com\/Welcome\/wp-content\/uploads\/2026\/03\/AKA_201904_Livre_IMG_6688_350p-300x300.jpg 300w, https:\/\/www.galeriedeparis.com\/Welcome\/wp-content\/uploads\/2026\/03\/AKA_201904_Livre_IMG_6688_350p-100x100.jpg 100w, https:\/\/www.galeriedeparis.com\/Welcome\/wp-content\/uploads\/2026\/03\/AKA_201904_Livre_IMG_6688_350p-80x80.jpg 80w, https:\/\/www.galeriedeparis.com\/Welcome\/wp-content\/uploads\/2026\/03\/AKA_201904_Livre_IMG_6688_350p-320x319.jpg 320w\" sizes=\"auto, (max-width: 150px) 100vw, 150px\" \/>N\u00e9 en 1934 au Japon, Kojiro Akagi arrive \u00e0 Paris en 1963 et entre \u00e0 l\u2019\u00c9cole Nationale Sup\u00e9rieure des Beaux-Arts. D\u2019embl\u00e9e, il tombe sous le charme de la ville. Il pose son chevalet au gr\u00e9 de ses balades, arpente chaque arrondissement qu\u2019il repr\u00e9sente sous tous ses aspects : monuments embl\u00e9matiques, fa\u00e7ades d\u2019immeubles, quartiers anciens\u2026 Kojiro Akagi deviendra ainsi, sans conteste, le plus parisien des artistes japonais.<br class=\"yoast-text-mark\" \/>Ces \u0153uvres sur Paris se reconnaissent d\u2019embl\u00e9e par leur singularit\u00e9 : une observation rigoureuse de l\u2019architecture et de l\u2019espace et par un dessin sublim\u00e9 gr\u00e2ce \u00e0 ses lignes, rouges ou blanches, en relief \u00e9pais.<br \/>\nKojiro Akagi n\u2019a cess\u00e9 jusqu\u2019\u00e0 son dernier souffle de peindre \u00ab\u00a0sa ville\u00a0\u00bb. Il d\u00e9c\u00e8de en 2021 et laisse \u00e0 la post\u00e9rit\u00e9 plusieurs centaines d\u2019\u0153uvres \u00e0 travers le monde. Certaines ont d\u00e9j\u00e0 rejoint de prestigieuses collections comme celles du Royal Ueno Museum \u00e0 Tokyo ou du Mus\u00e9e Carnavalet \u00e0 Paris<\/p>\n<h3>Anna Filimonova, peintre au style libre et expressif<\/h3>\n<p><img loading=\"lazy\" decoding=\"async\" class=\"alignleft wp-image-428 size-thumbnail\" src=\"https:\/\/www.galeriedeparis.com\/Welcome\/wp-content\/uploads\/2025\/08\/FILIMONOVA-ANNA-Ateleir-012-BD-150x150.jpg\" alt=\"Anna Filimonova\" width=\"150\" height=\"150\" srcset=\"https:\/\/www.galeriedeparis.com\/Welcome\/wp-content\/uploads\/2025\/08\/FILIMONOVA-ANNA-Ateleir-012-BD-150x150.jpg 150w, https:\/\/www.galeriedeparis.com\/Welcome\/wp-content\/uploads\/2025\/08\/FILIMONOVA-ANNA-Ateleir-012-BD-scaled-300x300.jpg 300w, https:\/\/www.galeriedeparis.com\/Welcome\/wp-content\/uploads\/2025\/08\/FILIMONOVA-ANNA-Ateleir-012-BD-scaled-100x100.jpg 100w, https:\/\/www.galeriedeparis.com\/Welcome\/wp-content\/uploads\/2025\/08\/FILIMONOVA-ANNA-Ateleir-012-BD-80x80.jpg 80w, https:\/\/www.galeriedeparis.com\/Welcome\/wp-content\/uploads\/2025\/08\/FILIMONOVA-ANNA-Ateleir-012-BD-320x320.jpg 320w\" sizes=\"auto, (max-width: 150px) 100vw, 150px\" \/>Dipl\u00f4m\u00e9e de l\u2019Acad\u00e9mie des Beaux-Arts de Saint-P\u00e9tersbourg et de l\u2019Ecole du Louvre de Paris, Anna Filimonova vit et travaille \u00e0 Paris depuis 1992.<br class=\"yoast-text-mark\" \/>Paris est devenue la ville de pr\u00e9dilection de l&rsquo;artiste qu&rsquo;elle peint inlassablement : la Seine, le Sacr\u00e9-C\u0153ur, la Tour Eiffel ainsi que ses toits et ses labyrinthes. Elle est fascin\u00e9e par sa lumi\u00e8re unique qu&rsquo;elle tente de capter dans ses toiles, \u00e0 l\u2019huile ou \u00e0 l\u2019aquarelle. Artiste au langage figuratif, libre et expressif, Anna Filimonova a d\u00e9velopp\u00e9 un style singulier m\u00ealant po\u00e9sie et l\u00e9g\u00e8ret\u00e9.<br \/>\nProfond\u00e9ment attach\u00e9e \u00e0 Paris, elle ne quitte la capitale que pour des projets artistiques aux Etats-Unis, au Japon, en Chine ou en Europe ; des lieux o\u00f9 elle participe \u00e0 diverses expositions et o\u00f9 ses \u0153uvres sont pr\u00e9sentes dans de nombreux mus\u00e9es.<\/p>\n<p>&nbsp;<\/p>\n","protected":false},"excerpt":{"rendered":"<p>&nbsp; Cr\u00e9\u00e9e en 2005, la Galerie de Paris \u00a9 a pour vocation d\u2019accueillir des artistes contemporains ayant pour source d\u2019inspiration&#8230;<\/p>\n","protected":false},"author":1,"featured_media":585,"parent":0,"menu_order":0,"comment_status":"closed","ping_status":"closed","template":"","meta":{"footnotes":""},"class_list":["post-403","page","type-page","status-publish","has-post-thumbnail","hentry"],"yoast_head":"<!-- This site is optimized with the Yoast SEO plugin v27.5 - https:\/\/yoast.com\/product\/yoast-seo-wordpress\/ -->\n<title>Paris, source d&#039;inspiration infinie - Galerie de Paris \u00a9<\/title>\n<meta name=\"description\" content=\"La Galerie de Paris \u00a9 a pour vocation d\u2019accueillir des artistes contemporains ayant pour source d\u2019inspiration la ville de Paris. Ces artistes, issus de nombreux pays, offrent chacun une vision originale des monuments et quartiers parisiens.\" \/>\n<meta name=\"robots\" content=\"index, follow, max-snippet:-1, max-image-preview:large, max-video-preview:-1\" \/>\n<link rel=\"canonical\" href=\"https:\/\/www.galeriedeparis.com\/Welcome\/\" \/>\n<meta property=\"og:locale\" content=\"fr_FR\" \/>\n<meta property=\"og:type\" content=\"article\" \/>\n<meta property=\"og:title\" content=\"Paris, source d&#039;inspiration infinie - Galerie de Paris \u00a9\" \/>\n<meta property=\"og:description\" content=\"La Galerie de Paris \u00a9 a pour vocation d\u2019accueillir des artistes contemporains ayant pour source d\u2019inspiration la ville de Paris. Ces artistes, issus de nombreux pays, offrent chacun une vision originale des monuments et quartiers parisiens.\" \/>\n<meta property=\"og:url\" content=\"https:\/\/www.galeriedeparis.com\/Welcome\/\" \/>\n<meta property=\"og:site_name\" content=\"Galerie de Paris \u00a9\" \/>\n<meta property=\"article:publisher\" content=\"https:\/\/www.facebook.com\/GalerieDeParisAuVillageSuisse\/\" \/>\n<meta property=\"article:modified_time\" content=\"2026-03-18T14:08:28+00:00\" \/>\n<meta property=\"og:image\" content=\"https:\/\/www.galeriedeparis.com\/Welcome\/wp-content\/uploads\/2026\/03\/att.buawRgjfmu-7HpW66w7VUOvCotA4Gxj9l9lESnDNaHU.jpg\" \/>\n\t<meta property=\"og:image:width\" content=\"1080\" \/>\n\t<meta property=\"og:image:height\" content=\"1920\" \/>\n\t<meta property=\"og:image:type\" content=\"image\/jpeg\" \/>\n<meta name=\"twitter:card\" content=\"summary_large_image\" \/>\n<meta name=\"twitter:label1\" content=\"Dur\u00e9e de lecture estim\u00e9e\" \/>\n\t<meta name=\"twitter:data1\" content=\"3 minutes\" \/>\n<script type=\"application\/ld+json\" class=\"yoast-schema-graph\">{\"@context\":\"https:\\\/\\\/schema.org\",\"@graph\":[{\"@type\":\"WebPage\",\"@id\":\"https:\\\/\\\/www.galeriedeparis.com\\\/Welcome\\\/\",\"url\":\"https:\\\/\\\/www.galeriedeparis.com\\\/Welcome\\\/\",\"name\":\"Paris, source d'inspiration infinie - Galerie de Paris \u00a9\",\"isPartOf\":{\"@id\":\"https:\\\/\\\/www.galeriedeparis.com\\\/Welcome\\\/#website\"},\"primaryImageOfPage\":{\"@id\":\"https:\\\/\\\/www.galeriedeparis.com\\\/Welcome\\\/#primaryimage\"},\"image\":{\"@id\":\"https:\\\/\\\/www.galeriedeparis.com\\\/Welcome\\\/#primaryimage\"},\"thumbnailUrl\":\"https:\\\/\\\/www.galeriedeparis.com\\\/Welcome\\\/wp-content\\\/uploads\\\/2026\\\/03\\\/att.buawRgjfmu-7HpW66w7VUOvCotA4Gxj9l9lESnDNaHU.jpg\",\"datePublished\":\"2025-03-14T17:45:12+00:00\",\"dateModified\":\"2026-03-18T14:08:28+00:00\",\"description\":\"La Galerie de Paris \u00a9 a pour vocation d\u2019accueillir des artistes contemporains ayant pour source d\u2019inspiration la ville de Paris. Ces artistes, issus de nombreux pays, offrent chacun une vision originale des monuments et quartiers parisiens.\",\"breadcrumb\":{\"@id\":\"https:\\\/\\\/www.galeriedeparis.com\\\/Welcome\\\/#breadcrumb\"},\"inLanguage\":\"fr-FR\",\"potentialAction\":[{\"@type\":\"ReadAction\",\"target\":[\"https:\\\/\\\/www.galeriedeparis.com\\\/Welcome\\\/\"]}]},{\"@type\":\"ImageObject\",\"inLanguage\":\"fr-FR\",\"@id\":\"https:\\\/\\\/www.galeriedeparis.com\\\/Welcome\\\/#primaryimage\",\"url\":\"https:\\\/\\\/www.galeriedeparis.com\\\/Welcome\\\/wp-content\\\/uploads\\\/2026\\\/03\\\/att.buawRgjfmu-7HpW66w7VUOvCotA4Gxj9l9lESnDNaHU.jpg\",\"contentUrl\":\"https:\\\/\\\/www.galeriedeparis.com\\\/Welcome\\\/wp-content\\\/uploads\\\/2026\\\/03\\\/att.buawRgjfmu-7HpW66w7VUOvCotA4Gxj9l9lESnDNaHU.jpg\",\"width\":1080,\"height\":1920,\"caption\":\"Galerie de Paris \u00a9 au Village Suisse Paris\"},{\"@type\":\"BreadcrumbList\",\"@id\":\"https:\\\/\\\/www.galeriedeparis.com\\\/Welcome\\\/#breadcrumb\",\"itemListElement\":[{\"@type\":\"ListItem\",\"position\":1,\"name\":\"Accueil\",\"item\":\"https:\\\/\\\/www.galeriedeparis.com\\\/Welcome\\\/\"},{\"@type\":\"ListItem\",\"position\":2,\"name\":\"Paris, source d&rsquo;inspiration infinie\"}]},{\"@type\":\"WebSite\",\"@id\":\"https:\\\/\\\/www.galeriedeparis.com\\\/Welcome\\\/#website\",\"url\":\"https:\\\/\\\/www.galeriedeparis.com\\\/Welcome\\\/\",\"name\":\"Galerie de Paris \u00a9\",\"description\":\"Les plus belles oeuvres sur Paris se trouvent \u00e0 la Galerie de Paris \u00a9 !\",\"publisher\":{\"@id\":\"https:\\\/\\\/www.galeriedeparis.com\\\/Welcome\\\/#organization\"},\"potentialAction\":[{\"@type\":\"SearchAction\",\"target\":{\"@type\":\"EntryPoint\",\"urlTemplate\":\"https:\\\/\\\/www.galeriedeparis.com\\\/Welcome\\\/?s={search_term_string}\"},\"query-input\":{\"@type\":\"PropertyValueSpecification\",\"valueRequired\":true,\"valueName\":\"search_term_string\"}}],\"inLanguage\":\"fr-FR\"},{\"@type\":\"Organization\",\"@id\":\"https:\\\/\\\/www.galeriedeparis.com\\\/Welcome\\\/#organization\",\"name\":\"Galerie de Paris \u00a9\",\"url\":\"https:\\\/\\\/www.galeriedeparis.com\\\/Welcome\\\/\",\"logo\":{\"@type\":\"ImageObject\",\"inLanguage\":\"fr-FR\",\"@id\":\"https:\\\/\\\/www.galeriedeparis.com\\\/Welcome\\\/#\\\/schema\\\/logo\\\/image\\\/\",\"url\":\"https:\\\/\\\/www.galeriedeparis.com\\\/Welcome\\\/wp-content\\\/uploads\\\/2022\\\/03\\\/cropped-937A1B47-87A3-4339-B63B-6F00ACC81F2A-1.jpg\",\"contentUrl\":\"https:\\\/\\\/www.galeriedeparis.com\\\/Welcome\\\/wp-content\\\/uploads\\\/2022\\\/03\\\/cropped-937A1B47-87A3-4339-B63B-6F00ACC81F2A-1.jpg\",\"width\":478,\"height\":191,\"caption\":\"Galerie de Paris \u00a9\"},\"image\":{\"@id\":\"https:\\\/\\\/www.galeriedeparis.com\\\/Welcome\\\/#\\\/schema\\\/logo\\\/image\\\/\"},\"sameAs\":[\"https:\\\/\\\/www.facebook.com\\\/GalerieDeParisAuVillageSuisse\\\/\"]}]}<\/script>\n<!-- \/ Yoast SEO plugin. -->","yoast_head_json":{"title":"Paris, source d'inspiration infinie - Galerie de Paris \u00a9","description":"La Galerie de Paris \u00a9 a pour vocation d\u2019accueillir des artistes contemporains ayant pour source d\u2019inspiration la ville de Paris. Ces artistes, issus de nombreux pays, offrent chacun une vision originale des monuments et quartiers parisiens.","robots":{"index":"index","follow":"follow","max-snippet":"max-snippet:-1","max-image-preview":"max-image-preview:large","max-video-preview":"max-video-preview:-1"},"canonical":"https:\/\/www.galeriedeparis.com\/Welcome\/","og_locale":"fr_FR","og_type":"article","og_title":"Paris, source d'inspiration infinie - Galerie de Paris \u00a9","og_description":"La Galerie de Paris \u00a9 a pour vocation d\u2019accueillir des artistes contemporains ayant pour source d\u2019inspiration la ville de Paris. Ces artistes, issus de nombreux pays, offrent chacun une vision originale des monuments et quartiers parisiens.","og_url":"https:\/\/www.galeriedeparis.com\/Welcome\/","og_site_name":"Galerie de Paris \u00a9","article_publisher":"https:\/\/www.facebook.com\/GalerieDeParisAuVillageSuisse\/","article_modified_time":"2026-03-18T14:08:28+00:00","og_image":[{"width":1080,"height":1920,"url":"https:\/\/www.galeriedeparis.com\/Welcome\/wp-content\/uploads\/2026\/03\/att.buawRgjfmu-7HpW66w7VUOvCotA4Gxj9l9lESnDNaHU.jpg","type":"image\/jpeg"}],"twitter_card":"summary_large_image","twitter_misc":{"Dur\u00e9e de lecture estim\u00e9e":"3 minutes"},"schema":{"@context":"https:\/\/schema.org","@graph":[{"@type":"WebPage","@id":"https:\/\/www.galeriedeparis.com\/Welcome\/","url":"https:\/\/www.galeriedeparis.com\/Welcome\/","name":"Paris, source d'inspiration infinie - Galerie de Paris \u00a9","isPartOf":{"@id":"https:\/\/www.galeriedeparis.com\/Welcome\/#website"},"primaryImageOfPage":{"@id":"https:\/\/www.galeriedeparis.com\/Welcome\/#primaryimage"},"image":{"@id":"https:\/\/www.galeriedeparis.com\/Welcome\/#primaryimage"},"thumbnailUrl":"https:\/\/www.galeriedeparis.com\/Welcome\/wp-content\/uploads\/2026\/03\/att.buawRgjfmu-7HpW66w7VUOvCotA4Gxj9l9lESnDNaHU.jpg","datePublished":"2025-03-14T17:45:12+00:00","dateModified":"2026-03-18T14:08:28+00:00","description":"La Galerie de Paris \u00a9 a pour vocation d\u2019accueillir des artistes contemporains ayant pour source d\u2019inspiration la ville de Paris. Ces artistes, issus de nombreux pays, offrent chacun une vision originale des monuments et quartiers parisiens.","breadcrumb":{"@id":"https:\/\/www.galeriedeparis.com\/Welcome\/#breadcrumb"},"inLanguage":"fr-FR","potentialAction":[{"@type":"ReadAction","target":["https:\/\/www.galeriedeparis.com\/Welcome\/"]}]},{"@type":"ImageObject","inLanguage":"fr-FR","@id":"https:\/\/www.galeriedeparis.com\/Welcome\/#primaryimage","url":"https:\/\/www.galeriedeparis.com\/Welcome\/wp-content\/uploads\/2026\/03\/att.buawRgjfmu-7HpW66w7VUOvCotA4Gxj9l9lESnDNaHU.jpg","contentUrl":"https:\/\/www.galeriedeparis.com\/Welcome\/wp-content\/uploads\/2026\/03\/att.buawRgjfmu-7HpW66w7VUOvCotA4Gxj9l9lESnDNaHU.jpg","width":1080,"height":1920,"caption":"Galerie de Paris \u00a9 au Village Suisse Paris"},{"@type":"BreadcrumbList","@id":"https:\/\/www.galeriedeparis.com\/Welcome\/#breadcrumb","itemListElement":[{"@type":"ListItem","position":1,"name":"Accueil","item":"https:\/\/www.galeriedeparis.com\/Welcome\/"},{"@type":"ListItem","position":2,"name":"Paris, source d&rsquo;inspiration infinie"}]},{"@type":"WebSite","@id":"https:\/\/www.galeriedeparis.com\/Welcome\/#website","url":"https:\/\/www.galeriedeparis.com\/Welcome\/","name":"Galerie de Paris \u00a9","description":"Les plus belles oeuvres sur Paris se trouvent \u00e0 la Galerie de Paris \u00a9 !","publisher":{"@id":"https:\/\/www.galeriedeparis.com\/Welcome\/#organization"},"potentialAction":[{"@type":"SearchAction","target":{"@type":"EntryPoint","urlTemplate":"https:\/\/www.galeriedeparis.com\/Welcome\/?s={search_term_string}"},"query-input":{"@type":"PropertyValueSpecification","valueRequired":true,"valueName":"search_term_string"}}],"inLanguage":"fr-FR"},{"@type":"Organization","@id":"https:\/\/www.galeriedeparis.com\/Welcome\/#organization","name":"Galerie de Paris \u00a9","url":"https:\/\/www.galeriedeparis.com\/Welcome\/","logo":{"@type":"ImageObject","inLanguage":"fr-FR","@id":"https:\/\/www.galeriedeparis.com\/Welcome\/#\/schema\/logo\/image\/","url":"https:\/\/www.galeriedeparis.com\/Welcome\/wp-content\/uploads\/2022\/03\/cropped-937A1B47-87A3-4339-B63B-6F00ACC81F2A-1.jpg","contentUrl":"https:\/\/www.galeriedeparis.com\/Welcome\/wp-content\/uploads\/2022\/03\/cropped-937A1B47-87A3-4339-B63B-6F00ACC81F2A-1.jpg","width":478,"height":191,"caption":"Galerie de Paris \u00a9"},"image":{"@id":"https:\/\/www.galeriedeparis.com\/Welcome\/#\/schema\/logo\/image\/"},"sameAs":["https:\/\/www.facebook.com\/GalerieDeParisAuVillageSuisse\/"]}]}},"_links":{"self":[{"href":"https:\/\/www.galeriedeparis.com\/Welcome\/wp-json\/wp\/v2\/pages\/403","targetHints":{"allow":["GET"]}}],"collection":[{"href":"https:\/\/www.galeriedeparis.com\/Welcome\/wp-json\/wp\/v2\/pages"}],"about":[{"href":"https:\/\/www.galeriedeparis.com\/Welcome\/wp-json\/wp\/v2\/types\/page"}],"author":[{"embeddable":true,"href":"https:\/\/www.galeriedeparis.com\/Welcome\/wp-json\/wp\/v2\/users\/1"}],"replies":[{"embeddable":true,"href":"https:\/\/www.galeriedeparis.com\/Welcome\/wp-json\/wp\/v2\/comments?post=403"}],"version-history":[{"count":18,"href":"https:\/\/www.galeriedeparis.com\/Welcome\/wp-json\/wp\/v2\/pages\/403\/revisions"}],"predecessor-version":[{"id":620,"href":"https:\/\/www.galeriedeparis.com\/Welcome\/wp-json\/wp\/v2\/pages\/403\/revisions\/620"}],"wp:featuredmedia":[{"embeddable":true,"href":"https:\/\/www.galeriedeparis.com\/Welcome\/wp-json\/wp\/v2\/media\/585"}],"wp:attachment":[{"href":"https:\/\/www.galeriedeparis.com\/Welcome\/wp-json\/wp\/v2\/media?parent=403"}],"curies":[{"name":"wp","href":"https:\/\/api.w.org\/{rel}","templated":true}]}}