{"id":62,"date":"2022-09-12T19:13:37","date_gmt":"2022-09-12T17:13:37","guid":{"rendered":"https:\/\/www.galeriedeparis.com\/Welcome\/?page_id=62"},"modified":"2024-11-21T21:54:21","modified_gmt":"2024-11-21T20:54:21","slug":"pour-se-rendre-a-la-galerie-de-paris","status":"publish","type":"page","link":"https:\/\/www.galeriedeparis.com\/Welcome\/pour-se-rendre-a-la-galerie-de-paris\/","title":{"rendered":"Pour se rendre \u00e0 la Galerie de Paris \u00a9"},"content":{"rendered":"\r\n<blockquote class=\"wp-block-quote is-layout-flow wp-block-quote-is-layout-flow\">\r\n<p>A deux pas de la Tour Eiffel et du Grand Palais \u00c9ph\u00e9m\u00e8re, du M\u00e9tro La Motte-Picquet &#8211; Grenelle,<\/p>\r\n<\/blockquote>\r\n\r\n\r\n\r\n<p><strong>Acc\u00e8s le plus rapide est par le 12 avenue de Champaubert 75015 PARIS<\/strong><br \/><a href=\"https:\/\/www.google.com\/maps\/place\/12+Av.+de+Champaubert,+75015+Paris\/@48.8509853,2.2966085,17z\/data=!3m1!4b1!4m5!3m4!1s0x47e67113a9977841:0x8a88ae32cb8bcfa!8m2!3d48.8509818!4d2.2987972\" target=\"_blank\" rel=\"noreferrer noopener\">Voici le lien Google pour vous y rendre <\/a><\/p>\r\n\r\n\r\n\r\n<p><iframe loading=\"lazy\" style=\"border: 0;\" src=\"https:\/\/www.google.com\/maps\/embed?pb=!1m18!1m12!1m3!1d2625.37887204456!2d2.296608515201343!3d48.85098530918281!2m3!1f0!2f0!3f0!3m2!1i1024!2i768!4f13.1!3m3!1m2!1s0x47e67113a9977841%3A0x8a88ae32cb8bcfa!2s12%20Av.%20de%20Champaubert%2C%2075015%20Paris!5e0!3m2!1sfr!2sfr!4v1663002676217!5m2!1sfr!2sfr\" width=\"600\" height=\"450\" allowfullscreen=\"allowfullscreen\"><\/iframe><\/p>\r\n\r\n\r\n\r\n<p>Pour nous situer dans le Village Suisse Paris, t\u00e9l\u00e9chargez le plan : <a href=\"https:\/\/villagesuisseparis.com\/wp-content\/uploads\/2022\/09\/Plan-Infos-Map-Village-Suisse-Paris-2022-2023-1.pdf\" target=\"_blank\" rel=\"noreferrer noopener\">https:\/\/villagesuisseparis.com\/wp-content\/uploads\/2022\/09\/Plan-Infos-Map-Village-Suisse-Paris-2022-2023-1.pdf<\/a><\/p>\r\n\r\n\r\n\r\n<figure class=\"wp-block-image size-full is-resized\"><img loading=\"lazy\" decoding=\"async\" width=\"550\" height=\"306\" class=\"wp-image-319\" style=\"width: 550px;\" src=\"https:\/\/www.galeriedeparis.com\/Welcome\/wp-content\/uploads\/2024\/08\/plan-Galerie-82-du-Village-Suisse-Paris-au-78-avenue-de-Suffren-75015-Paris.jpeg\" alt=\"\" srcset=\"https:\/\/www.galeriedeparis.com\/Welcome\/wp-content\/uploads\/2024\/08\/plan-Galerie-82-du-Village-Suisse-Paris-au-78-avenue-de-Suffren-75015-Paris.jpeg 935w, https:\/\/www.galeriedeparis.com\/Welcome\/wp-content\/uploads\/2024\/08\/plan-Galerie-82-du-Village-Suisse-Paris-au-78-avenue-de-Suffren-75015-Paris-600x334.jpeg 600w, https:\/\/www.galeriedeparis.com\/Welcome\/wp-content\/uploads\/2024\/08\/plan-Galerie-82-du-Village-Suisse-Paris-au-78-avenue-de-Suffren-75015-Paris-300x167.jpeg 300w, https:\/\/www.galeriedeparis.com\/Welcome\/wp-content\/uploads\/2024\/08\/plan-Galerie-82-du-Village-Suisse-Paris-au-78-avenue-de-Suffren-75015-Paris-768x427.jpeg 768w\" sizes=\"auto, (max-width: 550px) 100vw, 550px\" \/><\/figure>\r\n\r\n\r\n\r\n<p>&nbsp;<\/p>\r\n\r\n\r\n\r\n<p><strong>Contact : Jean-Luc Masson,<\/strong> t\u00e9l. : 0646437463 \/ +33646437463<br \/><a href=\"mailto:infos@galeriedeparis.fr\" target=\"_blank\" rel=\"noreferrer noopener\" data-type=\"mailto\" data-id=\"mailto:infos@galeriedeparis.fr\">infos@galeriedeparis.fr <\/a><\/p>\r\n\r\n\r\n\r\n<p>Pour nous suivre sur les r\u00e9seaux :<\/p>\r\n\r\n\r\n\r\n<p><a href=\"https:\/\/www.galeriedeparis.com\/\" target=\"_blank\" rel=\"noreferrer noopener\">https:\/\/www.galeriedeparis.com\/<\/a><br \/><a href=\"https:\/\/www.facebook.com\/GalerieDeParisAuVillageSuisse\" target=\"_blank\" rel=\"noreferrer noopener\">https:\/\/www.facebook.com\/GalerieDeParisAuVillageSuisse<\/a><br \/><a href=\"https:\/\/www.instagram.com\/galeriedeparis_best_view\/\" target=\"_blank\" rel=\"noreferrer noopener\">https:\/\/www.instagram.com\/galeriedeparis_best_view\/<\/a><\/p>\r\n\r\n\r\n\r\n<p><strong>Adresse postale, pour nous \u00e9crire : <\/strong><\/p>\r\n\r\n\r\n\r\n<p>Galerie de Paris \u00a9, Galerie 82 du Village Suisse Paris<br \/>78 avenue de Suffren, 75015 Paris<br \/>T\u00e9l. 06 46 43 74 63 &#8211; <a href=\"mailto:infos@galeriedeparis.fr\" target=\"_blank\" rel=\"noreferrer noopener\">infos@galeriedeparis.fr<\/a><\/p>\r\n\r\n\r\n\r\n<p>&nbsp;<\/p>\r\n","protected":false},"excerpt":{"rendered":"","protected":false},"author":1,"featured_media":0,"parent":0,"menu_order":0,"comment_status":"closed","ping_status":"closed","template":"","meta":{"footnotes":""},"class_list":["post-62","page","type-page","status-publish","hentry"],"yoast_head":"<!-- This site is optimized with the Yoast SEO plugin v27.5 - https:\/\/yoast.com\/product\/yoast-seo-wordpress\/ -->\n<title>Pour se rendre \u00e0 la Galerie de Paris \u00a9 - Galerie de Paris \u00a9<\/title>\n<meta name=\"robots\" content=\"index, follow, max-snippet:-1, max-image-preview:large, max-video-preview:-1\" \/>\n<link rel=\"canonical\" href=\"https:\/\/www.galeriedeparis.com\/Welcome\/pour-se-rendre-a-la-galerie-de-paris\/\" \/>\n<meta property=\"og:locale\" content=\"fr_FR\" \/>\n<meta property=\"og:type\" content=\"article\" \/>\n<meta property=\"og:title\" content=\"Pour se rendre \u00e0 la Galerie de Paris \u00a9 - Galerie de Paris \u00a9\" \/>\n<meta property=\"og:url\" content=\"https:\/\/www.galeriedeparis.com\/Welcome\/pour-se-rendre-a-la-galerie-de-paris\/\" \/>\n<meta property=\"og:site_name\" content=\"Galerie de Paris \u00a9\" \/>\n<meta property=\"article:publisher\" content=\"https:\/\/www.facebook.com\/GalerieDeParisAuVillageSuisse\/\" \/>\n<meta property=\"article:modified_time\" content=\"2024-11-21T20:54:21+00:00\" \/>\n<meta property=\"og:image\" content=\"https:\/\/www.galeriedeparis.com\/Welcome\/wp-content\/uploads\/2024\/08\/plan-Galerie-82-du-Village-Suisse-Paris-au-78-avenue-de-Suffren-75015-Paris.jpeg\" \/>\n<meta name=\"twitter:card\" content=\"summary_large_image\" \/>\n<meta name=\"twitter:label1\" content=\"Dur\u00e9e de lecture estim\u00e9e\" \/>\n\t<meta name=\"twitter:data1\" content=\"1 minute\" \/>\n<script type=\"application\/ld+json\" class=\"yoast-schema-graph\">{\"@context\":\"https:\\\/\\\/schema.org\",\"@graph\":[{\"@type\":\"WebPage\",\"@id\":\"https:\\\/\\\/www.galeriedeparis.com\\\/Welcome\\\/pour-se-rendre-a-la-galerie-de-paris\\\/\",\"url\":\"https:\\\/\\\/www.galeriedeparis.com\\\/Welcome\\\/pour-se-rendre-a-la-galerie-de-paris\\\/\",\"name\":\"Pour se rendre \u00e0 la Galerie de Paris \u00a9 - Galerie de Paris \u00a9\",\"isPartOf\":{\"@id\":\"https:\\\/\\\/www.galeriedeparis.com\\\/Welcome\\\/#website\"},\"primaryImageOfPage\":{\"@id\":\"https:\\\/\\\/www.galeriedeparis.com\\\/Welcome\\\/pour-se-rendre-a-la-galerie-de-paris\\\/#primaryimage\"},\"image\":{\"@id\":\"https:\\\/\\\/www.galeriedeparis.com\\\/Welcome\\\/pour-se-rendre-a-la-galerie-de-paris\\\/#primaryimage\"},\"thumbnailUrl\":\"https:\\\/\\\/www.galeriedeparis.com\\\/Welcome\\\/wp-content\\\/uploads\\\/2024\\\/08\\\/plan-Galerie-82-du-Village-Suisse-Paris-au-78-avenue-de-Suffren-75015-Paris.jpeg\",\"datePublished\":\"2022-09-12T17:13:37+00:00\",\"dateModified\":\"2024-11-21T20:54:21+00:00\",\"breadcrumb\":{\"@id\":\"https:\\\/\\\/www.galeriedeparis.com\\\/Welcome\\\/pour-se-rendre-a-la-galerie-de-paris\\\/#breadcrumb\"},\"inLanguage\":\"fr-FR\",\"potentialAction\":[{\"@type\":\"ReadAction\",\"target\":[\"https:\\\/\\\/www.galeriedeparis.com\\\/Welcome\\\/pour-se-rendre-a-la-galerie-de-paris\\\/\"]}]},{\"@type\":\"ImageObject\",\"inLanguage\":\"fr-FR\",\"@id\":\"https:\\\/\\\/www.galeriedeparis.com\\\/Welcome\\\/pour-se-rendre-a-la-galerie-de-paris\\\/#primaryimage\",\"url\":\"https:\\\/\\\/www.galeriedeparis.com\\\/Welcome\\\/wp-content\\\/uploads\\\/2024\\\/08\\\/plan-Galerie-82-du-Village-Suisse-Paris-au-78-avenue-de-Suffren-75015-Paris.jpeg\",\"contentUrl\":\"https:\\\/\\\/www.galeriedeparis.com\\\/Welcome\\\/wp-content\\\/uploads\\\/2024\\\/08\\\/plan-Galerie-82-du-Village-Suisse-Paris-au-78-avenue-de-Suffren-75015-Paris.jpeg\",\"width\":935,\"height\":520},{\"@type\":\"BreadcrumbList\",\"@id\":\"https:\\\/\\\/www.galeriedeparis.com\\\/Welcome\\\/pour-se-rendre-a-la-galerie-de-paris\\\/#breadcrumb\",\"itemListElement\":[{\"@type\":\"ListItem\",\"position\":1,\"name\":\"Accueil\",\"item\":\"https:\\\/\\\/www.galeriedeparis.com\\\/Welcome\\\/\"},{\"@type\":\"ListItem\",\"position\":2,\"name\":\"Pour se rendre \u00e0 la Galerie de Paris \u00a9\"}]},{\"@type\":\"WebSite\",\"@id\":\"https:\\\/\\\/www.galeriedeparis.com\\\/Welcome\\\/#website\",\"url\":\"https:\\\/\\\/www.galeriedeparis.com\\\/Welcome\\\/\",\"name\":\"Galerie de Paris \u00a9\",\"description\":\"Les plus belles oeuvres sur Paris se trouvent \u00e0 la Galerie de Paris \u00a9 !\",\"publisher\":{\"@id\":\"https:\\\/\\\/www.galeriedeparis.com\\\/Welcome\\\/#organization\"},\"potentialAction\":[{\"@type\":\"SearchAction\",\"target\":{\"@type\":\"EntryPoint\",\"urlTemplate\":\"https:\\\/\\\/www.galeriedeparis.com\\\/Welcome\\\/?s={search_term_string}\"},\"query-input\":{\"@type\":\"PropertyValueSpecification\",\"valueRequired\":true,\"valueName\":\"search_term_string\"}}],\"inLanguage\":\"fr-FR\"},{\"@type\":\"Organization\",\"@id\":\"https:\\\/\\\/www.galeriedeparis.com\\\/Welcome\\\/#organization\",\"name\":\"Galerie de Paris \u00a9\",\"url\":\"https:\\\/\\\/www.galeriedeparis.com\\\/Welcome\\\/\",\"logo\":{\"@type\":\"ImageObject\",\"inLanguage\":\"fr-FR\",\"@id\":\"https:\\\/\\\/www.galeriedeparis.com\\\/Welcome\\\/#\\\/schema\\\/logo\\\/image\\\/\",\"url\":\"https:\\\/\\\/www.galeriedeparis.com\\\/Welcome\\\/wp-content\\\/uploads\\\/2022\\\/03\\\/cropped-937A1B47-87A3-4339-B63B-6F00ACC81F2A-1.jpg\",\"contentUrl\":\"https:\\\/\\\/www.galeriedeparis.com\\\/Welcome\\\/wp-content\\\/uploads\\\/2022\\\/03\\\/cropped-937A1B47-87A3-4339-B63B-6F00ACC81F2A-1.jpg\",\"width\":478,\"height\":191,\"caption\":\"Galerie de Paris \u00a9\"},\"image\":{\"@id\":\"https:\\\/\\\/www.galeriedeparis.com\\\/Welcome\\\/#\\\/schema\\\/logo\\\/image\\\/\"},\"sameAs\":[\"https:\\\/\\\/www.facebook.com\\\/GalerieDeParisAuVillageSuisse\\\/\"]}]}<\/script>\n<!-- \/ Yoast SEO plugin. -->","yoast_head_json":{"title":"Pour se rendre \u00e0 la Galerie de Paris \u00a9 - Galerie de Paris \u00a9","robots":{"index":"index","follow":"follow","max-snippet":"max-snippet:-1","max-image-preview":"max-image-preview:large","max-video-preview":"max-video-preview:-1"},"canonical":"https:\/\/www.galeriedeparis.com\/Welcome\/pour-se-rendre-a-la-galerie-de-paris\/","og_locale":"fr_FR","og_type":"article","og_title":"Pour se rendre \u00e0 la Galerie de Paris \u00a9 - Galerie de Paris \u00a9","og_url":"https:\/\/www.galeriedeparis.com\/Welcome\/pour-se-rendre-a-la-galerie-de-paris\/","og_site_name":"Galerie de Paris \u00a9","article_publisher":"https:\/\/www.facebook.com\/GalerieDeParisAuVillageSuisse\/","article_modified_time":"2024-11-21T20:54:21+00:00","og_image":[{"url":"https:\/\/www.galeriedeparis.com\/Welcome\/wp-content\/uploads\/2024\/08\/plan-Galerie-82-du-Village-Suisse-Paris-au-78-avenue-de-Suffren-75015-Paris.jpeg","type":"","width":"","height":""}],"twitter_card":"summary_large_image","twitter_misc":{"Dur\u00e9e de lecture estim\u00e9e":"1 minute"},"schema":{"@context":"https:\/\/schema.org","@graph":[{"@type":"WebPage","@id":"https:\/\/www.galeriedeparis.com\/Welcome\/pour-se-rendre-a-la-galerie-de-paris\/","url":"https:\/\/www.galeriedeparis.com\/Welcome\/pour-se-rendre-a-la-galerie-de-paris\/","name":"Pour se rendre \u00e0 la Galerie de Paris \u00a9 - Galerie de Paris \u00a9","isPartOf":{"@id":"https:\/\/www.galeriedeparis.com\/Welcome\/#website"},"primaryImageOfPage":{"@id":"https:\/\/www.galeriedeparis.com\/Welcome\/pour-se-rendre-a-la-galerie-de-paris\/#primaryimage"},"image":{"@id":"https:\/\/www.galeriedeparis.com\/Welcome\/pour-se-rendre-a-la-galerie-de-paris\/#primaryimage"},"thumbnailUrl":"https:\/\/www.galeriedeparis.com\/Welcome\/wp-content\/uploads\/2024\/08\/plan-Galerie-82-du-Village-Suisse-Paris-au-78-avenue-de-Suffren-75015-Paris.jpeg","datePublished":"2022-09-12T17:13:37+00:00","dateModified":"2024-11-21T20:54:21+00:00","breadcrumb":{"@id":"https:\/\/www.galeriedeparis.com\/Welcome\/pour-se-rendre-a-la-galerie-de-paris\/#breadcrumb"},"inLanguage":"fr-FR","potentialAction":[{"@type":"ReadAction","target":["https:\/\/www.galeriedeparis.com\/Welcome\/pour-se-rendre-a-la-galerie-de-paris\/"]}]},{"@type":"ImageObject","inLanguage":"fr-FR","@id":"https:\/\/www.galeriedeparis.com\/Welcome\/pour-se-rendre-a-la-galerie-de-paris\/#primaryimage","url":"https:\/\/www.galeriedeparis.com\/Welcome\/wp-content\/uploads\/2024\/08\/plan-Galerie-82-du-Village-Suisse-Paris-au-78-avenue-de-Suffren-75015-Paris.jpeg","contentUrl":"https:\/\/www.galeriedeparis.com\/Welcome\/wp-content\/uploads\/2024\/08\/plan-Galerie-82-du-Village-Suisse-Paris-au-78-avenue-de-Suffren-75015-Paris.jpeg","width":935,"height":520},{"@type":"BreadcrumbList","@id":"https:\/\/www.galeriedeparis.com\/Welcome\/pour-se-rendre-a-la-galerie-de-paris\/#breadcrumb","itemListElement":[{"@type":"ListItem","position":1,"name":"Accueil","item":"https:\/\/www.galeriedeparis.com\/Welcome\/"},{"@type":"ListItem","position":2,"name":"Pour se rendre \u00e0 la Galerie de Paris \u00a9"}]},{"@type":"WebSite","@id":"https:\/\/www.galeriedeparis.com\/Welcome\/#website","url":"https:\/\/www.galeriedeparis.com\/Welcome\/","name":"Galerie de Paris \u00a9","description":"Les plus belles oeuvres sur Paris se trouvent \u00e0 la Galerie de Paris \u00a9 !","publisher":{"@id":"https:\/\/www.galeriedeparis.com\/Welcome\/#organization"},"potentialAction":[{"@type":"SearchAction","target":{"@type":"EntryPoint","urlTemplate":"https:\/\/www.galeriedeparis.com\/Welcome\/?s={search_term_string}"},"query-input":{"@type":"PropertyValueSpecification","valueRequired":true,"valueName":"search_term_string"}}],"inLanguage":"fr-FR"},{"@type":"Organization","@id":"https:\/\/www.galeriedeparis.com\/Welcome\/#organization","name":"Galerie de Paris \u00a9","url":"https:\/\/www.galeriedeparis.com\/Welcome\/","logo":{"@type":"ImageObject","inLanguage":"fr-FR","@id":"https:\/\/www.galeriedeparis.com\/Welcome\/#\/schema\/logo\/image\/","url":"https:\/\/www.galeriedeparis.com\/Welcome\/wp-content\/uploads\/2022\/03\/cropped-937A1B47-87A3-4339-B63B-6F00ACC81F2A-1.jpg","contentUrl":"https:\/\/www.galeriedeparis.com\/Welcome\/wp-content\/uploads\/2022\/03\/cropped-937A1B47-87A3-4339-B63B-6F00ACC81F2A-1.jpg","width":478,"height":191,"caption":"Galerie de Paris \u00a9"},"image":{"@id":"https:\/\/www.galeriedeparis.com\/Welcome\/#\/schema\/logo\/image\/"},"sameAs":["https:\/\/www.facebook.com\/GalerieDeParisAuVillageSuisse\/"]}]}},"_links":{"self":[{"href":"https:\/\/www.galeriedeparis.com\/Welcome\/wp-json\/wp\/v2\/pages\/62","targetHints":{"allow":["GET"]}}],"collection":[{"href":"https:\/\/www.galeriedeparis.com\/Welcome\/wp-json\/wp\/v2\/pages"}],"about":[{"href":"https:\/\/www.galeriedeparis.com\/Welcome\/wp-json\/wp\/v2\/types\/page"}],"author":[{"embeddable":true,"href":"https:\/\/www.galeriedeparis.com\/Welcome\/wp-json\/wp\/v2\/users\/1"}],"replies":[{"embeddable":true,"href":"https:\/\/www.galeriedeparis.com\/Welcome\/wp-json\/wp\/v2\/comments?post=62"}],"version-history":[{"count":18,"href":"https:\/\/www.galeriedeparis.com\/Welcome\/wp-json\/wp\/v2\/pages\/62\/revisions"}],"predecessor-version":[{"id":340,"href":"https:\/\/www.galeriedeparis.com\/Welcome\/wp-json\/wp\/v2\/pages\/62\/revisions\/340"}],"wp:attachment":[{"href":"https:\/\/www.galeriedeparis.com\/Welcome\/wp-json\/wp\/v2\/media?parent=62"}],"curies":[{"name":"wp","href":"https:\/\/api.w.org\/{rel}","templated":true}]}}