{"id":277,"date":"2024-02-12T15:11:55","date_gmt":"2024-02-12T14:11:55","guid":{"rendered":"https:\/\/www.galeriedeparis.com\/Welcome\/?post_type=product&#038;p=277"},"modified":"2026-03-05T21:47:00","modified_gmt":"2026-03-05T20:47:00","slug":"la-nef-du-grand-palais-le-grand-palais-%e3%83%91%e3%83%aa%e3%83%bb%e3%82%b0%e3%83%a9%e3%83%b3%e3%83%91%e3%83%ac%e3%81%ae%e5%b1%8b%e6%a0%b9","status":"publish","type":"product","link":"https:\/\/www.galeriedeparis.com\/Welcome\/produit\/la-nef-du-grand-palais-le-grand-palais-%e3%83%91%e3%83%aa%e3%83%bb%e3%82%b0%e3%83%a9%e3%83%b3%e3%83%91%e3%83%ac%e3%81%ae%e5%b1%8b%e6%a0%b9\/","title":{"rendered":"La Nef du Grand Palais \/ Le Grand Palais \/ \u30d1\u30ea\u30fb\u30b0\u30e9\u30f3\u30d1\u30ec\u306e\u5c4b\u6839"},"content":{"rendered":"<div class=\"element-text\">\n<p>Cr\u00e9ateur : Kojiro Akagi (1934-2021)<br \/>\nDate : D\u00e9cembre 1986 \/ December 1986<br \/>\nDroits : \u00a9 Fonds de dotation Kojiro AKAGI, \u00a9 ADAGP<br \/>\nFormat : 10.8 cm x 15 cm \/ 4.25 x 5.9 in<br \/>\nAtelier Del Arco, 20 tirages +2 E.A. romain +20 H.C. sans num\u00e9ro, sur papier Arches 18 x 25,5 cm.<br \/>\nType : S\u00e9rigraphie<br \/>\nCollection : Cent vues de Paris<span class=\"Apple-converted-space\">\u00a0<\/span><\/p>\n<p>Le Grand Palais a \u00e9t\u00e9 construit \u00e0 l\u2019occasion de l\u2019Exposition universelle de Paris de 1900. C\u2019est un pavillon compos\u00e9 de structures en m\u00e9tal et en verre. Le Petit Palais lui fait face. Tous deux sont construits dans un style classique de la fin du 18e si\u00e8cle, influenc\u00e9 par l\u2019Art Nouveau naissant. Aujourd\u2019hui, le plus petit des deux palais abrite le Mus\u00e9e des Beaux-Arts de la Ville de Paris. Il propose un excellent fond de peintures et de sculptures. Le Grand Palais, quant \u00e0 lui, est un espace d\u00e9di\u00e9 \u00e0 des \u00e9v\u00e9nements tels que l\u2019organisation de salons artistiques ou automobiles. De grandes expositions disposant d\u2019un budget national y sont aussi organis\u00e9es. Ce grand espace, situ\u00e9 tout pr\u00e8s des Champs \u00c9lys\u00e9es, est souvent lou\u00e9 pour la pr\u00e9sentation des collections de maisons de couture prestigieuses comme Le Grand Palais a \u00e9t\u00e9 construit \u00e0 l\u2019occasion de l\u2019Exposition universelle de Paris de 1900. C\u2019est un pavillon compos\u00e9 de structures en m\u00e9tal et en verre. Le Petit Palais lui fait face. Tous deux sont construits dans un style classique de la fin du 18e si\u00e8cle, influenc\u00e9 par l\u2019Art Nouveau naissant. Aujourd\u2019hui, le plus petit des deux palais abrite le Mus\u00e9e des Beaux-Arts de la Ville de Paris. Il propose un excellent fond de peintures et de sculptures. Le Grand Palais, quant \u00e0 lui, est un espace d\u00e9di\u00e9 \u00e0 des \u00e9v\u00e9nements tels que l\u2019organisation de salons artistiques ou automobiles. De grandes expositions disposant d\u2019un budget national y sont aussi organis\u00e9es. Ce grand espace, situ\u00e9 tout pr\u00e8s des Champs \u00c9lys\u00e9es, est souvent lou\u00e9 pour la pr\u00e9sentation des collections de maisons de couture prestigieuses comme Chanel ou Dior, capables de s\u2019offrir un tel d\u00e9cor. En 1992, suite au d\u00e9tachement d\u2019un \u00e9l\u00e9ment m\u00e9tallique de la vo\u00fbte, l\u2019\u00e9tablissement est ferm\u00e9 pour restauration. Parall\u00e8lement, les parties en pierre, plus solides, sont transform\u00e9es en galerie d\u2019art temporaire financ\u00e9e par l\u2019\u00c9tat. La derni\u00e8re partie du b\u00e2timent devient le Palais de la D\u00e9couverte g\u00e9r\u00e9 par le Minist\u00e8re de l\u2019Education. Pendant les quinze ann\u00e9es que dure la restauration, les grands salons artistiques qui avaient lieu sous la Nef du Grand Palais deviennent nomades. La r\u00e9paration de la Nef s\u2019ach\u00e8ve en 2006 et le Grand Palais peut rouvrir ses portes. Puis de nouveaux travaux sont pr\u00e9vus afin de renforcer le sous-sol en partie sablonneux \u00e0 cause de la proximit\u00e9 de la Seine\u2026<\/p>\n<p>Depuis mon arriv\u00e9e \u00e0 Paris en 1963 et pendant 30 ans, j\u2019ai r\u00e9alis\u00e9 mes oeuvres en fonction des dates des nombreux salons artistiques auxquels j\u2019ai r\u00e9guli\u00e8rement particip\u00e9. Tous les deux mois, je faisais des aller-retours de mon appartement au Grand Palais, afin de participer aux salons des Ind\u00e9pendants, au salon des Artistes Fran\u00e7ais, au Salon d\u2019Automne, au Salon de la Soci\u00e9t\u00e9 Nationale et des Beaux Arts, au salon Comparaisons ou encore \u00e0 celui du dessin et de la peinture \u00e0 l\u2019eau.<\/p>\n<\/div>\n<div class=\"element-text\">\n<p>The Grand Palais, built for the Paris Universal Exposition in 1900, is a pavilion made of the combination of iron frames and glass. The main part and the smaller one were built face to face and are classic turn-of-the-century buildings capturing the essence of art nouveau which came into fashion at that time. Today the smaller one has become the Mus\u00e9e du Petit Palais and it has a quite wonderful collection. The larger building, the Grand Palais, is used to hold events: art group exhibitions and motor shows have been held here.In 1992 it was closed and renovated since the cast iron frames of the central dome rusted and started falling down. The stone parts in the periphery looked alright so the Ministry of Culture uses it as a national gallery and sponsors art exhibitions there. The Ministry of Education opened the Palais de la D\u00e9couverte but the central site, where art groups took turns to hold annual exhibitions, was lost and they searched for exhibition venues for 15 years. In 2006 the renovation of the ceiling only was completed and it started to be reused but the sand below ground has been flowing into the Seine making it unstable so it is said that it will be closed again. Because it is a big space, located at the heart of the Champs Elys\u00e9es, companies who can afford it, like Chanel and Dior, put on their shows there.Since I came to Paris in 1963, I delivered my drawings for scrutiny for 30 years in accordance with the calendar of art group exhibitions. Once every two months I carried my works to and from the Salon des Artistes Ind\u00e9pendants, the Salon des Artistes Fran\u00e7ais, the Salon d\u2019Automne, the Salon de la Soci\u00e9t\u00e9 National et des Beaux Arts, the Salon Comparaisons and the exhibitions of the Watercolour Painting Association.<\/p>\n<\/div>\n<div class=\"element-text\">\u30b0\u30e9\u30f3\u30d1\u30ec\u306f\u4e00\u4e5d\u3007\u3007\u5e74\u306e\u30d1\u30ea\u4e07\u535a\u306e\u305f\u3081\u306b\u5efa\u3066\u3089\u308c\u305f\u3001\u9244\u9aa8\u3068\u30ac\u30e9\u30b9\u306e\u7d44\u307f\u5408\u308f\u305b\u306e\u30d1\u30d3\u30ea\u30aa\u30f3\u3067\u3001\u5927\u3068\u5c0f\u306e\u4e8c\u3064\u304c\u5411\u304b\u3044\u5408\u308f\u305b\u306b\u5efa\u3066\u3089\u308c\u3001\u5f53\u6642\u8d77\u3053\u3063\u305f\u6d41\u884c\u306e\u30a2\u30fc\u30eb\u30cc\u30fc\u30dc\u30fc\u306e\u9999\u308a\u3082\u5c11\u3057\u52a0\u308f\u3063\u305f\u3001\u4e16\u7d00\u672b\u30af\u30e9\u30b7\u30c3\u30af\u306e\u5efa\u7269\u3067\u3042\u308b\u3002\u5c11\u306e\u65b9\u306f\u73fe\u5728\u30d7\u30c1\u30d1\u30ec\u30fb\u30d1\u30ea\u5e02\u7acb\u7f8e\u8853\u9928\u3068\u306a\u3063\u3066\u3044\u3066\u3001\u306a\u304b\u306a\u304b\u7d20\u6674\u3089\u3057\u3044\u30b3\u30ec\u30af\u30b7\u30e7\u30f3\u3092\u6301\u3063\u3066\u3044\u308b\u3002\u30b0\u30e9\u30f3\u30d1\u30ec\u3001\u5927\u306e\u65b9\u306f\u50ac\u3057\u7269\u4f1a\u5834\u3068\u3057\u3066\u4f7f\u7528\u3055\u308c\u3001\u7f8e\u8853\u56e3\u4f53\u5c55\u3084\u81ea\u52d5\u8eca\u30b7\u30e7\u30fc\u306a\u3069\u3082\u3001\u3053\u3053\u3067\u958b\u304b\u308c\u3066\u3044\u305f\u3002\u3000\u4e00\u4e5d\u4e5d\u4e8c\u5e74\u3001\u9244\u9aa8\u92f3\u7269\u88fd\u306a\u306e\u3067\u9306\u304c\u6765\u3066\u3001\u4f1a\u5834\u30ac\u30e9\u30b9\u5f35\u308a\u4e2d\u592e\u30c9\u30fc\u30e0\u306e\u3001\u9244\u90e8\u54c1\u304c\u843d\u3061\u3066\u304d\u305f\u308a\u3059\u308b\u3088\u3046\u306b\u306a\u3063\u3066\u9589\u9396\u3001\u6539\u4fee\u5de5\u4e8b\u304c\u3055\u308c\u305f\u3002\u5468\u8fba\u306e\u77f3\u9020\u308a\u306e\u90e8\u5206\u306f\u3001\u5927\u4e08\u592b\u305d\u3046\u306a\u306e\u3067\u56fd\u7acb\u30ae\u30e3\u30e9\u30ea\u30fc\u3068\u3057\u3066\u3001\u5927\u304d\u306a\u6587\u5316\u7701\u4e88\u7b97\u306e\u7f8e\u8853\u5c55\u304c\u958b\u304b\u308c\u305f\u308a\u3001\u6559\u80b2\u7701\u306f\u79d1\u5b66\u767a\u660e\u535a\u7269\u9928\u306a\u3069\u958b\u3044\u3066\u3044\u308b\u304c\u3001\u4e2d\u592e\u3067\u4ea4\u4e92\u306b\u958b\u3044\u3066\u3044\u305f\u7f8e\u8853\u56e3\u4f53\u306e\u3001\u6bce\u5e74\u306e\u5c55\u89a7\u4f1a\u306f\u4f1a\u5834\u304c\u306a\u304f\u306a\u3063\u3066\u3001\u30b8\u30d7\u30b7\u30fc\u958b\u50ac\u3001\u30b9\u30da\u30fc\u30b9\u3092\u6c42\u3081\u3066\u3055\u8ff7\u3046\u5341\u4e94\u5e74\u9593\u304c\u7d9a\u3044\u305f\u306e\u3067\u3042\u3063\u305f\u3002\u4e8c\u3007\u3007\u516d\u5e74\u306b\u5929\u4e95\u5074\u3060\u3051\u306e\u6539\u4fee\u304c\u7d42\u308f\u3063\u3066\u3001\u4f7f\u308f\u308c\u308b\u3088\u3046\u306b\u306a\u3063\u305f\u304c\u3001\u307e\u3060\u3053\u308c\u304b\u3089\u3001\u5730\u4e0b\u306e\u7802\u304c\u30bb\u30fc\u30cc\u6cb3\u306b\u6d41\u308c\u3066\u6f09\u3051\u3066\u3044\u308b\u306e\u3067\u3001\u5730\u4e0b\u88dc\u5f37\u5de5\u4e8b\u3092\u3059\u308b\u305f\u3081\u306b\u3001\u3082\u3046\u4e00\u5ea6\u307e\u305f\u9589\u3081\u308b\u3068\u8a00\u308f\u308c\u3066\u3044\u308b\u3002\u5927\u304d\u306a\u30b9\u30da\u30fc\u30b9\u3067\u3001\u30b7\u30e3\u30f3\u30bc\u30ea\u30fc\u30bc\u306e\u3069\u771f\u3093\u4e2d\u306e\u5834\u6240\u3060\u304b\u3089\u3001\u30b7\u30e3\u30cd\u30eb\u30b7\u30e7\u30fc\u3060\u3068\u304b\u3001\u30c7\u30a3\u30aa\u30fc\u30eb\u30b7\u30e7\u30fc\u306a\u3069\u3001\u304a\u91d1\u306b\u69cb\u308f\u306a\u3044\u6240\u306e\u30b3\u30ec\u30af\u30b7\u30e7\u30f3\u4f1a\u5834\u306b\u3082\u4f7f\u308f\u308c\u308b\u3002\u4e00\u4e5d\u516d\u4e09\u5e74\u30d1\u30ea\u306b\u6765\u3066\u4ee5\u6765\u3001\u7f8e\u8853\u56e3\u4f53\u5c55\u306e\u30ab\u30ec\u30f3\u30c0\u30fc\u306b\u5408\u308f\u305b\u3066\u3001\u5236\u4f5c\u3092\u3057\u3066\u306f\u3001\u3053\u306e\u4f1a\u5834\u306b\u3001\u4f5c\u54c1\u3092\u5be9\u67fb\u306b\u904b\u3073\u8fbc\u3080\u4e09\u5341\u5e74\u9593\u304c\u3001\u79c1\u306b\u306f\u7d9a\u3044\u3066\u3044\u305f\u306e\u3067\u3042\u308b\u3002\u30a2\u30f3\u30c7\u30d1\u30f3\u30c0\u30f3\u3001\u30eb\u30fb\u30b5\u30ed\u30f3\u3001\u30aa\u30fc\u30c8\u30f3\u30cc\u3001\u30ca\u30b7\u30e7\u30ca\u30eb\u3001\u305d\u308c\u306b\u52a0\u308f\u308b\u30b3\u30f3\u30d1\u30ec\u30be\u30f3\u3068\u304b\u6c34\u5f69\u753b\u5354\u4f1a\u5c55\u3001\u3044\u308d\u3044\u308d\u3067\u4e8c\u30f6\u6708\u306b\u4e00\u56de\u306f\u51fa\u3057\u5165\u308c\u306b\u5f80\u5fa9\u306e\u65e5\u3005\u3060\u3063\u305f\u3002<\/div>\n<div><\/div>\n","protected":false},"excerpt":{"rendered":"<p>La Nef du Grand Palais, s\u00e9rigaphie de Kojiro AKAGI datant de 1986 &#8211; Num\u00e9ro en vente ?\/20 &#8211; autres num\u00e9ros sur demande.<\/p>\n","protected":false},"featured_media":283,"template":"","meta":[],"product_brand":[104],"product_cat":[69],"product_tag":[70,73,81,80,129,78,82,77,130,131,74,79,72,132],"class_list":{"0":"post-277","1":"product","2":"type-product","3":"status-publish","4":"has-post-thumbnail","6":"product_brand-akagi","7":"product_cat-akagi-kojiro","8":"product_tag-70","9":"product_tag-akagi","10":"product_tag-amoureux-de-paris","11":"product_tag-art-japonais","12":"product_tag-cent-vues-de-paris","13":"product_tag-grand-palais","14":"product_tag-je-taime","15":"product_tag-kojiro-akagi","16":"product_tag-la-nef-du-grand-palais","17":"product_tag-le-grand-palais","18":"product_tag-paris","19":"product_tag-paris-8","20":"product_tag-serigraphie","21":"product_tag-132","23":"first","24":"outofstock","25":"shipping-taxable","26":"purchasable","27":"product-type-simple"},"yoast_head":"<!-- This site is optimized with the Yoast SEO plugin v27.5 - https:\/\/yoast.com\/product\/yoast-seo-wordpress\/ -->\n<title>La Nef du Grand Palais \/ Le Grand Palais \/ \u30d1\u30ea\u30fb\u30b0\u30e9\u30f3\u30d1\u30ec\u306e\u5c4b\u6839 - Galerie de Paris \u00a9<\/title>\n<meta name=\"description\" content=\"Depuis mon arriv\u00e9e \u00e0 Paris en 1963 et pendant 30 ans, j\u2019ai r\u00e9alis\u00e9 mes oeuvres en fonction des dates des nombreux salons artistiques auxquels j\u2019ai r\u00e9guli\u00e8rement particip\u00e9. Tous les deux mois, je faisais des aller-retours de mon appartement au Grand Palais, afin de participer aux salons des Ind\u00e9pendants, au salon des Artistes Fran\u00e7ais, au Salon d\u2019Automne, au Salon de la Soci\u00e9t\u00e9 Nationale et des Beaux Arts, au salon Comparaisons ou encore \u00e0 celui du dessin et de la peinture \u00e0 l\u2019eau.\" \/>\n<meta name=\"robots\" content=\"index, follow, max-snippet:-1, max-image-preview:large, max-video-preview:-1\" \/>\n<link rel=\"canonical\" href=\"https:\/\/www.galeriedeparis.com\/Welcome\/produit\/la-nef-du-grand-palais-le-grand-palais-\u30d1\u30ea\u30fb\u30b0\u30e9\u30f3\u30d1\u30ec\u306e\u5c4b\u6839\/\" \/>\n<meta property=\"og:locale\" content=\"fr_FR\" \/>\n<meta property=\"og:type\" content=\"article\" \/>\n<meta property=\"og:title\" content=\"La Nef du Grand Palais \/ Le Grand Palais \/ \u30d1\u30ea\u30fb\u30b0\u30e9\u30f3\u30d1\u30ec\u306e\u5c4b\u6839 - Galerie de Paris \u00a9\" \/>\n<meta property=\"og:description\" content=\"Depuis mon arriv\u00e9e \u00e0 Paris en 1963 et pendant 30 ans, j\u2019ai r\u00e9alis\u00e9 mes oeuvres en fonction des dates des nombreux salons artistiques auxquels j\u2019ai r\u00e9guli\u00e8rement particip\u00e9. Tous les deux mois, je faisais des aller-retours de mon appartement au Grand Palais, afin de participer aux salons des Ind\u00e9pendants, au salon des Artistes Fran\u00e7ais, au Salon d\u2019Automne, au Salon de la Soci\u00e9t\u00e9 Nationale et des Beaux Arts, au salon Comparaisons ou encore \u00e0 celui du dessin et de la peinture \u00e0 l\u2019eau.\" \/>\n<meta property=\"og:url\" content=\"https:\/\/www.galeriedeparis.com\/Welcome\/produit\/la-nef-du-grand-palais-le-grand-palais-\u30d1\u30ea\u30fb\u30b0\u30e9\u30f3\u30d1\u30ec\u306e\u5c4b\u6839\/\" \/>\n<meta property=\"og:site_name\" content=\"Galerie de Paris \u00a9\" \/>\n<meta property=\"article:publisher\" content=\"https:\/\/www.facebook.com\/GalerieDeParisAuVillageSuisse\/\" \/>\n<meta property=\"article:modified_time\" content=\"2026-03-05T20:47:00+00:00\" \/>\n<meta property=\"og:image\" content=\"https:\/\/www.galeriedeparis.com\/Welcome\/wp-content\/uploads\/2024\/02\/E-51-La-Nef-du-Grand-Palais-717x1024.png\" \/>\n\t<meta property=\"og:image:width\" content=\"717\" \/>\n\t<meta property=\"og:image:height\" content=\"1024\" \/>\n\t<meta property=\"og:image:type\" content=\"image\/png\" \/>\n<meta name=\"twitter:card\" content=\"summary_large_image\" \/>\n<meta name=\"twitter:label1\" content=\"Dur\u00e9e de lecture estim\u00e9e\" \/>\n\t<meta name=\"twitter:data1\" content=\"5 minutes\" \/>\n<script type=\"application\/ld+json\" class=\"yoast-schema-graph\">{\"@context\":\"https:\\\/\\\/schema.org\",\"@graph\":[{\"@type\":\"WebPage\",\"@id\":\"https:\\\/\\\/www.galeriedeparis.com\\\/Welcome\\\/produit\\\/la-nef-du-grand-palais-le-grand-palais-%e3%83%91%e3%83%aa%e3%83%bb%e3%82%b0%e3%83%a9%e3%83%b3%e3%83%91%e3%83%ac%e3%81%ae%e5%b1%8b%e6%a0%b9\\\/\",\"url\":\"https:\\\/\\\/www.galeriedeparis.com\\\/Welcome\\\/produit\\\/la-nef-du-grand-palais-le-grand-palais-%e3%83%91%e3%83%aa%e3%83%bb%e3%82%b0%e3%83%a9%e3%83%b3%e3%83%91%e3%83%ac%e3%81%ae%e5%b1%8b%e6%a0%b9\\\/\",\"name\":\"La Nef du Grand Palais \\\/ Le Grand Palais \\\/ \u30d1\u30ea\u30fb\u30b0\u30e9\u30f3\u30d1\u30ec\u306e\u5c4b\u6839 - Galerie de Paris \u00a9\",\"isPartOf\":{\"@id\":\"https:\\\/\\\/www.galeriedeparis.com\\\/Welcome\\\/#website\"},\"primaryImageOfPage\":{\"@id\":\"https:\\\/\\\/www.galeriedeparis.com\\\/Welcome\\\/produit\\\/la-nef-du-grand-palais-le-grand-palais-%e3%83%91%e3%83%aa%e3%83%bb%e3%82%b0%e3%83%a9%e3%83%b3%e3%83%91%e3%83%ac%e3%81%ae%e5%b1%8b%e6%a0%b9\\\/#primaryimage\"},\"image\":{\"@id\":\"https:\\\/\\\/www.galeriedeparis.com\\\/Welcome\\\/produit\\\/la-nef-du-grand-palais-le-grand-palais-%e3%83%91%e3%83%aa%e3%83%bb%e3%82%b0%e3%83%a9%e3%83%b3%e3%83%91%e3%83%ac%e3%81%ae%e5%b1%8b%e6%a0%b9\\\/#primaryimage\"},\"thumbnailUrl\":\"https:\\\/\\\/www.galeriedeparis.com\\\/Welcome\\\/wp-content\\\/uploads\\\/2024\\\/02\\\/E-51-La-Nef-du-Grand-Palais.png\",\"datePublished\":\"2024-02-12T14:11:55+00:00\",\"dateModified\":\"2026-03-05T20:47:00+00:00\",\"description\":\"Depuis mon arriv\u00e9e \u00e0 Paris en 1963 et pendant 30 ans, j\u2019ai r\u00e9alis\u00e9 mes oeuvres en fonction des dates des nombreux salons artistiques auxquels j\u2019ai r\u00e9guli\u00e8rement particip\u00e9. Tous les deux mois, je faisais des aller-retours de mon appartement au Grand Palais, afin de participer aux salons des Ind\u00e9pendants, au salon des Artistes Fran\u00e7ais, au Salon d\u2019Automne, au Salon de la Soci\u00e9t\u00e9 Nationale et des Beaux Arts, au salon Comparaisons ou encore \u00e0 celui du dessin et de la peinture \u00e0 l\u2019eau.\",\"breadcrumb\":{\"@id\":\"https:\\\/\\\/www.galeriedeparis.com\\\/Welcome\\\/produit\\\/la-nef-du-grand-palais-le-grand-palais-%e3%83%91%e3%83%aa%e3%83%bb%e3%82%b0%e3%83%a9%e3%83%b3%e3%83%91%e3%83%ac%e3%81%ae%e5%b1%8b%e6%a0%b9\\\/#breadcrumb\"},\"inLanguage\":\"fr-FR\",\"potentialAction\":[{\"@type\":\"ReadAction\",\"target\":[\"https:\\\/\\\/www.galeriedeparis.com\\\/Welcome\\\/produit\\\/la-nef-du-grand-palais-le-grand-palais-%e3%83%91%e3%83%aa%e3%83%bb%e3%82%b0%e3%83%a9%e3%83%b3%e3%83%91%e3%83%ac%e3%81%ae%e5%b1%8b%e6%a0%b9\\\/\"]}]},{\"@type\":\"ImageObject\",\"inLanguage\":\"fr-FR\",\"@id\":\"https:\\\/\\\/www.galeriedeparis.com\\\/Welcome\\\/produit\\\/la-nef-du-grand-palais-le-grand-palais-%e3%83%91%e3%83%aa%e3%83%bb%e3%82%b0%e3%83%a9%e3%83%b3%e3%83%91%e3%83%ac%e3%81%ae%e5%b1%8b%e6%a0%b9\\\/#primaryimage\",\"url\":\"https:\\\/\\\/www.galeriedeparis.com\\\/Welcome\\\/wp-content\\\/uploads\\\/2024\\\/02\\\/E-51-La-Nef-du-Grand-Palais.png\",\"contentUrl\":\"https:\\\/\\\/www.galeriedeparis.com\\\/Welcome\\\/wp-content\\\/uploads\\\/2024\\\/02\\\/E-51-La-Nef-du-Grand-Palais.png\",\"width\":1271,\"height\":1816},{\"@type\":\"BreadcrumbList\",\"@id\":\"https:\\\/\\\/www.galeriedeparis.com\\\/Welcome\\\/produit\\\/la-nef-du-grand-palais-le-grand-palais-%e3%83%91%e3%83%aa%e3%83%bb%e3%82%b0%e3%83%a9%e3%83%b3%e3%83%91%e3%83%ac%e3%81%ae%e5%b1%8b%e6%a0%b9\\\/#breadcrumb\",\"itemListElement\":[{\"@type\":\"ListItem\",\"position\":1,\"name\":\"Accueil\",\"item\":\"https:\\\/\\\/www.galeriedeparis.com\\\/Welcome\\\/\"},{\"@type\":\"ListItem\",\"position\":2,\"name\":\"Boutique\",\"item\":\"https:\\\/\\\/www.galeriedeparis.com\\\/Welcome\\\/boutique\\\/\"},{\"@type\":\"ListItem\",\"position\":3,\"name\":\"La Nef du Grand Palais \\\/ Le Grand Palais \\\/ \u30d1\u30ea\u30fb\u30b0\u30e9\u30f3\u30d1\u30ec\u306e\u5c4b\u6839\"}]},{\"@type\":\"WebSite\",\"@id\":\"https:\\\/\\\/www.galeriedeparis.com\\\/Welcome\\\/#website\",\"url\":\"https:\\\/\\\/www.galeriedeparis.com\\\/Welcome\\\/\",\"name\":\"Galerie de Paris \u00a9\",\"description\":\"Les plus belles oeuvres sur Paris se trouvent \u00e0 la Galerie de Paris \u00a9 !\",\"publisher\":{\"@id\":\"https:\\\/\\\/www.galeriedeparis.com\\\/Welcome\\\/#organization\"},\"potentialAction\":[{\"@type\":\"SearchAction\",\"target\":{\"@type\":\"EntryPoint\",\"urlTemplate\":\"https:\\\/\\\/www.galeriedeparis.com\\\/Welcome\\\/?s={search_term_string}\"},\"query-input\":{\"@type\":\"PropertyValueSpecification\",\"valueRequired\":true,\"valueName\":\"search_term_string\"}}],\"inLanguage\":\"fr-FR\"},{\"@type\":\"Organization\",\"@id\":\"https:\\\/\\\/www.galeriedeparis.com\\\/Welcome\\\/#organization\",\"name\":\"Galerie de Paris \u00a9\",\"url\":\"https:\\\/\\\/www.galeriedeparis.com\\\/Welcome\\\/\",\"logo\":{\"@type\":\"ImageObject\",\"inLanguage\":\"fr-FR\",\"@id\":\"https:\\\/\\\/www.galeriedeparis.com\\\/Welcome\\\/#\\\/schema\\\/logo\\\/image\\\/\",\"url\":\"https:\\\/\\\/www.galeriedeparis.com\\\/Welcome\\\/wp-content\\\/uploads\\\/2022\\\/03\\\/cropped-937A1B47-87A3-4339-B63B-6F00ACC81F2A-1.jpg\",\"contentUrl\":\"https:\\\/\\\/www.galeriedeparis.com\\\/Welcome\\\/wp-content\\\/uploads\\\/2022\\\/03\\\/cropped-937A1B47-87A3-4339-B63B-6F00ACC81F2A-1.jpg\",\"width\":478,\"height\":191,\"caption\":\"Galerie de Paris \u00a9\"},\"image\":{\"@id\":\"https:\\\/\\\/www.galeriedeparis.com\\\/Welcome\\\/#\\\/schema\\\/logo\\\/image\\\/\"},\"sameAs\":[\"https:\\\/\\\/www.facebook.com\\\/GalerieDeParisAuVillageSuisse\\\/\"]}]}<\/script>\n<!-- \/ Yoast SEO plugin. -->","yoast_head_json":{"title":"La Nef du Grand Palais \/ Le Grand Palais \/ \u30d1\u30ea\u30fb\u30b0\u30e9\u30f3\u30d1\u30ec\u306e\u5c4b\u6839 - Galerie de Paris \u00a9","description":"Depuis mon arriv\u00e9e \u00e0 Paris en 1963 et pendant 30 ans, j\u2019ai r\u00e9alis\u00e9 mes oeuvres en fonction des dates des nombreux salons artistiques auxquels j\u2019ai r\u00e9guli\u00e8rement particip\u00e9. Tous les deux mois, je faisais des aller-retours de mon appartement au Grand Palais, afin de participer aux salons des Ind\u00e9pendants, au salon des Artistes Fran\u00e7ais, au Salon d\u2019Automne, au Salon de la Soci\u00e9t\u00e9 Nationale et des Beaux Arts, au salon Comparaisons ou encore \u00e0 celui du dessin et de la peinture \u00e0 l\u2019eau.","robots":{"index":"index","follow":"follow","max-snippet":"max-snippet:-1","max-image-preview":"max-image-preview:large","max-video-preview":"max-video-preview:-1"},"canonical":"https:\/\/www.galeriedeparis.com\/Welcome\/produit\/la-nef-du-grand-palais-le-grand-palais-\u30d1\u30ea\u30fb\u30b0\u30e9\u30f3\u30d1\u30ec\u306e\u5c4b\u6839\/","og_locale":"fr_FR","og_type":"article","og_title":"La Nef du Grand Palais \/ Le Grand Palais \/ \u30d1\u30ea\u30fb\u30b0\u30e9\u30f3\u30d1\u30ec\u306e\u5c4b\u6839 - Galerie de Paris \u00a9","og_description":"Depuis mon arriv\u00e9e \u00e0 Paris en 1963 et pendant 30 ans, j\u2019ai r\u00e9alis\u00e9 mes oeuvres en fonction des dates des nombreux salons artistiques auxquels j\u2019ai r\u00e9guli\u00e8rement particip\u00e9. Tous les deux mois, je faisais des aller-retours de mon appartement au Grand Palais, afin de participer aux salons des Ind\u00e9pendants, au salon des Artistes Fran\u00e7ais, au Salon d\u2019Automne, au Salon de la Soci\u00e9t\u00e9 Nationale et des Beaux Arts, au salon Comparaisons ou encore \u00e0 celui du dessin et de la peinture \u00e0 l\u2019eau.","og_url":"https:\/\/www.galeriedeparis.com\/Welcome\/produit\/la-nef-du-grand-palais-le-grand-palais-\u30d1\u30ea\u30fb\u30b0\u30e9\u30f3\u30d1\u30ec\u306e\u5c4b\u6839\/","og_site_name":"Galerie de Paris \u00a9","article_publisher":"https:\/\/www.facebook.com\/GalerieDeParisAuVillageSuisse\/","article_modified_time":"2026-03-05T20:47:00+00:00","og_image":[{"width":717,"height":1024,"url":"https:\/\/www.galeriedeparis.com\/Welcome\/wp-content\/uploads\/2024\/02\/E-51-La-Nef-du-Grand-Palais-717x1024.png","type":"image\/png"}],"twitter_card":"summary_large_image","twitter_misc":{"Dur\u00e9e de lecture estim\u00e9e":"5 minutes"},"schema":{"@context":"https:\/\/schema.org","@graph":[{"@type":"WebPage","@id":"https:\/\/www.galeriedeparis.com\/Welcome\/produit\/la-nef-du-grand-palais-le-grand-palais-%e3%83%91%e3%83%aa%e3%83%bb%e3%82%b0%e3%83%a9%e3%83%b3%e3%83%91%e3%83%ac%e3%81%ae%e5%b1%8b%e6%a0%b9\/","url":"https:\/\/www.galeriedeparis.com\/Welcome\/produit\/la-nef-du-grand-palais-le-grand-palais-%e3%83%91%e3%83%aa%e3%83%bb%e3%82%b0%e3%83%a9%e3%83%b3%e3%83%91%e3%83%ac%e3%81%ae%e5%b1%8b%e6%a0%b9\/","name":"La Nef du Grand Palais \/ Le Grand Palais \/ \u30d1\u30ea\u30fb\u30b0\u30e9\u30f3\u30d1\u30ec\u306e\u5c4b\u6839 - Galerie de Paris \u00a9","isPartOf":{"@id":"https:\/\/www.galeriedeparis.com\/Welcome\/#website"},"primaryImageOfPage":{"@id":"https:\/\/www.galeriedeparis.com\/Welcome\/produit\/la-nef-du-grand-palais-le-grand-palais-%e3%83%91%e3%83%aa%e3%83%bb%e3%82%b0%e3%83%a9%e3%83%b3%e3%83%91%e3%83%ac%e3%81%ae%e5%b1%8b%e6%a0%b9\/#primaryimage"},"image":{"@id":"https:\/\/www.galeriedeparis.com\/Welcome\/produit\/la-nef-du-grand-palais-le-grand-palais-%e3%83%91%e3%83%aa%e3%83%bb%e3%82%b0%e3%83%a9%e3%83%b3%e3%83%91%e3%83%ac%e3%81%ae%e5%b1%8b%e6%a0%b9\/#primaryimage"},"thumbnailUrl":"https:\/\/www.galeriedeparis.com\/Welcome\/wp-content\/uploads\/2024\/02\/E-51-La-Nef-du-Grand-Palais.png","datePublished":"2024-02-12T14:11:55+00:00","dateModified":"2026-03-05T20:47:00+00:00","description":"Depuis mon arriv\u00e9e \u00e0 Paris en 1963 et pendant 30 ans, j\u2019ai r\u00e9alis\u00e9 mes oeuvres en fonction des dates des nombreux salons artistiques auxquels j\u2019ai r\u00e9guli\u00e8rement particip\u00e9. Tous les deux mois, je faisais des aller-retours de mon appartement au Grand Palais, afin de participer aux salons des Ind\u00e9pendants, au salon des Artistes Fran\u00e7ais, au Salon d\u2019Automne, au Salon de la Soci\u00e9t\u00e9 Nationale et des Beaux Arts, au salon Comparaisons ou encore \u00e0 celui du dessin et de la peinture \u00e0 l\u2019eau.","breadcrumb":{"@id":"https:\/\/www.galeriedeparis.com\/Welcome\/produit\/la-nef-du-grand-palais-le-grand-palais-%e3%83%91%e3%83%aa%e3%83%bb%e3%82%b0%e3%83%a9%e3%83%b3%e3%83%91%e3%83%ac%e3%81%ae%e5%b1%8b%e6%a0%b9\/#breadcrumb"},"inLanguage":"fr-FR","potentialAction":[{"@type":"ReadAction","target":["https:\/\/www.galeriedeparis.com\/Welcome\/produit\/la-nef-du-grand-palais-le-grand-palais-%e3%83%91%e3%83%aa%e3%83%bb%e3%82%b0%e3%83%a9%e3%83%b3%e3%83%91%e3%83%ac%e3%81%ae%e5%b1%8b%e6%a0%b9\/"]}]},{"@type":"ImageObject","inLanguage":"fr-FR","@id":"https:\/\/www.galeriedeparis.com\/Welcome\/produit\/la-nef-du-grand-palais-le-grand-palais-%e3%83%91%e3%83%aa%e3%83%bb%e3%82%b0%e3%83%a9%e3%83%b3%e3%83%91%e3%83%ac%e3%81%ae%e5%b1%8b%e6%a0%b9\/#primaryimage","url":"https:\/\/www.galeriedeparis.com\/Welcome\/wp-content\/uploads\/2024\/02\/E-51-La-Nef-du-Grand-Palais.png","contentUrl":"https:\/\/www.galeriedeparis.com\/Welcome\/wp-content\/uploads\/2024\/02\/E-51-La-Nef-du-Grand-Palais.png","width":1271,"height":1816},{"@type":"BreadcrumbList","@id":"https:\/\/www.galeriedeparis.com\/Welcome\/produit\/la-nef-du-grand-palais-le-grand-palais-%e3%83%91%e3%83%aa%e3%83%bb%e3%82%b0%e3%83%a9%e3%83%b3%e3%83%91%e3%83%ac%e3%81%ae%e5%b1%8b%e6%a0%b9\/#breadcrumb","itemListElement":[{"@type":"ListItem","position":1,"name":"Accueil","item":"https:\/\/www.galeriedeparis.com\/Welcome\/"},{"@type":"ListItem","position":2,"name":"Boutique","item":"https:\/\/www.galeriedeparis.com\/Welcome\/boutique\/"},{"@type":"ListItem","position":3,"name":"La Nef du Grand Palais \/ Le Grand Palais \/ \u30d1\u30ea\u30fb\u30b0\u30e9\u30f3\u30d1\u30ec\u306e\u5c4b\u6839"}]},{"@type":"WebSite","@id":"https:\/\/www.galeriedeparis.com\/Welcome\/#website","url":"https:\/\/www.galeriedeparis.com\/Welcome\/","name":"Galerie de Paris \u00a9","description":"Les plus belles oeuvres sur Paris se trouvent \u00e0 la Galerie de Paris \u00a9 !","publisher":{"@id":"https:\/\/www.galeriedeparis.com\/Welcome\/#organization"},"potentialAction":[{"@type":"SearchAction","target":{"@type":"EntryPoint","urlTemplate":"https:\/\/www.galeriedeparis.com\/Welcome\/?s={search_term_string}"},"query-input":{"@type":"PropertyValueSpecification","valueRequired":true,"valueName":"search_term_string"}}],"inLanguage":"fr-FR"},{"@type":"Organization","@id":"https:\/\/www.galeriedeparis.com\/Welcome\/#organization","name":"Galerie de Paris \u00a9","url":"https:\/\/www.galeriedeparis.com\/Welcome\/","logo":{"@type":"ImageObject","inLanguage":"fr-FR","@id":"https:\/\/www.galeriedeparis.com\/Welcome\/#\/schema\/logo\/image\/","url":"https:\/\/www.galeriedeparis.com\/Welcome\/wp-content\/uploads\/2022\/03\/cropped-937A1B47-87A3-4339-B63B-6F00ACC81F2A-1.jpg","contentUrl":"https:\/\/www.galeriedeparis.com\/Welcome\/wp-content\/uploads\/2022\/03\/cropped-937A1B47-87A3-4339-B63B-6F00ACC81F2A-1.jpg","width":478,"height":191,"caption":"Galerie de Paris \u00a9"},"image":{"@id":"https:\/\/www.galeriedeparis.com\/Welcome\/#\/schema\/logo\/image\/"},"sameAs":["https:\/\/www.facebook.com\/GalerieDeParisAuVillageSuisse\/"]}]}},"_links":{"self":[{"href":"https:\/\/www.galeriedeparis.com\/Welcome\/wp-json\/wp\/v2\/product\/277","targetHints":{"allow":["GET"]}}],"collection":[{"href":"https:\/\/www.galeriedeparis.com\/Welcome\/wp-json\/wp\/v2\/product"}],"about":[{"href":"https:\/\/www.galeriedeparis.com\/Welcome\/wp-json\/wp\/v2\/types\/product"}],"wp:featuredmedia":[{"embeddable":true,"href":"https:\/\/www.galeriedeparis.com\/Welcome\/wp-json\/wp\/v2\/media\/283"}],"wp:attachment":[{"href":"https:\/\/www.galeriedeparis.com\/Welcome\/wp-json\/wp\/v2\/media?parent=277"}],"wp:term":[{"taxonomy":"product_brand","embeddable":true,"href":"https:\/\/www.galeriedeparis.com\/Welcome\/wp-json\/wp\/v2\/product_brand?post=277"},{"taxonomy":"product_cat","embeddable":true,"href":"https:\/\/www.galeriedeparis.com\/Welcome\/wp-json\/wp\/v2\/product_cat?post=277"},{"taxonomy":"product_tag","embeddable":true,"href":"https:\/\/www.galeriedeparis.com\/Welcome\/wp-json\/wp\/v2\/product_tag?post=277"}],"curies":[{"name":"wp","href":"https:\/\/api.w.org\/{rel}","templated":true}]}}