{"id":448,"date":"2026-02-05T10:10:03","date_gmt":"2026-02-05T09:10:03","guid":{"rendered":"https:\/\/www.galeriedeparis.com\/Welcome\/?post_type=product&#038;p=448"},"modified":"2026-02-05T10:19:18","modified_gmt":"2026-02-05T09:19:18","slug":"cafe-du-boulevard-de-charonne-cafe-of-the-boulevard-de-charonne-%e3%82%b7%e3%83%a3%e3%83%ad%e3%83%b3%e3%83%8c%e5%a4%a7%e9%80%9a%e3%82%8a%e3%81%ae%e3%82%ab%e3%83%83%e3%83%95%e3%82%a7","status":"publish","type":"product","link":"https:\/\/www.galeriedeparis.com\/Welcome\/produit\/cafe-du-boulevard-de-charonne-cafe-of-the-boulevard-de-charonne-%e3%82%b7%e3%83%a3%e3%83%ad%e3%83%b3%e3%83%8c%e5%a4%a7%e9%80%9a%e3%82%8a%e3%81%ae%e3%82%ab%e3%83%83%e3%83%95%e3%82%a7\/","title":{"rendered":"Caf\u00e9 du Boulevard de Charonne \/ Caf\u00e9 of the Boulevard de Charonne \/ \u30b7\u30e3\u30ed\u30f3\u30cc\u5927\u901a\u308a\u306e\u30ab\u30c3\u30d5\u30a7"},"content":{"rendered":"<p>Cr\u00e9ateur : Kojiro Akagi (1934-2021)<\/p>\n<p>Date : Mai 1999, May 1999<\/p>\n<p>Droits : \u00a9 Fonds de dotation Kojiro AKAGI, \u00a9 ADAGP<\/p>\n<p>Format : Lithographie, Possolitho &#8211; IDL Graphiques, 120 tirages + 24 E.A. romain, sur papier BFK Rives 48 x 65 cm.<\/p>\n<p>Type : Lithographie<\/p>\n<hr \/>\n<p>Caf\u00e9 du Boulevard de Charonne \/ Caf\u00e9 of the Boulevard de Charonne \/ \u30b7\u30e3\u30ed\u30f3\u30cc\u5927\u901a\u308a\u306e\u30ab\u30c3\u30d5\u30a7<\/p>\n<p>Dans le 20e arrondissement de Paris, le cimeti\u00e8re du P\u00e8re Lachaise est une zone verte entour\u00e9e de r\u00e9sidences ouvri\u00e8res. C\u2019est aussi le quartier qui a vu \u00e9merger des tr\u00e9sors de la chanson fran\u00e7aise tels que Maurice Chevalier ou \u00c9dith Piaf, qui se sont fait conna\u00eetre en donnant des concerts dans des caf\u00e9s. Beaucoup de leurs chansons racontent ce quartier et son \u00e2me.<\/p>\n<p>Durant la premi\u00e8re moiti\u00e9 du 19e si\u00e8cle, des taxes \u00e9taient appliqu\u00e9es aux produits qui entraient dans Paris depuis les portes d\u2019enceinte de la ville. De nombreux bars n\u2019\u00e9taient pas soumis \u00e0 ces taxes et connaissaient un succ\u00e8s commercial. On les d\u00e9signait sous le nom de \u00abgoguette\u00bb, une sorte de karaok\u00e9 de l\u2019\u00e9poque. Les ouvriers s\u2019y d\u00e9tendaient de leurs \u00e9puisantes journ\u00e9es de travail en chantant et dansant. Aujourd\u2019hui encore, on retrouve ce genre d\u2019atmosph\u00e8re dans tous les quartiers de Paris. Ces goguettes \u00e9taient tr\u00e8s surveill\u00e9es par la police qui redoutait que les discours subversifs qu\u2019on y entendait soient la cause de soul\u00e8vement de population\u2026<\/p>\n<p>The green belt at the P\u00e8re-Lachaise Cemetery on a hill in the 20th arrondissement of Paris runs alongside a blue collar residential area and birthplace of singers. Maurice Chevalier and Edith Piaf were born in this arrondissement and started their careers singing in caf\u00e9s in this locality. There are many famous songs about people\u2019s feelings in these streets.In the first half of the 19th century, bars where people could drink cheaply ithout paying duties outside each castle gate of the walled city of Paris were very prosperous. If they were brought into the city they would become more expensive due to the octroi consumption tax. There was a club style called \u201cgoguettes\u201d, singing contests much like karaoke. Police paid attention to and monitored them in case they vented their frustration with society through their lyrics. Because the working class took relief from the hardships of daily life through singing and dancing at chanson bars, the legacy of the old amusement districts<br \/>\ncan be traced in each arrondissement still today.<\/p>\n<p>\u30d1\u30ea\u4e8c\u5341\u533a\u3001\u4e18\u306b\u306a\u3063\u305f\u30da\u30fc\u30eb\u00b7\u30e9\u30b7\u30a7\u30fc\u30ba\u5893\u5730\u306e\u3001\u5927\u304d\u306a\u7dd1\u5730\u5e2f\u3092\u5de1\u308b\u4e00\u5e2f\u306f\u3001\u52b4\u50cd\u8005\u5eb6\u6c11\u306e\u4f4f\u5b85\u5730\u3067\u3001\u30b7\u30e3\u30f3\u30bd\u30f3\u306e\u5b9d\u5eab\u3060\u3002\u30e2\u30fc\u30ea\u30b9\u00b7\u30b7\u30e5\u30d0\u30ea\u30a8\u3082\u3001\u30a8\u30c7\u30a3\u30c3\u30c8\u00b7\u30d4\u30a2\u30d5\u3082\u3001\u3053\u306e\u533a\u3067\u751f\u307e\u308c\u3001\u3053\u306e\u533a\u306e\u30ab\u30c3\u30d5\u30a7\u00b7\u30b3\u30f3\u30b5\u30fc\u30c8\u304b\u3089\u80b2\u3063\u3066\u304d\u305f\u304b\u3089\u3060\u3002\u3053\u306e\u533a\u306e\u60c5\u611f\u3092\u6b4c\u3044\u4e0a\u3052\u3001\u3053\u306e\u533a\u306e\u901a\u308a\u3092\u6b4c\u3063\u305f\u540d\u66f2\u306f\u3001\u6ca2\u5c71\u3042\u308b\u3002\u5341\u4e5d\u4e16\u7d00\u524d\u534a\u306b\u306f\u3001\u30d1\u30ea\u5e02\u5185\u306b\u6301\u3061\u8fbc\u3080\u3068\u5165\u5e02\u6d88\u8cbb\u7a0e\u304c\u304b\u304b\u3063\u3066\u9ad8\u304f\u306a\u308b\u306e\u3067\u3001\u7a0e\u91d1\u5206\u3060\u3051\u5b89\u304f\u5451\u3081\u308b\u9152\u5834\u304c\u3001\u30d1\u30ea\u5e02\u3092\u56f2\u3080\u57ce\u58c1\u306e\u3001\u5404\u57ce\u9580\u306e\u3042\u3063\u305f\u5916\u5074\u306b\u306f\u96c6\u307e\u3063\u3066\u3001\u5927\u7e41\u76db\u3057\u3066\u3044\u305f\u3002\u306e\u3069\u81ea\u6162\u3067\u7af6\u3046\u3001\u30ab\u30e9\u30aa\u30b1\u306e\u5148\u7956\u306e\u3088\u3046\u306a\u300c\u30b4\u30b2\u30c3\u30c8\u300d\u3068\u547c\u3070\u308c\u308b\u30af\u30e9\u30d6\u3082\u3042\u3063\u305f\u304c\u3001\u3053\u308c\u306f\u793e\u4f1a\u4e0d\u6e80\u306e\u8a69\u3092\u717d\u308b\u3068\u3001\u8b66\u5bdf\u306f\u8981\u6ce8\u610f\u3001\u76e3\u8996\u3057\u305f\u3002\u30b7\u30e3\u30f3\u30bd\u30f3\u9152\u5834\u3067\u3001\u3068\u306b\u304b\u304f\u6b4c\u3084\u30c0\u30f3\u30b9\u306b\u3001\u52b4\u50cd\u8005\u968e\u7d1a\u304c\u8f9b\u3044\u65e5\u5e38\u306e\u767a\u6563\u3092\u3057\u305f\u306e\u3067\u3001\u73fe\u5728\u3067\u3082\u3001\u5404\u5730\u533a\u306b\u6614\u306e\u76db\u308a\u5834\u306e\u540d\u6b8b\u308a\u306f\u3001\u305f\u3069\u308b\u3053\u3068\u304c\u51fa\u6765\u308b\u3002<\/p>\n","protected":false},"excerpt":{"rendered":"<p>Cr\u00e9ateur : Kojiro Akagi (1934-2021) Date : Mai 1999, May 1999 Droits : \u00a9 Fonds de dotation Kojiro AKAGI, \u00a9&#8230;<\/p>\n","protected":false},"featured_media":449,"template":"","meta":[],"product_brand":[104],"product_cat":[69],"product_tag":[127,124,120,126,125,122,105,123,74,121,128],"class_list":{"0":"post-448","1":"product","2":"type-product","3":"status-publish","4":"has-post-thumbnail","6":"product_brand-akagi","7":"product_cat-akagi-kojiro","8":"product_tag-20e-arrondissement-de-paris","9":"product_tag-48-x-65-cm","10":"product_tag-boulevard","11":"product_tag-cafe","12":"product_tag-cafe-du-boulevard-de-charonne","13":"product_tag-idl-graphiques","14":"product_tag-lithographie","15":"product_tag-papier-bfk-rives","16":"product_tag-paris","17":"product_tag-possolitho","18":"product_tag-xx","20":"first","21":"outofstock","22":"taxable","23":"shipping-taxable","24":"purchasable","25":"product-type-simple"},"yoast_head":"<!-- This site is optimized with the Yoast SEO plugin v27.5 - https:\/\/yoast.com\/product\/yoast-seo-wordpress\/ -->\n<title>Caf\u00e9 du Boulevard de Charonne \/ Caf\u00e9 of the Boulevard de Charonne \/ \u30b7\u30e3\u30ed\u30f3\u30cc\u5927\u901a\u308a\u306e\u30ab\u30c3\u30d5\u30a7 - Galerie de Paris \u00a9<\/title>\n<meta name=\"description\" content=\"Caf\u00e9 du Boulevard de Charonne \/ Caf\u00e9 of the Boulevard de Charonne \/ \u30b7\u30e3\u30ed\u30f3\u30cc\u5927\u901a\u308a\u306e\u30ab\u30c3\u30d5\u30a7 : Dans le 20e arrondissement de Paris, le cimeti\u00e8re du P\u00e8re Lachaise est une zone verte entour\u00e9e de r\u00e9sidences ouvri\u00e8res. C\u2019est aussi le quartier qui a vu \u00e9merger des tr\u00e9sors de la chanson fran\u00e7aise tels que Maurice Chevalier ou \u00c9dith Piaf, qui se sont fait conna\u00eetre en donnant des concerts dans des caf\u00e9s. Beaucoup de leurs chansons racontent ce quartier et son \u00e2me.\" \/>\n<meta name=\"robots\" content=\"index, follow, max-snippet:-1, max-image-preview:large, max-video-preview:-1\" \/>\n<link rel=\"canonical\" href=\"https:\/\/www.galeriedeparis.com\/Welcome\/produit\/cafe-du-boulevard-de-charonne-cafe-of-the-boulevard-de-charonne-\u30b7\u30e3\u30ed\u30f3\u30cc\u5927\u901a\u308a\u306e\u30ab\u30c3\u30d5\u30a7\/\" \/>\n<meta property=\"og:locale\" content=\"fr_FR\" \/>\n<meta property=\"og:type\" content=\"article\" \/>\n<meta property=\"og:title\" content=\"Caf\u00e9 du Boulevard de Charonne \/ Caf\u00e9 of the Boulevard de Charonne \/ \u30b7\u30e3\u30ed\u30f3\u30cc\u5927\u901a\u308a\u306e\u30ab\u30c3\u30d5\u30a7 - Galerie de Paris \u00a9\" \/>\n<meta property=\"og:description\" content=\"Caf\u00e9 du Boulevard de Charonne \/ Caf\u00e9 of the Boulevard de Charonne \/ \u30b7\u30e3\u30ed\u30f3\u30cc\u5927\u901a\u308a\u306e\u30ab\u30c3\u30d5\u30a7 : Dans le 20e arrondissement de Paris, le cimeti\u00e8re du P\u00e8re Lachaise est une zone verte entour\u00e9e de r\u00e9sidences ouvri\u00e8res. C\u2019est aussi le quartier qui a vu \u00e9merger des tr\u00e9sors de la chanson fran\u00e7aise tels que Maurice Chevalier ou \u00c9dith Piaf, qui se sont fait conna\u00eetre en donnant des concerts dans des caf\u00e9s. Beaucoup de leurs chansons racontent ce quartier et son \u00e2me.\" \/>\n<meta property=\"og:url\" content=\"https:\/\/www.galeriedeparis.com\/Welcome\/produit\/cafe-du-boulevard-de-charonne-cafe-of-the-boulevard-de-charonne-\u30b7\u30e3\u30ed\u30f3\u30cc\u5927\u901a\u308a\u306e\u30ab\u30c3\u30d5\u30a7\/\" \/>\n<meta property=\"og:site_name\" content=\"Galerie de Paris \u00a9\" \/>\n<meta property=\"article:publisher\" content=\"https:\/\/www.facebook.com\/GalerieDeParisAuVillageSuisse\/\" \/>\n<meta property=\"article:modified_time\" content=\"2026-02-05T09:19:18+00:00\" \/>\n<meta property=\"og:image\" content=\"https:\/\/www.galeriedeparis.com\/Welcome\/wp-content\/uploads\/2026\/02\/E-108-56-AKAGI-Au-boulevard-de-Charonne-1999-logo-FDD-AKAGI.jpg\" \/>\n\t<meta property=\"og:image:width\" content=\"1493\" \/>\n\t<meta property=\"og:image:height\" content=\"1830\" \/>\n\t<meta property=\"og:image:type\" content=\"image\/jpeg\" \/>\n<meta name=\"twitter:card\" content=\"summary_large_image\" \/>\n<meta name=\"twitter:label1\" content=\"Dur\u00e9e de lecture estim\u00e9e\" \/>\n\t<meta name=\"twitter:data1\" content=\"2 minutes\" \/>\n<script type=\"application\/ld+json\" class=\"yoast-schema-graph\">{\"@context\":\"https:\\\/\\\/schema.org\",\"@graph\":[{\"@type\":\"WebPage\",\"@id\":\"https:\\\/\\\/www.galeriedeparis.com\\\/Welcome\\\/produit\\\/cafe-du-boulevard-de-charonne-cafe-of-the-boulevard-de-charonne-%e3%82%b7%e3%83%a3%e3%83%ad%e3%83%b3%e3%83%8c%e5%a4%a7%e9%80%9a%e3%82%8a%e3%81%ae%e3%82%ab%e3%83%83%e3%83%95%e3%82%a7\\\/\",\"url\":\"https:\\\/\\\/www.galeriedeparis.com\\\/Welcome\\\/produit\\\/cafe-du-boulevard-de-charonne-cafe-of-the-boulevard-de-charonne-%e3%82%b7%e3%83%a3%e3%83%ad%e3%83%b3%e3%83%8c%e5%a4%a7%e9%80%9a%e3%82%8a%e3%81%ae%e3%82%ab%e3%83%83%e3%83%95%e3%82%a7\\\/\",\"name\":\"Caf\u00e9 du Boulevard de Charonne \\\/ Caf\u00e9 of the Boulevard de Charonne \\\/ \u30b7\u30e3\u30ed\u30f3\u30cc\u5927\u901a\u308a\u306e\u30ab\u30c3\u30d5\u30a7 - Galerie de Paris \u00a9\",\"isPartOf\":{\"@id\":\"https:\\\/\\\/www.galeriedeparis.com\\\/Welcome\\\/#website\"},\"primaryImageOfPage\":{\"@id\":\"https:\\\/\\\/www.galeriedeparis.com\\\/Welcome\\\/produit\\\/cafe-du-boulevard-de-charonne-cafe-of-the-boulevard-de-charonne-%e3%82%b7%e3%83%a3%e3%83%ad%e3%83%b3%e3%83%8c%e5%a4%a7%e9%80%9a%e3%82%8a%e3%81%ae%e3%82%ab%e3%83%83%e3%83%95%e3%82%a7\\\/#primaryimage\"},\"image\":{\"@id\":\"https:\\\/\\\/www.galeriedeparis.com\\\/Welcome\\\/produit\\\/cafe-du-boulevard-de-charonne-cafe-of-the-boulevard-de-charonne-%e3%82%b7%e3%83%a3%e3%83%ad%e3%83%b3%e3%83%8c%e5%a4%a7%e9%80%9a%e3%82%8a%e3%81%ae%e3%82%ab%e3%83%83%e3%83%95%e3%82%a7\\\/#primaryimage\"},\"thumbnailUrl\":\"https:\\\/\\\/www.galeriedeparis.com\\\/Welcome\\\/wp-content\\\/uploads\\\/2026\\\/02\\\/E-108-56-AKAGI-Au-boulevard-de-Charonne-1999-logo-FDD-AKAGI.jpg\",\"datePublished\":\"2026-02-05T09:10:03+00:00\",\"dateModified\":\"2026-02-05T09:19:18+00:00\",\"description\":\"Caf\u00e9 du Boulevard de Charonne \\\/ Caf\u00e9 of the Boulevard de Charonne \\\/ \u30b7\u30e3\u30ed\u30f3\u30cc\u5927\u901a\u308a\u306e\u30ab\u30c3\u30d5\u30a7 : Dans le 20e arrondissement de Paris, le cimeti\u00e8re du P\u00e8re Lachaise est une zone verte entour\u00e9e de r\u00e9sidences ouvri\u00e8res. C\u2019est aussi le quartier qui a vu \u00e9merger des tr\u00e9sors de la chanson fran\u00e7aise tels que Maurice Chevalier ou \u00c9dith Piaf, qui se sont fait conna\u00eetre en donnant des concerts dans des caf\u00e9s. Beaucoup de leurs chansons racontent ce quartier et son \u00e2me.\",\"breadcrumb\":{\"@id\":\"https:\\\/\\\/www.galeriedeparis.com\\\/Welcome\\\/produit\\\/cafe-du-boulevard-de-charonne-cafe-of-the-boulevard-de-charonne-%e3%82%b7%e3%83%a3%e3%83%ad%e3%83%b3%e3%83%8c%e5%a4%a7%e9%80%9a%e3%82%8a%e3%81%ae%e3%82%ab%e3%83%83%e3%83%95%e3%82%a7\\\/#breadcrumb\"},\"inLanguage\":\"fr-FR\",\"potentialAction\":[{\"@type\":\"ReadAction\",\"target\":[\"https:\\\/\\\/www.galeriedeparis.com\\\/Welcome\\\/produit\\\/cafe-du-boulevard-de-charonne-cafe-of-the-boulevard-de-charonne-%e3%82%b7%e3%83%a3%e3%83%ad%e3%83%b3%e3%83%8c%e5%a4%a7%e9%80%9a%e3%82%8a%e3%81%ae%e3%82%ab%e3%83%83%e3%83%95%e3%82%a7\\\/\"]}]},{\"@type\":\"ImageObject\",\"inLanguage\":\"fr-FR\",\"@id\":\"https:\\\/\\\/www.galeriedeparis.com\\\/Welcome\\\/produit\\\/cafe-du-boulevard-de-charonne-cafe-of-the-boulevard-de-charonne-%e3%82%b7%e3%83%a3%e3%83%ad%e3%83%b3%e3%83%8c%e5%a4%a7%e9%80%9a%e3%82%8a%e3%81%ae%e3%82%ab%e3%83%83%e3%83%95%e3%82%a7\\\/#primaryimage\",\"url\":\"https:\\\/\\\/www.galeriedeparis.com\\\/Welcome\\\/wp-content\\\/uploads\\\/2026\\\/02\\\/E-108-56-AKAGI-Au-boulevard-de-Charonne-1999-logo-FDD-AKAGI.jpg\",\"contentUrl\":\"https:\\\/\\\/www.galeriedeparis.com\\\/Welcome\\\/wp-content\\\/uploads\\\/2026\\\/02\\\/E-108-56-AKAGI-Au-boulevard-de-Charonne-1999-logo-FDD-AKAGI.jpg\",\"width\":1493,\"height\":1830},{\"@type\":\"BreadcrumbList\",\"@id\":\"https:\\\/\\\/www.galeriedeparis.com\\\/Welcome\\\/produit\\\/cafe-du-boulevard-de-charonne-cafe-of-the-boulevard-de-charonne-%e3%82%b7%e3%83%a3%e3%83%ad%e3%83%b3%e3%83%8c%e5%a4%a7%e9%80%9a%e3%82%8a%e3%81%ae%e3%82%ab%e3%83%83%e3%83%95%e3%82%a7\\\/#breadcrumb\",\"itemListElement\":[{\"@type\":\"ListItem\",\"position\":1,\"name\":\"Accueil\",\"item\":\"https:\\\/\\\/www.galeriedeparis.com\\\/Welcome\\\/\"},{\"@type\":\"ListItem\",\"position\":2,\"name\":\"Boutique\",\"item\":\"https:\\\/\\\/www.galeriedeparis.com\\\/Welcome\\\/boutique\\\/\"},{\"@type\":\"ListItem\",\"position\":3,\"name\":\"Caf\u00e9 du Boulevard de Charonne \\\/ Caf\u00e9 of the Boulevard de Charonne \\\/ \u30b7\u30e3\u30ed\u30f3\u30cc\u5927\u901a\u308a\u306e\u30ab\u30c3\u30d5\u30a7\"}]},{\"@type\":\"WebSite\",\"@id\":\"https:\\\/\\\/www.galeriedeparis.com\\\/Welcome\\\/#website\",\"url\":\"https:\\\/\\\/www.galeriedeparis.com\\\/Welcome\\\/\",\"name\":\"Galerie de Paris \u00a9\",\"description\":\"Les plus belles oeuvres sur Paris se trouvent \u00e0 la Galerie de Paris \u00a9 !\",\"publisher\":{\"@id\":\"https:\\\/\\\/www.galeriedeparis.com\\\/Welcome\\\/#organization\"},\"potentialAction\":[{\"@type\":\"SearchAction\",\"target\":{\"@type\":\"EntryPoint\",\"urlTemplate\":\"https:\\\/\\\/www.galeriedeparis.com\\\/Welcome\\\/?s={search_term_string}\"},\"query-input\":{\"@type\":\"PropertyValueSpecification\",\"valueRequired\":true,\"valueName\":\"search_term_string\"}}],\"inLanguage\":\"fr-FR\"},{\"@type\":\"Organization\",\"@id\":\"https:\\\/\\\/www.galeriedeparis.com\\\/Welcome\\\/#organization\",\"name\":\"Galerie de Paris \u00a9\",\"url\":\"https:\\\/\\\/www.galeriedeparis.com\\\/Welcome\\\/\",\"logo\":{\"@type\":\"ImageObject\",\"inLanguage\":\"fr-FR\",\"@id\":\"https:\\\/\\\/www.galeriedeparis.com\\\/Welcome\\\/#\\\/schema\\\/logo\\\/image\\\/\",\"url\":\"https:\\\/\\\/www.galeriedeparis.com\\\/Welcome\\\/wp-content\\\/uploads\\\/2022\\\/03\\\/cropped-937A1B47-87A3-4339-B63B-6F00ACC81F2A-1.jpg\",\"contentUrl\":\"https:\\\/\\\/www.galeriedeparis.com\\\/Welcome\\\/wp-content\\\/uploads\\\/2022\\\/03\\\/cropped-937A1B47-87A3-4339-B63B-6F00ACC81F2A-1.jpg\",\"width\":478,\"height\":191,\"caption\":\"Galerie de Paris \u00a9\"},\"image\":{\"@id\":\"https:\\\/\\\/www.galeriedeparis.com\\\/Welcome\\\/#\\\/schema\\\/logo\\\/image\\\/\"},\"sameAs\":[\"https:\\\/\\\/www.facebook.com\\\/GalerieDeParisAuVillageSuisse\\\/\"]}]}<\/script>\n<!-- \/ Yoast SEO plugin. -->","yoast_head_json":{"title":"Caf\u00e9 du Boulevard de Charonne \/ Caf\u00e9 of the Boulevard de Charonne \/ \u30b7\u30e3\u30ed\u30f3\u30cc\u5927\u901a\u308a\u306e\u30ab\u30c3\u30d5\u30a7 - Galerie de Paris \u00a9","description":"Caf\u00e9 du Boulevard de Charonne \/ Caf\u00e9 of the Boulevard de Charonne \/ \u30b7\u30e3\u30ed\u30f3\u30cc\u5927\u901a\u308a\u306e\u30ab\u30c3\u30d5\u30a7 : Dans le 20e arrondissement de Paris, le cimeti\u00e8re du P\u00e8re Lachaise est une zone verte entour\u00e9e de r\u00e9sidences ouvri\u00e8res. C\u2019est aussi le quartier qui a vu \u00e9merger des tr\u00e9sors de la chanson fran\u00e7aise tels que Maurice Chevalier ou \u00c9dith Piaf, qui se sont fait conna\u00eetre en donnant des concerts dans des caf\u00e9s. Beaucoup de leurs chansons racontent ce quartier et son \u00e2me.","robots":{"index":"index","follow":"follow","max-snippet":"max-snippet:-1","max-image-preview":"max-image-preview:large","max-video-preview":"max-video-preview:-1"},"canonical":"https:\/\/www.galeriedeparis.com\/Welcome\/produit\/cafe-du-boulevard-de-charonne-cafe-of-the-boulevard-de-charonne-\u30b7\u30e3\u30ed\u30f3\u30cc\u5927\u901a\u308a\u306e\u30ab\u30c3\u30d5\u30a7\/","og_locale":"fr_FR","og_type":"article","og_title":"Caf\u00e9 du Boulevard de Charonne \/ Caf\u00e9 of the Boulevard de Charonne \/ \u30b7\u30e3\u30ed\u30f3\u30cc\u5927\u901a\u308a\u306e\u30ab\u30c3\u30d5\u30a7 - Galerie de Paris \u00a9","og_description":"Caf\u00e9 du Boulevard de Charonne \/ Caf\u00e9 of the Boulevard de Charonne \/ \u30b7\u30e3\u30ed\u30f3\u30cc\u5927\u901a\u308a\u306e\u30ab\u30c3\u30d5\u30a7 : Dans le 20e arrondissement de Paris, le cimeti\u00e8re du P\u00e8re Lachaise est une zone verte entour\u00e9e de r\u00e9sidences ouvri\u00e8res. C\u2019est aussi le quartier qui a vu \u00e9merger des tr\u00e9sors de la chanson fran\u00e7aise tels que Maurice Chevalier ou \u00c9dith Piaf, qui se sont fait conna\u00eetre en donnant des concerts dans des caf\u00e9s. Beaucoup de leurs chansons racontent ce quartier et son \u00e2me.","og_url":"https:\/\/www.galeriedeparis.com\/Welcome\/produit\/cafe-du-boulevard-de-charonne-cafe-of-the-boulevard-de-charonne-\u30b7\u30e3\u30ed\u30f3\u30cc\u5927\u901a\u308a\u306e\u30ab\u30c3\u30d5\u30a7\/","og_site_name":"Galerie de Paris \u00a9","article_publisher":"https:\/\/www.facebook.com\/GalerieDeParisAuVillageSuisse\/","article_modified_time":"2026-02-05T09:19:18+00:00","og_image":[{"width":1493,"height":1830,"url":"https:\/\/www.galeriedeparis.com\/Welcome\/wp-content\/uploads\/2026\/02\/E-108-56-AKAGI-Au-boulevard-de-Charonne-1999-logo-FDD-AKAGI.jpg","type":"image\/jpeg"}],"twitter_card":"summary_large_image","twitter_misc":{"Dur\u00e9e de lecture estim\u00e9e":"2 minutes"},"schema":{"@context":"https:\/\/schema.org","@graph":[{"@type":"WebPage","@id":"https:\/\/www.galeriedeparis.com\/Welcome\/produit\/cafe-du-boulevard-de-charonne-cafe-of-the-boulevard-de-charonne-%e3%82%b7%e3%83%a3%e3%83%ad%e3%83%b3%e3%83%8c%e5%a4%a7%e9%80%9a%e3%82%8a%e3%81%ae%e3%82%ab%e3%83%83%e3%83%95%e3%82%a7\/","url":"https:\/\/www.galeriedeparis.com\/Welcome\/produit\/cafe-du-boulevard-de-charonne-cafe-of-the-boulevard-de-charonne-%e3%82%b7%e3%83%a3%e3%83%ad%e3%83%b3%e3%83%8c%e5%a4%a7%e9%80%9a%e3%82%8a%e3%81%ae%e3%82%ab%e3%83%83%e3%83%95%e3%82%a7\/","name":"Caf\u00e9 du Boulevard de Charonne \/ Caf\u00e9 of the Boulevard de Charonne \/ \u30b7\u30e3\u30ed\u30f3\u30cc\u5927\u901a\u308a\u306e\u30ab\u30c3\u30d5\u30a7 - Galerie de Paris \u00a9","isPartOf":{"@id":"https:\/\/www.galeriedeparis.com\/Welcome\/#website"},"primaryImageOfPage":{"@id":"https:\/\/www.galeriedeparis.com\/Welcome\/produit\/cafe-du-boulevard-de-charonne-cafe-of-the-boulevard-de-charonne-%e3%82%b7%e3%83%a3%e3%83%ad%e3%83%b3%e3%83%8c%e5%a4%a7%e9%80%9a%e3%82%8a%e3%81%ae%e3%82%ab%e3%83%83%e3%83%95%e3%82%a7\/#primaryimage"},"image":{"@id":"https:\/\/www.galeriedeparis.com\/Welcome\/produit\/cafe-du-boulevard-de-charonne-cafe-of-the-boulevard-de-charonne-%e3%82%b7%e3%83%a3%e3%83%ad%e3%83%b3%e3%83%8c%e5%a4%a7%e9%80%9a%e3%82%8a%e3%81%ae%e3%82%ab%e3%83%83%e3%83%95%e3%82%a7\/#primaryimage"},"thumbnailUrl":"https:\/\/www.galeriedeparis.com\/Welcome\/wp-content\/uploads\/2026\/02\/E-108-56-AKAGI-Au-boulevard-de-Charonne-1999-logo-FDD-AKAGI.jpg","datePublished":"2026-02-05T09:10:03+00:00","dateModified":"2026-02-05T09:19:18+00:00","description":"Caf\u00e9 du Boulevard de Charonne \/ Caf\u00e9 of the Boulevard de Charonne \/ \u30b7\u30e3\u30ed\u30f3\u30cc\u5927\u901a\u308a\u306e\u30ab\u30c3\u30d5\u30a7 : Dans le 20e arrondissement de Paris, le cimeti\u00e8re du P\u00e8re Lachaise est une zone verte entour\u00e9e de r\u00e9sidences ouvri\u00e8res. C\u2019est aussi le quartier qui a vu \u00e9merger des tr\u00e9sors de la chanson fran\u00e7aise tels que Maurice Chevalier ou \u00c9dith Piaf, qui se sont fait conna\u00eetre en donnant des concerts dans des caf\u00e9s. Beaucoup de leurs chansons racontent ce quartier et son \u00e2me.","breadcrumb":{"@id":"https:\/\/www.galeriedeparis.com\/Welcome\/produit\/cafe-du-boulevard-de-charonne-cafe-of-the-boulevard-de-charonne-%e3%82%b7%e3%83%a3%e3%83%ad%e3%83%b3%e3%83%8c%e5%a4%a7%e9%80%9a%e3%82%8a%e3%81%ae%e3%82%ab%e3%83%83%e3%83%95%e3%82%a7\/#breadcrumb"},"inLanguage":"fr-FR","potentialAction":[{"@type":"ReadAction","target":["https:\/\/www.galeriedeparis.com\/Welcome\/produit\/cafe-du-boulevard-de-charonne-cafe-of-the-boulevard-de-charonne-%e3%82%b7%e3%83%a3%e3%83%ad%e3%83%b3%e3%83%8c%e5%a4%a7%e9%80%9a%e3%82%8a%e3%81%ae%e3%82%ab%e3%83%83%e3%83%95%e3%82%a7\/"]}]},{"@type":"ImageObject","inLanguage":"fr-FR","@id":"https:\/\/www.galeriedeparis.com\/Welcome\/produit\/cafe-du-boulevard-de-charonne-cafe-of-the-boulevard-de-charonne-%e3%82%b7%e3%83%a3%e3%83%ad%e3%83%b3%e3%83%8c%e5%a4%a7%e9%80%9a%e3%82%8a%e3%81%ae%e3%82%ab%e3%83%83%e3%83%95%e3%82%a7\/#primaryimage","url":"https:\/\/www.galeriedeparis.com\/Welcome\/wp-content\/uploads\/2026\/02\/E-108-56-AKAGI-Au-boulevard-de-Charonne-1999-logo-FDD-AKAGI.jpg","contentUrl":"https:\/\/www.galeriedeparis.com\/Welcome\/wp-content\/uploads\/2026\/02\/E-108-56-AKAGI-Au-boulevard-de-Charonne-1999-logo-FDD-AKAGI.jpg","width":1493,"height":1830},{"@type":"BreadcrumbList","@id":"https:\/\/www.galeriedeparis.com\/Welcome\/produit\/cafe-du-boulevard-de-charonne-cafe-of-the-boulevard-de-charonne-%e3%82%b7%e3%83%a3%e3%83%ad%e3%83%b3%e3%83%8c%e5%a4%a7%e9%80%9a%e3%82%8a%e3%81%ae%e3%82%ab%e3%83%83%e3%83%95%e3%82%a7\/#breadcrumb","itemListElement":[{"@type":"ListItem","position":1,"name":"Accueil","item":"https:\/\/www.galeriedeparis.com\/Welcome\/"},{"@type":"ListItem","position":2,"name":"Boutique","item":"https:\/\/www.galeriedeparis.com\/Welcome\/boutique\/"},{"@type":"ListItem","position":3,"name":"Caf\u00e9 du Boulevard de Charonne \/ Caf\u00e9 of the Boulevard de Charonne \/ \u30b7\u30e3\u30ed\u30f3\u30cc\u5927\u901a\u308a\u306e\u30ab\u30c3\u30d5\u30a7"}]},{"@type":"WebSite","@id":"https:\/\/www.galeriedeparis.com\/Welcome\/#website","url":"https:\/\/www.galeriedeparis.com\/Welcome\/","name":"Galerie de Paris \u00a9","description":"Les plus belles oeuvres sur Paris se trouvent \u00e0 la Galerie de Paris \u00a9 !","publisher":{"@id":"https:\/\/www.galeriedeparis.com\/Welcome\/#organization"},"potentialAction":[{"@type":"SearchAction","target":{"@type":"EntryPoint","urlTemplate":"https:\/\/www.galeriedeparis.com\/Welcome\/?s={search_term_string}"},"query-input":{"@type":"PropertyValueSpecification","valueRequired":true,"valueName":"search_term_string"}}],"inLanguage":"fr-FR"},{"@type":"Organization","@id":"https:\/\/www.galeriedeparis.com\/Welcome\/#organization","name":"Galerie de Paris \u00a9","url":"https:\/\/www.galeriedeparis.com\/Welcome\/","logo":{"@type":"ImageObject","inLanguage":"fr-FR","@id":"https:\/\/www.galeriedeparis.com\/Welcome\/#\/schema\/logo\/image\/","url":"https:\/\/www.galeriedeparis.com\/Welcome\/wp-content\/uploads\/2022\/03\/cropped-937A1B47-87A3-4339-B63B-6F00ACC81F2A-1.jpg","contentUrl":"https:\/\/www.galeriedeparis.com\/Welcome\/wp-content\/uploads\/2022\/03\/cropped-937A1B47-87A3-4339-B63B-6F00ACC81F2A-1.jpg","width":478,"height":191,"caption":"Galerie de Paris \u00a9"},"image":{"@id":"https:\/\/www.galeriedeparis.com\/Welcome\/#\/schema\/logo\/image\/"},"sameAs":["https:\/\/www.facebook.com\/GalerieDeParisAuVillageSuisse\/"]}]}},"_links":{"self":[{"href":"https:\/\/www.galeriedeparis.com\/Welcome\/wp-json\/wp\/v2\/product\/448","targetHints":{"allow":["GET"]}}],"collection":[{"href":"https:\/\/www.galeriedeparis.com\/Welcome\/wp-json\/wp\/v2\/product"}],"about":[{"href":"https:\/\/www.galeriedeparis.com\/Welcome\/wp-json\/wp\/v2\/types\/product"}],"wp:featuredmedia":[{"embeddable":true,"href":"https:\/\/www.galeriedeparis.com\/Welcome\/wp-json\/wp\/v2\/media\/449"}],"wp:attachment":[{"href":"https:\/\/www.galeriedeparis.com\/Welcome\/wp-json\/wp\/v2\/media?parent=448"}],"wp:term":[{"taxonomy":"product_brand","embeddable":true,"href":"https:\/\/www.galeriedeparis.com\/Welcome\/wp-json\/wp\/v2\/product_brand?post=448"},{"taxonomy":"product_cat","embeddable":true,"href":"https:\/\/www.galeriedeparis.com\/Welcome\/wp-json\/wp\/v2\/product_cat?post=448"},{"taxonomy":"product_tag","embeddable":true,"href":"https:\/\/www.galeriedeparis.com\/Welcome\/wp-json\/wp\/v2\/product_tag?post=448"}],"curies":[{"name":"wp","href":"https:\/\/api.w.org\/{rel}","templated":true}]}}