{"id":470,"date":"2026-03-03T11:00:01","date_gmt":"2026-03-03T10:00:01","guid":{"rendered":"https:\/\/www.galeriedeparis.com\/Welcome\/?post_type=product&#038;p=470"},"modified":"2026-03-05T19:18:48","modified_gmt":"2026-03-05T18:18:48","slug":"le-14-juillet-a-la-place-de-la-concorde-e-98","status":"publish","type":"product","link":"https:\/\/www.galeriedeparis.com\/Welcome\/produit\/le-14-juillet-a-la-place-de-la-concorde-e-98\/","title":{"rendered":"Le 14 juillet \u00e0 la place de la Concorde E-098"},"content":{"rendered":"<p><b>Titre : Le 14 juillet \u00e0 la place de la Concorde,<br \/>\n<\/b><b>The 14th of July, Place de la Concorde,\u00a0<\/b><b>\u4e03\u6708\u5341\u56db\u65e5<\/b><b>\u306e\u30b3\u30f3\u30b3\u30eb\u30c9<\/b><b>\u5e83\u5834<\/b><\/p>\n<p>Cr\u00e9ateur : Kojiro Akagi (1934-2021)<br \/>\nDate : Mai 1997 \/ May 1997<br \/>\nType : Lithographie<br \/>\nAtelier : Format : 36 x 40 cm \/ 14.17 x 15.75 in<br \/>\nTirage : 120 tirages + 5 E.A. romain,sur papier BFK Rives 48 x 53 cm.<\/p>\n<p>Collection : <a href=\"https:\/\/www.galeriedeparis.com\/Welcome\/produit\/catalogue-raisonne-n-1\/\" target=\"_blank\" rel=\"noopener\">Catalogue Raisonn\u00e9 1 page 43 \/ Catalog Raisonn\u00e9 1 \/ \u30ab\u30bf\u30ed\u30b0\u30fb\u30ec\u30be\u30cd 1<\/a><\/p>\n<p>Identifiant : E-098<\/p>\n<p>Droits : <a href=\"https:\/\/www.kojiroakagi.com\/kojiroakagi_wp\/\">\u00a9 Fonds de dotation Kojiro AKAGI<\/a>, <a href=\"https:\/\/www.adagp.fr\/fr\/jutilise-ou-vends-une-oeuvre\/ma-boite-outils\/tarifs\">\u00a9 ADAGP<\/a><\/p>\n<hr \/>\n<p><b>Le 14 juillet \u00e0 la Place\u00a0<\/b><b>de la Concorde<\/b><\/p>\n<p>Voici le feu d\u2019artifice du 14 juillet, vu de la terrasse situ\u00e9e devant le mus\u00e9e du Jeu de Paume au bout du jardin des Tuileries. L\u2019Ob\u00e9lisque provient du temple de Louxor. Il est l\u2019un des deux\u00a0exemplaires \u00e9rig\u00e9s \u00e0 l\u2019entr\u00e9e du temple, l\u2019autre est rest\u00e9 \u00e0 son emplacement d\u2019origine. Il ne\u00a0s\u2019agit pas d\u2019un troph\u00e9e de guerre : il est offert\u00a0\u00e0 la France en 1829 par le vice-roi d\u2019\u00c9gypte de\u00a0l\u2019\u00e9poque. Il a fallu quatre ann\u00e9es pour le transporter ! Depuis 1836, il se dresse au centre de la\u00a0place de la Concorde.<\/p>\n<p>Si on me demande quel est le plus ancien monument parisien, ma r\u00e9ponse est sans nul doute cet ob\u00e9lisque. R\u00e9cemment, la pointe a \u00e9t\u00e9 coiff\u00e9e\u00a0de dorure, afin de le prot\u00e9ger des pluies acides.<\/p>\n<p>Derni\u00e8re lui, au loin, on aper\u00e7oit la tour Eiffel\u00a0construite en 1889. C\u2019est l\u00e0 qu\u2019on tire tous les ans les c\u00e9l\u00e8bres feux d\u2019artifice du 14 juillet, qui\u00a0comm\u00e9morent la prise de la Bastille et la fin de la\u00a0monarchie absolue en France<\/p>\n<hr \/>\n<p><b>Le 14 Juillet, \u00e0 la Place de la Concorde<\/b><\/p>\n<p>This is a view of fireworks on Bastille Day from the terrace opposite Jewelery de Paume Museum of Art located in the north corner of the Tuileries Gardens.<\/p>\n<p>The Obelisk of Luxor Temple was a gift sent to Paris from the Egyptian Viceroy\u00a0in 1829, not something the French took as a war trophy. It took four years for\u00a0the obelisk and its 34 centuries of history to arrive in Paris and it is to be found\u00a0in the centre of Place de la Concorde. It was one of two obelisks which stood on\u00a0both sides of the temple. The other obelisk can still be seen in its original place\u00a0in Egypt. If someone asks what the oldest monument in Paris is, surely this is it.<\/p>\n<p>Unfortunately the apex of the obelisk has started to disintegrate due to acid rain,\u00a0so a triangular metal protective piece was added recently. On the other side of\u00a0this, in the distance, the Eiffel Tower, built in 1889, may be seen. The fireworks are\u00a0launched around Torocadero park every year on Bastille Day.<\/p>\n<hr \/>\n<p><b>\u4e03\u6708\u5341\u56db\u65e5\u306e\u30b3\u30f3\u30b3\u30eb\u30c9\u5e83\u5834<\/b><\/p>\n<p>\u30c1\u30e5\u30a4\u30eb\u30ea\u30fc\u516c\u5712\u306e\u7aef\u3001\u30b8\u30e5\u30a6\u30fb\u30c9\u30fb\u30dd\u30fc\u30e0\u7f8e\u8853\u9928\u306e\u524d\u306e\u30c6\u30e9\u30b9\u304b\u3089\u3001<\/p>\n<p>\u9769\u547d\u8a18\u5ff5\u65e5\u306e\u82b1\u706b\u304c\u6253\u3061\u4e0a\u304c\u308b\u306e\u3092\u3001\u773a\u3081\u305f\u3068\u3053\u308d\u3002<\/p>\n<p>\u30a8\u30b8\u30d7\u30c8\u306e\u30ea\u30e5\u30af\u30bd\u30fc\u30eb\u795e\u6bbf\u304b\u3089\u3001\u4e00\u516b\u4e8c\u4e5d\u5e74\u3001\u5f53\u6642\u306e\u30a8\u30b8\u30d7\u30c8\u592a\u5b88<\/p>\n<p>\u306b\u3088\u3063\u3066\u30d5\u30e9\u30f3\u30b9\u306b\u8d08\u308a\u7269\u306b\u3055\u308c\u305f\u3082\u306e\u3067\u3001\u6226\u5229\u54c1\u3067\u596a\u3063\u3066\u304d\u305f\u3082\u306e\u3067<\/p>\n<p>\u306f\u306a\u3044\u3002\u56db\u5e74\u304c\u304b\u308a\u3067\u7121\u4e8b\u30d1\u30ea\u306b\u5c4a\u3044\u3066\u3001\u4e09\u5341\u56db\u4e16\u7d00\u306e\u5e74\u6708\u3092\u3078\u305f\u30aa<\/p>\n<p>\u30d9\u30ea\u30b9\u30af\u304c\u3001\u5e83\u5834\u306e\u4e2d\u592e\u306b\u7121\u4e8b\u7acb\u3063\u3066\u3044\u308b\u3002\u795e\u6bbf\u5165\u308a\u53e3\u306b\u4e8c\u672c\u4e26\u3093\u3067\u5efa<\/p>\n<p>\u3063\u3066\u3044\u305f\u3082\u306e\u3067\u3001\u305d\u306e\u6b8b\u308a\u306e\u4e00\u672c\u306f\u3001\u73fe\u5728\u3067\u3082\u30a8\u30b8\u30d7\u30c8\u306e\u5143\u306e\u5834\u6240\u3067\u898b<\/p>\n<p>\u3089\u308c\u308b\u3002\u30d1\u30ea\u6700\u53e4\u306e\u5efa\u7269\u306f\u3068\u8cea\u554f\u3055\u308c\u305f\u3089\u3001\u9593\u9055\u3044\u306a\u304f\u3053\u306e\u30aa\u30d9\u30ea\u30b9\u30af<\/p>\n<p>\u3067\u3042\u308b\u3002\u30aa\u30d9\u30ea\u30b9\u30af\u306e\u5148\u982d\u304c\u3001\u6392\u6c17\u30ac\u30b9\u3092\u542b\u3093\u3060\u96e8\u3067\u6eb6\u3051\u51fa\u3057\u305f\u306e\u3067\u3001<\/p>\n<p>\u8fd1\u5e74\u306f\u91d1\u5c5e\u306e\u4e09\u89d2\u5e3d\u5b50\u304c\u304b\u3076\u305b\u3089\u308c\u3066\u3042\u308b\u3002\u5411\u3053\u3046\u306e\u9060\u65b9\u306b\u3001\u4e00\u516b\u516b<\/p>\n<p>\u4e5d\u5e74\u306b\u5efa\u3066\u3089\u308c\u305f\u30a8\u30c3\u30d5\u30a7\u30eb\u5854\u3082\u898b\u3048\u3066\u3001\u30c8\u30ed\u30ab\u30c7\u30ed\u516c\u5712\u306e\u3042\u305f\u308a\u306e\u5e83<\/p>\n<p>\u5834\u3067\u3001\u82b1\u706b\u6bce\u5e74\u9769\u547d\u8a18\u5ff5\u65e5\u306b\u3001\u590f\u306e\u591c\u7a7a\u306b\u6253\u3061\u4e0a\u3052\u3089\u308c\u308b\u3002<\/p>\n<hr \/>\n<p>&nbsp;<\/p>\n<p>&nbsp;<\/p>\n","protected":false},"excerpt":{"rendered":"<p><b>Le 14 juillet \u00e0 la place de la Concorde,\u00a0<\/b><b>The 14th of July, Place de la Concorde,\u00a0<\/b><b>\u4e03\u6708\u5341\u56db\u65e5<\/b><b>\u306e\u30b3\u30f3\u30b3\u30eb\u30c9<\/b><b>\u5e83\u5834<\/b><\/p>\n","protected":false},"featured_media":477,"template":"","meta":[],"product_brand":[104],"product_cat":[69,153],"product_tag":[191,194,73,171,195,185,196,77,187,105,192,193,189,188,186,190],"class_list":{"0":"post-470","1":"product","2":"type-product","3":"status-publish","4":"has-post-thumbnail","6":"product_brand-akagi","7":"product_cat-akagi-kojiro","8":"product_cat-lithographie","9":"product_tag-14-juillet","10":"product_tag-194","11":"product_tag-akagi","12":"product_tag-bfk-rives","13":"product_tag-catalog-raisonne-1","14":"product_tag-catalogue-raisonne-1","15":"product_tag-e-98","16":"product_tag-kojiro-akagi","17":"product_tag-le-14-juillet-a-la-place-de-la-concorde","18":"product_tag-lithographie","19":"product_tag-mai-1997","20":"product_tag-may-1997","21":"product_tag-place-de-la-concorde","22":"product_tag-the-14th-of-july","23":"product_tag-186","24":"product_tag-190","26":"first","27":"outofstock","28":"taxable","29":"shipping-taxable","30":"purchasable","31":"product-type-simple"},"yoast_head":"<!-- This site is optimized with the Yoast SEO plugin v27.5 - https:\/\/yoast.com\/product\/yoast-seo-wordpress\/ -->\n<title>Le 14 juillet \u00e0 la place de la Concorde E-098 - Galerie de Paris \u00a9<\/title>\n<meta name=\"description\" content=\"Le 14 juillet \u00e0 la place de la Concorde, The 14th of July, Place de la Concorde,\u00a0\u4e03\u6708\u5341\u56db\u65e5\u306e\u30b3\u30f3\u30b3\u30eb\u30c9\u5e83\u5834 - Cr\u00e9ateur : Kojiro Akagi (1934-2021) - Date : Mai 1997 \/ May 1997 - Type : Lithographie - Atelier : Format : 36 x 40 cm \/ 14.17 x 15.75 in - Tirage : 120 tirages + 5 E.A. romain, sur papier BFK Rives 48 x 53 cm. - Collection : Catalogue Raisonn\u00e9 1 page 43 \/ Catalog Raisonn\u00e9 1 \/ \u30ab\u30bf\u30ed\u30b0\u30fb\u30ec\u30be\u30cd 1\" \/>\n<meta name=\"robots\" content=\"index, follow, max-snippet:-1, max-image-preview:large, max-video-preview:-1\" \/>\n<link rel=\"canonical\" href=\"https:\/\/www.galeriedeparis.com\/Welcome\/produit\/le-14-juillet-a-la-place-de-la-concorde-e-98\/\" \/>\n<meta property=\"og:locale\" content=\"fr_FR\" \/>\n<meta property=\"og:type\" content=\"article\" \/>\n<meta property=\"og:title\" content=\"Le 14 juillet \u00e0 la place de la Concorde E-098 - Galerie de Paris \u00a9\" \/>\n<meta property=\"og:description\" content=\"Le 14 juillet \u00e0 la place de la Concorde, The 14th of July, Place de la Concorde,\u00a0\u4e03\u6708\u5341\u56db\u65e5\u306e\u30b3\u30f3\u30b3\u30eb\u30c9\u5e83\u5834 - Cr\u00e9ateur : Kojiro Akagi (1934-2021) - Date : Mai 1997 \/ May 1997 - Type : Lithographie - Atelier : Format : 36 x 40 cm \/ 14.17 x 15.75 in - Tirage : 120 tirages + 5 E.A. romain, sur papier BFK Rives 48 x 53 cm. - Collection : Catalogue Raisonn\u00e9 1 page 43 \/ Catalog Raisonn\u00e9 1 \/ \u30ab\u30bf\u30ed\u30b0\u30fb\u30ec\u30be\u30cd 1\" \/>\n<meta property=\"og:url\" content=\"https:\/\/www.galeriedeparis.com\/Welcome\/produit\/le-14-juillet-a-la-place-de-la-concorde-e-98\/\" \/>\n<meta property=\"og:site_name\" content=\"Galerie de Paris \u00a9\" \/>\n<meta property=\"article:publisher\" content=\"https:\/\/www.facebook.com\/GalerieDeParisAuVillageSuisse\/\" \/>\n<meta property=\"article:modified_time\" content=\"2026-03-05T18:18:48+00:00\" \/>\n<meta property=\"og:image\" content=\"https:\/\/www.galeriedeparis.com\/Welcome\/wp-content\/uploads\/2026\/03\/E-098-Le-14-juillet-a-la-place-de-la-Concorde-AKAGI-1997-WP.jpg\" \/>\n\t<meta property=\"og:image:width\" content=\"1728\" \/>\n\t<meta property=\"og:image:height\" content=\"1557\" \/>\n\t<meta property=\"og:image:type\" content=\"image\/jpeg\" \/>\n<meta name=\"twitter:card\" content=\"summary_large_image\" \/>\n<meta name=\"twitter:label1\" content=\"Dur\u00e9e de lecture estim\u00e9e\" \/>\n\t<meta name=\"twitter:data1\" content=\"3 minutes\" \/>\n<script type=\"application\/ld+json\" class=\"yoast-schema-graph\">{\"@context\":\"https:\\\/\\\/schema.org\",\"@graph\":[{\"@type\":\"WebPage\",\"@id\":\"https:\\\/\\\/www.galeriedeparis.com\\\/Welcome\\\/produit\\\/le-14-juillet-a-la-place-de-la-concorde-e-98\\\/\",\"url\":\"https:\\\/\\\/www.galeriedeparis.com\\\/Welcome\\\/produit\\\/le-14-juillet-a-la-place-de-la-concorde-e-98\\\/\",\"name\":\"Le 14 juillet \u00e0 la place de la Concorde E-098 - Galerie de Paris \u00a9\",\"isPartOf\":{\"@id\":\"https:\\\/\\\/www.galeriedeparis.com\\\/Welcome\\\/#website\"},\"primaryImageOfPage\":{\"@id\":\"https:\\\/\\\/www.galeriedeparis.com\\\/Welcome\\\/produit\\\/le-14-juillet-a-la-place-de-la-concorde-e-98\\\/#primaryimage\"},\"image\":{\"@id\":\"https:\\\/\\\/www.galeriedeparis.com\\\/Welcome\\\/produit\\\/le-14-juillet-a-la-place-de-la-concorde-e-98\\\/#primaryimage\"},\"thumbnailUrl\":\"https:\\\/\\\/www.galeriedeparis.com\\\/Welcome\\\/wp-content\\\/uploads\\\/2026\\\/03\\\/E-098-Le-14-juillet-a-la-place-de-la-Concorde-AKAGI-1997-WP.jpg\",\"datePublished\":\"2026-03-03T10:00:01+00:00\",\"dateModified\":\"2026-03-05T18:18:48+00:00\",\"description\":\"Le 14 juillet \u00e0 la place de la Concorde, The 14th of July, Place de la Concorde,\u00a0\u4e03\u6708\u5341\u56db\u65e5\u306e\u30b3\u30f3\u30b3\u30eb\u30c9\u5e83\u5834 - Cr\u00e9ateur : Kojiro Akagi (1934-2021) - Date : Mai 1997 \\\/ May 1997 - Type : Lithographie - Atelier : Format : 36 x 40 cm \\\/ 14.17 x 15.75 in - Tirage : 120 tirages + 5 E.A. romain, sur papier BFK Rives 48 x 53 cm. - Collection : Catalogue Raisonn\u00e9 1 page 43 \\\/ Catalog Raisonn\u00e9 1 \\\/ \u30ab\u30bf\u30ed\u30b0\u30fb\u30ec\u30be\u30cd 1\",\"breadcrumb\":{\"@id\":\"https:\\\/\\\/www.galeriedeparis.com\\\/Welcome\\\/produit\\\/le-14-juillet-a-la-place-de-la-concorde-e-98\\\/#breadcrumb\"},\"inLanguage\":\"fr-FR\",\"potentialAction\":[{\"@type\":\"ReadAction\",\"target\":[\"https:\\\/\\\/www.galeriedeparis.com\\\/Welcome\\\/produit\\\/le-14-juillet-a-la-place-de-la-concorde-e-98\\\/\"]}]},{\"@type\":\"ImageObject\",\"inLanguage\":\"fr-FR\",\"@id\":\"https:\\\/\\\/www.galeriedeparis.com\\\/Welcome\\\/produit\\\/le-14-juillet-a-la-place-de-la-concorde-e-98\\\/#primaryimage\",\"url\":\"https:\\\/\\\/www.galeriedeparis.com\\\/Welcome\\\/wp-content\\\/uploads\\\/2026\\\/03\\\/E-098-Le-14-juillet-a-la-place-de-la-Concorde-AKAGI-1997-WP.jpg\",\"contentUrl\":\"https:\\\/\\\/www.galeriedeparis.com\\\/Welcome\\\/wp-content\\\/uploads\\\/2026\\\/03\\\/E-098-Le-14-juillet-a-la-place-de-la-Concorde-AKAGI-1997-WP.jpg\",\"width\":1728,\"height\":1557},{\"@type\":\"BreadcrumbList\",\"@id\":\"https:\\\/\\\/www.galeriedeparis.com\\\/Welcome\\\/produit\\\/le-14-juillet-a-la-place-de-la-concorde-e-98\\\/#breadcrumb\",\"itemListElement\":[{\"@type\":\"ListItem\",\"position\":1,\"name\":\"Accueil\",\"item\":\"https:\\\/\\\/www.galeriedeparis.com\\\/Welcome\\\/\"},{\"@type\":\"ListItem\",\"position\":2,\"name\":\"Boutique\",\"item\":\"https:\\\/\\\/www.galeriedeparis.com\\\/Welcome\\\/boutique\\\/\"},{\"@type\":\"ListItem\",\"position\":3,\"name\":\"Le 14 juillet \u00e0 la place de la Concorde E-098\"}]},{\"@type\":\"WebSite\",\"@id\":\"https:\\\/\\\/www.galeriedeparis.com\\\/Welcome\\\/#website\",\"url\":\"https:\\\/\\\/www.galeriedeparis.com\\\/Welcome\\\/\",\"name\":\"Galerie de Paris \u00a9\",\"description\":\"Les plus belles oeuvres sur Paris se trouvent \u00e0 la Galerie de Paris \u00a9 !\",\"publisher\":{\"@id\":\"https:\\\/\\\/www.galeriedeparis.com\\\/Welcome\\\/#organization\"},\"potentialAction\":[{\"@type\":\"SearchAction\",\"target\":{\"@type\":\"EntryPoint\",\"urlTemplate\":\"https:\\\/\\\/www.galeriedeparis.com\\\/Welcome\\\/?s={search_term_string}\"},\"query-input\":{\"@type\":\"PropertyValueSpecification\",\"valueRequired\":true,\"valueName\":\"search_term_string\"}}],\"inLanguage\":\"fr-FR\"},{\"@type\":\"Organization\",\"@id\":\"https:\\\/\\\/www.galeriedeparis.com\\\/Welcome\\\/#organization\",\"name\":\"Galerie de Paris \u00a9\",\"url\":\"https:\\\/\\\/www.galeriedeparis.com\\\/Welcome\\\/\",\"logo\":{\"@type\":\"ImageObject\",\"inLanguage\":\"fr-FR\",\"@id\":\"https:\\\/\\\/www.galeriedeparis.com\\\/Welcome\\\/#\\\/schema\\\/logo\\\/image\\\/\",\"url\":\"https:\\\/\\\/www.galeriedeparis.com\\\/Welcome\\\/wp-content\\\/uploads\\\/2022\\\/03\\\/cropped-937A1B47-87A3-4339-B63B-6F00ACC81F2A-1.jpg\",\"contentUrl\":\"https:\\\/\\\/www.galeriedeparis.com\\\/Welcome\\\/wp-content\\\/uploads\\\/2022\\\/03\\\/cropped-937A1B47-87A3-4339-B63B-6F00ACC81F2A-1.jpg\",\"width\":478,\"height\":191,\"caption\":\"Galerie de Paris \u00a9\"},\"image\":{\"@id\":\"https:\\\/\\\/www.galeriedeparis.com\\\/Welcome\\\/#\\\/schema\\\/logo\\\/image\\\/\"},\"sameAs\":[\"https:\\\/\\\/www.facebook.com\\\/GalerieDeParisAuVillageSuisse\\\/\"]}]}<\/script>\n<!-- \/ Yoast SEO plugin. -->","yoast_head_json":{"title":"Le 14 juillet \u00e0 la place de la Concorde E-098 - Galerie de Paris \u00a9","description":"Le 14 juillet \u00e0 la place de la Concorde, The 14th of July, Place de la Concorde,\u00a0\u4e03\u6708\u5341\u56db\u65e5\u306e\u30b3\u30f3\u30b3\u30eb\u30c9\u5e83\u5834 - Cr\u00e9ateur : Kojiro Akagi (1934-2021) - Date : Mai 1997 \/ May 1997 - Type : Lithographie - Atelier : Format : 36 x 40 cm \/ 14.17 x 15.75 in - Tirage : 120 tirages + 5 E.A. romain, sur papier BFK Rives 48 x 53 cm. - Collection : Catalogue Raisonn\u00e9 1 page 43 \/ Catalog Raisonn\u00e9 1 \/ \u30ab\u30bf\u30ed\u30b0\u30fb\u30ec\u30be\u30cd 1","robots":{"index":"index","follow":"follow","max-snippet":"max-snippet:-1","max-image-preview":"max-image-preview:large","max-video-preview":"max-video-preview:-1"},"canonical":"https:\/\/www.galeriedeparis.com\/Welcome\/produit\/le-14-juillet-a-la-place-de-la-concorde-e-98\/","og_locale":"fr_FR","og_type":"article","og_title":"Le 14 juillet \u00e0 la place de la Concorde E-098 - Galerie de Paris \u00a9","og_description":"Le 14 juillet \u00e0 la place de la Concorde, The 14th of July, Place de la Concorde,\u00a0\u4e03\u6708\u5341\u56db\u65e5\u306e\u30b3\u30f3\u30b3\u30eb\u30c9\u5e83\u5834 - Cr\u00e9ateur : Kojiro Akagi (1934-2021) - Date : Mai 1997 \/ May 1997 - Type : Lithographie - Atelier : Format : 36 x 40 cm \/ 14.17 x 15.75 in - Tirage : 120 tirages + 5 E.A. romain, sur papier BFK Rives 48 x 53 cm. - Collection : Catalogue Raisonn\u00e9 1 page 43 \/ Catalog Raisonn\u00e9 1 \/ \u30ab\u30bf\u30ed\u30b0\u30fb\u30ec\u30be\u30cd 1","og_url":"https:\/\/www.galeriedeparis.com\/Welcome\/produit\/le-14-juillet-a-la-place-de-la-concorde-e-98\/","og_site_name":"Galerie de Paris \u00a9","article_publisher":"https:\/\/www.facebook.com\/GalerieDeParisAuVillageSuisse\/","article_modified_time":"2026-03-05T18:18:48+00:00","og_image":[{"width":1728,"height":1557,"url":"https:\/\/www.galeriedeparis.com\/Welcome\/wp-content\/uploads\/2026\/03\/E-098-Le-14-juillet-a-la-place-de-la-Concorde-AKAGI-1997-WP.jpg","type":"image\/jpeg"}],"twitter_card":"summary_large_image","twitter_misc":{"Dur\u00e9e de lecture estim\u00e9e":"3 minutes"},"schema":{"@context":"https:\/\/schema.org","@graph":[{"@type":"WebPage","@id":"https:\/\/www.galeriedeparis.com\/Welcome\/produit\/le-14-juillet-a-la-place-de-la-concorde-e-98\/","url":"https:\/\/www.galeriedeparis.com\/Welcome\/produit\/le-14-juillet-a-la-place-de-la-concorde-e-98\/","name":"Le 14 juillet \u00e0 la place de la Concorde E-098 - Galerie de Paris \u00a9","isPartOf":{"@id":"https:\/\/www.galeriedeparis.com\/Welcome\/#website"},"primaryImageOfPage":{"@id":"https:\/\/www.galeriedeparis.com\/Welcome\/produit\/le-14-juillet-a-la-place-de-la-concorde-e-98\/#primaryimage"},"image":{"@id":"https:\/\/www.galeriedeparis.com\/Welcome\/produit\/le-14-juillet-a-la-place-de-la-concorde-e-98\/#primaryimage"},"thumbnailUrl":"https:\/\/www.galeriedeparis.com\/Welcome\/wp-content\/uploads\/2026\/03\/E-098-Le-14-juillet-a-la-place-de-la-Concorde-AKAGI-1997-WP.jpg","datePublished":"2026-03-03T10:00:01+00:00","dateModified":"2026-03-05T18:18:48+00:00","description":"Le 14 juillet \u00e0 la place de la Concorde, The 14th of July, Place de la Concorde,\u00a0\u4e03\u6708\u5341\u56db\u65e5\u306e\u30b3\u30f3\u30b3\u30eb\u30c9\u5e83\u5834 - Cr\u00e9ateur : Kojiro Akagi (1934-2021) - Date : Mai 1997 \/ May 1997 - Type : Lithographie - Atelier : Format : 36 x 40 cm \/ 14.17 x 15.75 in - Tirage : 120 tirages + 5 E.A. romain, sur papier BFK Rives 48 x 53 cm. - Collection : Catalogue Raisonn\u00e9 1 page 43 \/ Catalog Raisonn\u00e9 1 \/ \u30ab\u30bf\u30ed\u30b0\u30fb\u30ec\u30be\u30cd 1","breadcrumb":{"@id":"https:\/\/www.galeriedeparis.com\/Welcome\/produit\/le-14-juillet-a-la-place-de-la-concorde-e-98\/#breadcrumb"},"inLanguage":"fr-FR","potentialAction":[{"@type":"ReadAction","target":["https:\/\/www.galeriedeparis.com\/Welcome\/produit\/le-14-juillet-a-la-place-de-la-concorde-e-98\/"]}]},{"@type":"ImageObject","inLanguage":"fr-FR","@id":"https:\/\/www.galeriedeparis.com\/Welcome\/produit\/le-14-juillet-a-la-place-de-la-concorde-e-98\/#primaryimage","url":"https:\/\/www.galeriedeparis.com\/Welcome\/wp-content\/uploads\/2026\/03\/E-098-Le-14-juillet-a-la-place-de-la-Concorde-AKAGI-1997-WP.jpg","contentUrl":"https:\/\/www.galeriedeparis.com\/Welcome\/wp-content\/uploads\/2026\/03\/E-098-Le-14-juillet-a-la-place-de-la-Concorde-AKAGI-1997-WP.jpg","width":1728,"height":1557},{"@type":"BreadcrumbList","@id":"https:\/\/www.galeriedeparis.com\/Welcome\/produit\/le-14-juillet-a-la-place-de-la-concorde-e-98\/#breadcrumb","itemListElement":[{"@type":"ListItem","position":1,"name":"Accueil","item":"https:\/\/www.galeriedeparis.com\/Welcome\/"},{"@type":"ListItem","position":2,"name":"Boutique","item":"https:\/\/www.galeriedeparis.com\/Welcome\/boutique\/"},{"@type":"ListItem","position":3,"name":"Le 14 juillet \u00e0 la place de la Concorde E-098"}]},{"@type":"WebSite","@id":"https:\/\/www.galeriedeparis.com\/Welcome\/#website","url":"https:\/\/www.galeriedeparis.com\/Welcome\/","name":"Galerie de Paris \u00a9","description":"Les plus belles oeuvres sur Paris se trouvent \u00e0 la Galerie de Paris \u00a9 !","publisher":{"@id":"https:\/\/www.galeriedeparis.com\/Welcome\/#organization"},"potentialAction":[{"@type":"SearchAction","target":{"@type":"EntryPoint","urlTemplate":"https:\/\/www.galeriedeparis.com\/Welcome\/?s={search_term_string}"},"query-input":{"@type":"PropertyValueSpecification","valueRequired":true,"valueName":"search_term_string"}}],"inLanguage":"fr-FR"},{"@type":"Organization","@id":"https:\/\/www.galeriedeparis.com\/Welcome\/#organization","name":"Galerie de Paris \u00a9","url":"https:\/\/www.galeriedeparis.com\/Welcome\/","logo":{"@type":"ImageObject","inLanguage":"fr-FR","@id":"https:\/\/www.galeriedeparis.com\/Welcome\/#\/schema\/logo\/image\/","url":"https:\/\/www.galeriedeparis.com\/Welcome\/wp-content\/uploads\/2022\/03\/cropped-937A1B47-87A3-4339-B63B-6F00ACC81F2A-1.jpg","contentUrl":"https:\/\/www.galeriedeparis.com\/Welcome\/wp-content\/uploads\/2022\/03\/cropped-937A1B47-87A3-4339-B63B-6F00ACC81F2A-1.jpg","width":478,"height":191,"caption":"Galerie de Paris \u00a9"},"image":{"@id":"https:\/\/www.galeriedeparis.com\/Welcome\/#\/schema\/logo\/image\/"},"sameAs":["https:\/\/www.facebook.com\/GalerieDeParisAuVillageSuisse\/"]}]}},"_links":{"self":[{"href":"https:\/\/www.galeriedeparis.com\/Welcome\/wp-json\/wp\/v2\/product\/470","targetHints":{"allow":["GET"]}}],"collection":[{"href":"https:\/\/www.galeriedeparis.com\/Welcome\/wp-json\/wp\/v2\/product"}],"about":[{"href":"https:\/\/www.galeriedeparis.com\/Welcome\/wp-json\/wp\/v2\/types\/product"}],"wp:featuredmedia":[{"embeddable":true,"href":"https:\/\/www.galeriedeparis.com\/Welcome\/wp-json\/wp\/v2\/media\/477"}],"wp:attachment":[{"href":"https:\/\/www.galeriedeparis.com\/Welcome\/wp-json\/wp\/v2\/media?parent=470"}],"wp:term":[{"taxonomy":"product_brand","embeddable":true,"href":"https:\/\/www.galeriedeparis.com\/Welcome\/wp-json\/wp\/v2\/product_brand?post=470"},{"taxonomy":"product_cat","embeddable":true,"href":"https:\/\/www.galeriedeparis.com\/Welcome\/wp-json\/wp\/v2\/product_cat?post=470"},{"taxonomy":"product_tag","embeddable":true,"href":"https:\/\/www.galeriedeparis.com\/Welcome\/wp-json\/wp\/v2\/product_tag?post=470"}],"curies":[{"name":"wp","href":"https:\/\/api.w.org\/{rel}","templated":true}]}}