{"id":478,"date":"2026-03-05T22:12:37","date_gmt":"2026-03-05T21:12:37","guid":{"rendered":"https:\/\/www.galeriedeparis.com\/Welcome\/?post_type=product&#038;p=478"},"modified":"2026-03-05T22:43:09","modified_gmt":"2026-03-05T21:43:09","slug":"e-007-theatre-de-la-renaissance-%e3%83%ab%e3%83%8d%e3%83%83%e3%82%b5%e3%83%b3%e3%82%b9%e5%8a%87%e5%a0%b4","status":"publish","type":"product","link":"https:\/\/www.galeriedeparis.com\/Welcome\/produit\/e-007-theatre-de-la-renaissance-%e3%83%ab%e3%83%8d%e3%83%83%e3%82%b5%e3%83%b3%e3%82%b9%e5%8a%87%e5%a0%b4\/","title":{"rendered":"E-007 Th\u00e9\u00e2tre de la Renaissance, \u30eb\u30cd\u30c3\u30b5\u30f3\u30b9\u5287\u5834"},"content":{"rendered":"<p>Titre : Th\u00e9\u00e2tre de la Renaissance, \u30eb\u30cd\u30c3\u30b5\u30f3\u30b9\u5287\u5834<br \/>\nCr\u00e9ateur : Kojiro Akagi (1934-2021)<br \/>\nDate : D\u00e9cembre 1977 \/ December 1977<br \/>\nFormat : S\u00e9rigraphie, Atelier Del Arco, 35 tirages + 6 E.A. romain, sur papier Arches 50 x 65 cm.<br \/>\nType : S\u00e9rigraphie<\/p>\n<p><b>Collection : <\/b><a href=\"https:\/\/kojiroakagi.com\/gallery\/collections\/show\/2\">Cent vues de Paris page 93 \/ 100 views of Paris in lithography \/ \u30a2\u30ab\u30ae\u306e\u7248\u753b\u30d1\u30ea\u767e\u666f<\/a><\/p>\n<p>Droits : <a href=\"https:\/\/www.kojiroakagi.com\/kojiroakagi_wp\/\">\u00a9 Fonds de dotation Kojiro AKAGI<\/a>, <a href=\"https:\/\/www.adagp.fr\/fr\/jutilise-ou-vends-une-oeuvre\/ma-boite-outils\/tarifs\">\u00a9 ADAGP<\/a><\/p>\n<p>&nbsp;<\/p>\n<hr \/>\n<p><strong>Le Th\u00e9\u00e2tre de la Renaissance<\/strong><\/p>\n<p>Construit en 1873, le lieu est g\u00e9r\u00e9 par l\u2019actrice Sarah Bernhardt et accueille sa compagnie en r\u00e9sidence de 1893 \u00e0 1899. Lorsque la troupe rencontrait des difficult\u00e9s financi\u00e8res, elle partait en tourn\u00e9es en Am\u00e9rique du Nord et du Sud.<\/p>\n<p>La situation du monde du spectacle n\u2019a gu\u00e8re chang\u00e9 et, aujourd\u2019hui encore, l\u2019Op\u00e9ra de Paris est financ\u00e9 aux deux tiers par des subventions publiques, autrement dit gr\u00e2ce aux imp\u00f4ts. C\u2019est la raison pour laquelle les compagnies organisent r\u00e9guli\u00e8rement des tourn\u00e9es, comme celles qu\u2019ils font au Japon pour engranger d\u2019autres sources<\/p>\n<p>de revenus. Le secteur du th\u00e9\u00e2tre est tr\u00e8s loin d\u2019atteindre son autonomie financi\u00e8re. Avec le th\u00e9\u00e2tre Saint-Martin et le Th\u00e9\u00e2tre de l\u2019Ambigu-Comique, ce sont donc trois th\u00e9\u00e2tres qui jouxtent la Porte Saint-Martin sur le boulevard menant \u00e0 la<\/p>\n<p>place de la R\u00e9publique. Ce quartier des th\u00e9\u00e2tres \u00e9tait surnomm\u00e9 le \u00ab boulevard du crime \u00bb, parce que c\u2019\u00e9tait le th\u00e8me de pr\u00e9dilection des pi\u00e8ces \u00e0 l\u2019affiche, th\u00e8me tr\u00e8s pris\u00e9 des spectateurs. On disait que, chaque soir, on comptait pr\u00e8s de 12000<\/p>\n<p>meurtres commis sur les diff\u00e9rentes sc\u00e8nes. Aujourd\u2019hui encore en France, les s\u00e9ries polici\u00e8res, diffus\u00e9es quotidiennement \u00e0 la t\u00e9l\u00e9, restent tr\u00e8s populaires. Les Grands Boulevards ont conserv\u00e9 une ambiance anim\u00e9e jusqu\u2019\u00e0 ce jour.<\/p>\n<p>&nbsp;<\/p>\n<p><strong>Th\u00e9\u00e2tre de la Renaissance<\/strong><\/p>\n<p>This place was built in 1873 and the well-known actress Sarah Bernhardt was<\/p>\n<p>based in and ran it from 1893 to 1899. When the theatre company suffered due to<\/p>\n<p>lack of funds, this famous actress held performances all over in North and South<\/p>\n<p>America to raise funds and kept it going so there is little difference between the<\/p>\n<p>current industry and the past one. Even today, two-thirds of the annual budget for<\/p>\n<p>l\u2019Op\u00e9ra in Paris is financed by cultural subsidies from the country, that is to say the<\/p>\n<p>taxpayer. Furthermore, overseas performances including tours to Japan generate<\/p>\n<p>periodical annual income which can\u2019t sustain financial independence.<\/p>\n<p>While this theatre stands beside the triumphal arch of the Porte Saint-Martin,<\/p>\n<p>three theatres stand side by side: this one, Th\u00e9atre de la Porte Saint-Martin and<\/p>\n<p>the Th\u00e9atre de l\u2019Ambigu. There are theatres here and there beyond the Place de la<\/p>\n<p>R\u00e9publique, so it used to be a theatre street also called \u2018Le Boulevard du Crime.\u2019<\/p>\n<p>Only murder plays were popular enough to attract audiences. Tradition says that<\/p>\n<p>once 12,000 people were killed in plays during that day, thus it was so named. Even<\/p>\n<p>today, crime drama programs are favoured in France and are broadcast every day.<\/p>\n<p>Grands Boulevards shows the legacy of these amusement districts.<\/p>\n<p>&nbsp;<\/p>\n<p><strong>\u30eb\u30cd\u30c3\u30b5\u30f3\u30b9\u5287\u5834<\/strong><\/p>\n<p>\u4e00\u516b\u4e03\u4e09\u5e74\u306b\u5efa\u3066\u3089\u308c\u3001\u4e00\u516b\u4e5d\u4e09\u5e74\u304b\u3089\u4e5d\u4e5d\u5e74\u307e\u3067\u306f\u3001\u540d\u5973\u512a\u30b5<\/p>\n<p>\u30e9\u30fb\u30d9\u30eb\u30ca\u30fc\u30eb\u304c\u3001\u3053\u3053\u3092\u5287\u56e3\u306e\u672c\u62e0\u306b\u3057\u3066\u3001\u7d4c\u55b6\u3057\u3066\u3044\u305f\u3053\u3068\u3082\u3042\u308b\u3002<\/p>\n<p>\u3053\u306e\u540d\u5973\u512a\u306f\u3001\u5287\u56e3\u304c\u8cc7\u91d1\u96e3\u306b\u306a\u308b\u3068\u3001\u5357\u5317\u30a2\u30e1\u30ea\u30ab\u5927\u9678\u3092\u516c\u6f14\u3057\u3066\u307e<\/p>\n<p>\u308f\u3063\u3066\u306f\u8cc7\u91d1\u3092\u96c6\u3081\u3001\u7d9a\u3051\u3066\u3044\u305f\u3068\u3044\u3046\u304b\u3089\u3001\u4eca\u306e\u696d\u754c\u3082\u3001\u6614\u3082\u3042\u307e\u308a<\/p>\n<p>\u5909\u308f\u3089\u306a\u3044\u8a33\u3060\u3002\u73fe\u5728\u3067\u3082\u30d1\u30ea\u306e\u30aa\u30da\u30e9\u5ea7\u306a\u3069\u3001\u5e74\u9593\u4e88\u7b97\u306e\u4e09\u5206\u306e\u4e8c<\/p>\n<p>\u306f\u56fd\u304b\u3089\u306e\u6587\u5316\u52a9\u6210\u91d1\u3001\u3064\u307e\u308a\u56fd\u6c11\u306e\u7a0e\u91d1\u3067\u8cc4\u308f\u308c\u3066\u3044\u308b\u308f\u3051\u3067\u3001\u305d<\/p>\n<p>\u306e\u4e0a\u306b\u65e5\u672c\u884c\u304d\u306a\u3069\u6d77\u5916\u516c\u6f14\u306f\u3001\u5b9a\u671f\u7684\u306a\u5e74\u53ce\u5165\u3001\u3068\u3066\u3082\u72ec\u7acb\u63a1\u7b97\u3067<\/p>\n<p>\u81ea\u7acb\u51fa\u6765\u308b\u3082\u306e\u3067\u306f\u306a\u3044\u306e\u3060\u3002<\/p>\n<p>\u30b5\u30f3\u30de\u30eb\u30bf\u30f3\u51f1\u65cb\u9580\u306e\u8107\u306b\u3001\u3053\u306e\u5287\u5834\u306f\u5efa\u3063\u3066\u3044\u308b\u304c\u3001\u30b5\u30f3\u30de\u30eb\u30bf\u30f3<\/p>\n<p>\u5ea7\u3001\u30a2\u30f3\u30d3\u30ae\u30e5\u5ea7\u3068\u3001\u4e09\u8ed2\u306e\u5287\u5834\u304c\u4e26\u3073\u3001\u5171\u548c\u56fd\u5e83\u5834\u306e\u5411\u3053\u3046\u307e\u3067\u3042\u3061<\/p>\n<p>\u3053\u3061\u306b\u5287\u5834\u304c\u3042\u3063\u3066\u3001\u6614\u306e\u5287\u5834\u8857\u3067\u3001\u300c\u72af\u7f6a\u5927\u901a\u308a\u300d\u3068\u3082\u547c\u3070\u308c\u305f\u3002\u3042\u307e<\/p>\n<p>\u308a\u8ed2\u4e26\u307f\u306b\u3001\u89b3\u5ba2\u3092\u96c6\u3081\u308b\u305f\u3081\u6bba\u4eba\u5287\u3070\u304b\u308a\u304c\u6d41\u884c\u3057\u3066\u3001\u4e00\u65e5\u306b\u829d\u5c45<\/p>\n<p>\u4e0a\u3067\u4e00\u4e07\u4e8c\u5343\u4f55\u4eba\u304c\u3001\u3053\u306e\u901a\u308a\u3067\u6bba\u3055\u308c\u305f\u3053\u3068\u306b\u306a\u308b\u65e5\u3082\u3042\u3063\u305f\u3068\u304b<\/p>\n<p>\u4f1d\u3048\u3089\u308c\u3001\u305d\u3046\u547c\u3070\u308c\u305f\u306e\u3067\u3042\u308b\u3002\u73fe\u5728\u3067\u3082\u30d5\u30e9\u30f3\u30b9\u306f\u3001\u8b66\u5bdf\u7269\u30c6\u30ec\u30d3\u30c9<\/p>\n<p>\u30e9\u30de\u756a\u7d44\u306a\u3069\u306f\u3001\u5927\u5909\u306b\u304a\u5f97\u610f\u3067\u3001\u9023\u65e5\u3067\u3042\u308b\u3002\u30b0\u30e9\u30f3\u30d6\u30fc\u30eb\u30d0\u30fc\u30eb\u306f\u3001<\/p>\n<p>\u305d\u3093\u306a\u76db\u308a\u5834\u306e\u540d\u6b8b\u308a\u3092\u6b8b\u3057\u3066\u3044\u308b\u3002<\/p>\n","protected":false},"excerpt":{"rendered":"<p>E-007 Th\u00e9\u00e2tre de la Renaissance, \u30eb\u30cd\u30c3\u30b5\u30f3\u30b9\u5287\u5834<\/p>\n","protected":false},"featured_media":479,"template":"","meta":[],"product_brand":[],"product_cat":[69,133],"product_tag":[],"class_list":{"0":"post-478","1":"product","2":"type-product","3":"status-publish","4":"has-post-thumbnail","6":"product_cat-akagi-kojiro","7":"product_cat-serigraphie","9":"first","10":"outofstock","11":"taxable","12":"shipping-taxable","13":"purchasable","14":"product-type-simple"},"yoast_head":"<!-- This site is optimized with the Yoast SEO plugin v27.5 - https:\/\/yoast.com\/product\/yoast-seo-wordpress\/ -->\n<title>E-007 Th\u00e9\u00e2tre de la Renaissance, \u30eb\u30cd\u30c3\u30b5\u30f3\u30b9\u5287\u5834 - Galerie de Paris \u00a9<\/title>\n<meta name=\"robots\" content=\"index, follow, max-snippet:-1, max-image-preview:large, max-video-preview:-1\" \/>\n<link rel=\"canonical\" href=\"https:\/\/www.galeriedeparis.com\/Welcome\/produit\/e-007-theatre-de-la-renaissance-\u30eb\u30cd\u30c3\u30b5\u30f3\u30b9\u5287\u5834\/\" \/>\n<meta property=\"og:locale\" content=\"fr_FR\" \/>\n<meta property=\"og:type\" content=\"article\" \/>\n<meta property=\"og:title\" content=\"E-007 Th\u00e9\u00e2tre de la Renaissance, \u30eb\u30cd\u30c3\u30b5\u30f3\u30b9\u5287\u5834 - Galerie de Paris \u00a9\" \/>\n<meta property=\"og:description\" content=\"E-007 Th\u00e9\u00e2tre de la Renaissance, \u30eb\u30cd\u30c3\u30b5\u30f3\u30b9\u5287\u5834\" \/>\n<meta property=\"og:url\" content=\"https:\/\/www.galeriedeparis.com\/Welcome\/produit\/e-007-theatre-de-la-renaissance-\u30eb\u30cd\u30c3\u30b5\u30f3\u30b9\u5287\u5834\/\" \/>\n<meta property=\"og:site_name\" content=\"Galerie de Paris \u00a9\" \/>\n<meta property=\"article:publisher\" content=\"https:\/\/www.facebook.com\/GalerieDeParisAuVillageSuisse\/\" \/>\n<meta property=\"article:modified_time\" content=\"2026-03-05T21:43:09+00:00\" \/>\n<meta property=\"og:image\" content=\"https:\/\/www.galeriedeparis.com\/Welcome\/wp-content\/uploads\/2026\/03\/E-007-Theatre-de-la-Renaissance-Kojiro-AKAGI-1977-wp.jpg\" \/>\n\t<meta property=\"og:image:width\" content=\"1623\" \/>\n\t<meta property=\"og:image:height\" content=\"1983\" \/>\n\t<meta property=\"og:image:type\" content=\"image\/jpeg\" \/>\n<meta name=\"twitter:card\" content=\"summary_large_image\" \/>\n<meta name=\"twitter:label1\" content=\"Dur\u00e9e de lecture estim\u00e9e\" \/>\n\t<meta name=\"twitter:data1\" content=\"3 minutes\" \/>\n<script type=\"application\/ld+json\" class=\"yoast-schema-graph\">{\"@context\":\"https:\\\/\\\/schema.org\",\"@graph\":[{\"@type\":\"WebPage\",\"@id\":\"https:\\\/\\\/www.galeriedeparis.com\\\/Welcome\\\/produit\\\/e-007-theatre-de-la-renaissance-%e3%83%ab%e3%83%8d%e3%83%83%e3%82%b5%e3%83%b3%e3%82%b9%e5%8a%87%e5%a0%b4\\\/\",\"url\":\"https:\\\/\\\/www.galeriedeparis.com\\\/Welcome\\\/produit\\\/e-007-theatre-de-la-renaissance-%e3%83%ab%e3%83%8d%e3%83%83%e3%82%b5%e3%83%b3%e3%82%b9%e5%8a%87%e5%a0%b4\\\/\",\"name\":\"E-007 Th\u00e9\u00e2tre de la Renaissance, \u30eb\u30cd\u30c3\u30b5\u30f3\u30b9\u5287\u5834 - Galerie de Paris \u00a9\",\"isPartOf\":{\"@id\":\"https:\\\/\\\/www.galeriedeparis.com\\\/Welcome\\\/#website\"},\"primaryImageOfPage\":{\"@id\":\"https:\\\/\\\/www.galeriedeparis.com\\\/Welcome\\\/produit\\\/e-007-theatre-de-la-renaissance-%e3%83%ab%e3%83%8d%e3%83%83%e3%82%b5%e3%83%b3%e3%82%b9%e5%8a%87%e5%a0%b4\\\/#primaryimage\"},\"image\":{\"@id\":\"https:\\\/\\\/www.galeriedeparis.com\\\/Welcome\\\/produit\\\/e-007-theatre-de-la-renaissance-%e3%83%ab%e3%83%8d%e3%83%83%e3%82%b5%e3%83%b3%e3%82%b9%e5%8a%87%e5%a0%b4\\\/#primaryimage\"},\"thumbnailUrl\":\"https:\\\/\\\/www.galeriedeparis.com\\\/Welcome\\\/wp-content\\\/uploads\\\/2026\\\/03\\\/E-007-Theatre-de-la-Renaissance-Kojiro-AKAGI-1977-wp.jpg\",\"datePublished\":\"2026-03-05T21:12:37+00:00\",\"dateModified\":\"2026-03-05T21:43:09+00:00\",\"breadcrumb\":{\"@id\":\"https:\\\/\\\/www.galeriedeparis.com\\\/Welcome\\\/produit\\\/e-007-theatre-de-la-renaissance-%e3%83%ab%e3%83%8d%e3%83%83%e3%82%b5%e3%83%b3%e3%82%b9%e5%8a%87%e5%a0%b4\\\/#breadcrumb\"},\"inLanguage\":\"fr-FR\",\"potentialAction\":[{\"@type\":\"ReadAction\",\"target\":[\"https:\\\/\\\/www.galeriedeparis.com\\\/Welcome\\\/produit\\\/e-007-theatre-de-la-renaissance-%e3%83%ab%e3%83%8d%e3%83%83%e3%82%b5%e3%83%b3%e3%82%b9%e5%8a%87%e5%a0%b4\\\/\"]}]},{\"@type\":\"ImageObject\",\"inLanguage\":\"fr-FR\",\"@id\":\"https:\\\/\\\/www.galeriedeparis.com\\\/Welcome\\\/produit\\\/e-007-theatre-de-la-renaissance-%e3%83%ab%e3%83%8d%e3%83%83%e3%82%b5%e3%83%b3%e3%82%b9%e5%8a%87%e5%a0%b4\\\/#primaryimage\",\"url\":\"https:\\\/\\\/www.galeriedeparis.com\\\/Welcome\\\/wp-content\\\/uploads\\\/2026\\\/03\\\/E-007-Theatre-de-la-Renaissance-Kojiro-AKAGI-1977-wp.jpg\",\"contentUrl\":\"https:\\\/\\\/www.galeriedeparis.com\\\/Welcome\\\/wp-content\\\/uploads\\\/2026\\\/03\\\/E-007-Theatre-de-la-Renaissance-Kojiro-AKAGI-1977-wp.jpg\",\"width\":1623,\"height\":1983},{\"@type\":\"BreadcrumbList\",\"@id\":\"https:\\\/\\\/www.galeriedeparis.com\\\/Welcome\\\/produit\\\/e-007-theatre-de-la-renaissance-%e3%83%ab%e3%83%8d%e3%83%83%e3%82%b5%e3%83%b3%e3%82%b9%e5%8a%87%e5%a0%b4\\\/#breadcrumb\",\"itemListElement\":[{\"@type\":\"ListItem\",\"position\":1,\"name\":\"Accueil\",\"item\":\"https:\\\/\\\/www.galeriedeparis.com\\\/Welcome\\\/\"},{\"@type\":\"ListItem\",\"position\":2,\"name\":\"Boutique\",\"item\":\"https:\\\/\\\/www.galeriedeparis.com\\\/Welcome\\\/boutique\\\/\"},{\"@type\":\"ListItem\",\"position\":3,\"name\":\"E-007 Th\u00e9\u00e2tre de la Renaissance, \u30eb\u30cd\u30c3\u30b5\u30f3\u30b9\u5287\u5834\"}]},{\"@type\":\"WebSite\",\"@id\":\"https:\\\/\\\/www.galeriedeparis.com\\\/Welcome\\\/#website\",\"url\":\"https:\\\/\\\/www.galeriedeparis.com\\\/Welcome\\\/\",\"name\":\"Galerie de Paris \u00a9\",\"description\":\"Les plus belles oeuvres sur Paris se trouvent \u00e0 la Galerie de Paris \u00a9 !\",\"publisher\":{\"@id\":\"https:\\\/\\\/www.galeriedeparis.com\\\/Welcome\\\/#organization\"},\"potentialAction\":[{\"@type\":\"SearchAction\",\"target\":{\"@type\":\"EntryPoint\",\"urlTemplate\":\"https:\\\/\\\/www.galeriedeparis.com\\\/Welcome\\\/?s={search_term_string}\"},\"query-input\":{\"@type\":\"PropertyValueSpecification\",\"valueRequired\":true,\"valueName\":\"search_term_string\"}}],\"inLanguage\":\"fr-FR\"},{\"@type\":\"Organization\",\"@id\":\"https:\\\/\\\/www.galeriedeparis.com\\\/Welcome\\\/#organization\",\"name\":\"Galerie de Paris \u00a9\",\"url\":\"https:\\\/\\\/www.galeriedeparis.com\\\/Welcome\\\/\",\"logo\":{\"@type\":\"ImageObject\",\"inLanguage\":\"fr-FR\",\"@id\":\"https:\\\/\\\/www.galeriedeparis.com\\\/Welcome\\\/#\\\/schema\\\/logo\\\/image\\\/\",\"url\":\"https:\\\/\\\/www.galeriedeparis.com\\\/Welcome\\\/wp-content\\\/uploads\\\/2022\\\/03\\\/cropped-937A1B47-87A3-4339-B63B-6F00ACC81F2A-1.jpg\",\"contentUrl\":\"https:\\\/\\\/www.galeriedeparis.com\\\/Welcome\\\/wp-content\\\/uploads\\\/2022\\\/03\\\/cropped-937A1B47-87A3-4339-B63B-6F00ACC81F2A-1.jpg\",\"width\":478,\"height\":191,\"caption\":\"Galerie de Paris \u00a9\"},\"image\":{\"@id\":\"https:\\\/\\\/www.galeriedeparis.com\\\/Welcome\\\/#\\\/schema\\\/logo\\\/image\\\/\"},\"sameAs\":[\"https:\\\/\\\/www.facebook.com\\\/GalerieDeParisAuVillageSuisse\\\/\"]}]}<\/script>\n<!-- \/ Yoast SEO plugin. -->","yoast_head_json":{"title":"E-007 Th\u00e9\u00e2tre de la Renaissance, \u30eb\u30cd\u30c3\u30b5\u30f3\u30b9\u5287\u5834 - Galerie de Paris \u00a9","robots":{"index":"index","follow":"follow","max-snippet":"max-snippet:-1","max-image-preview":"max-image-preview:large","max-video-preview":"max-video-preview:-1"},"canonical":"https:\/\/www.galeriedeparis.com\/Welcome\/produit\/e-007-theatre-de-la-renaissance-\u30eb\u30cd\u30c3\u30b5\u30f3\u30b9\u5287\u5834\/","og_locale":"fr_FR","og_type":"article","og_title":"E-007 Th\u00e9\u00e2tre de la Renaissance, \u30eb\u30cd\u30c3\u30b5\u30f3\u30b9\u5287\u5834 - Galerie de Paris \u00a9","og_description":"E-007 Th\u00e9\u00e2tre de la Renaissance, \u30eb\u30cd\u30c3\u30b5\u30f3\u30b9\u5287\u5834","og_url":"https:\/\/www.galeriedeparis.com\/Welcome\/produit\/e-007-theatre-de-la-renaissance-\u30eb\u30cd\u30c3\u30b5\u30f3\u30b9\u5287\u5834\/","og_site_name":"Galerie de Paris \u00a9","article_publisher":"https:\/\/www.facebook.com\/GalerieDeParisAuVillageSuisse\/","article_modified_time":"2026-03-05T21:43:09+00:00","og_image":[{"width":1623,"height":1983,"url":"https:\/\/www.galeriedeparis.com\/Welcome\/wp-content\/uploads\/2026\/03\/E-007-Theatre-de-la-Renaissance-Kojiro-AKAGI-1977-wp.jpg","type":"image\/jpeg"}],"twitter_card":"summary_large_image","twitter_misc":{"Dur\u00e9e de lecture estim\u00e9e":"3 minutes"},"schema":{"@context":"https:\/\/schema.org","@graph":[{"@type":"WebPage","@id":"https:\/\/www.galeriedeparis.com\/Welcome\/produit\/e-007-theatre-de-la-renaissance-%e3%83%ab%e3%83%8d%e3%83%83%e3%82%b5%e3%83%b3%e3%82%b9%e5%8a%87%e5%a0%b4\/","url":"https:\/\/www.galeriedeparis.com\/Welcome\/produit\/e-007-theatre-de-la-renaissance-%e3%83%ab%e3%83%8d%e3%83%83%e3%82%b5%e3%83%b3%e3%82%b9%e5%8a%87%e5%a0%b4\/","name":"E-007 Th\u00e9\u00e2tre de la Renaissance, \u30eb\u30cd\u30c3\u30b5\u30f3\u30b9\u5287\u5834 - Galerie de Paris \u00a9","isPartOf":{"@id":"https:\/\/www.galeriedeparis.com\/Welcome\/#website"},"primaryImageOfPage":{"@id":"https:\/\/www.galeriedeparis.com\/Welcome\/produit\/e-007-theatre-de-la-renaissance-%e3%83%ab%e3%83%8d%e3%83%83%e3%82%b5%e3%83%b3%e3%82%b9%e5%8a%87%e5%a0%b4\/#primaryimage"},"image":{"@id":"https:\/\/www.galeriedeparis.com\/Welcome\/produit\/e-007-theatre-de-la-renaissance-%e3%83%ab%e3%83%8d%e3%83%83%e3%82%b5%e3%83%b3%e3%82%b9%e5%8a%87%e5%a0%b4\/#primaryimage"},"thumbnailUrl":"https:\/\/www.galeriedeparis.com\/Welcome\/wp-content\/uploads\/2026\/03\/E-007-Theatre-de-la-Renaissance-Kojiro-AKAGI-1977-wp.jpg","datePublished":"2026-03-05T21:12:37+00:00","dateModified":"2026-03-05T21:43:09+00:00","breadcrumb":{"@id":"https:\/\/www.galeriedeparis.com\/Welcome\/produit\/e-007-theatre-de-la-renaissance-%e3%83%ab%e3%83%8d%e3%83%83%e3%82%b5%e3%83%b3%e3%82%b9%e5%8a%87%e5%a0%b4\/#breadcrumb"},"inLanguage":"fr-FR","potentialAction":[{"@type":"ReadAction","target":["https:\/\/www.galeriedeparis.com\/Welcome\/produit\/e-007-theatre-de-la-renaissance-%e3%83%ab%e3%83%8d%e3%83%83%e3%82%b5%e3%83%b3%e3%82%b9%e5%8a%87%e5%a0%b4\/"]}]},{"@type":"ImageObject","inLanguage":"fr-FR","@id":"https:\/\/www.galeriedeparis.com\/Welcome\/produit\/e-007-theatre-de-la-renaissance-%e3%83%ab%e3%83%8d%e3%83%83%e3%82%b5%e3%83%b3%e3%82%b9%e5%8a%87%e5%a0%b4\/#primaryimage","url":"https:\/\/www.galeriedeparis.com\/Welcome\/wp-content\/uploads\/2026\/03\/E-007-Theatre-de-la-Renaissance-Kojiro-AKAGI-1977-wp.jpg","contentUrl":"https:\/\/www.galeriedeparis.com\/Welcome\/wp-content\/uploads\/2026\/03\/E-007-Theatre-de-la-Renaissance-Kojiro-AKAGI-1977-wp.jpg","width":1623,"height":1983},{"@type":"BreadcrumbList","@id":"https:\/\/www.galeriedeparis.com\/Welcome\/produit\/e-007-theatre-de-la-renaissance-%e3%83%ab%e3%83%8d%e3%83%83%e3%82%b5%e3%83%b3%e3%82%b9%e5%8a%87%e5%a0%b4\/#breadcrumb","itemListElement":[{"@type":"ListItem","position":1,"name":"Accueil","item":"https:\/\/www.galeriedeparis.com\/Welcome\/"},{"@type":"ListItem","position":2,"name":"Boutique","item":"https:\/\/www.galeriedeparis.com\/Welcome\/boutique\/"},{"@type":"ListItem","position":3,"name":"E-007 Th\u00e9\u00e2tre de la Renaissance, \u30eb\u30cd\u30c3\u30b5\u30f3\u30b9\u5287\u5834"}]},{"@type":"WebSite","@id":"https:\/\/www.galeriedeparis.com\/Welcome\/#website","url":"https:\/\/www.galeriedeparis.com\/Welcome\/","name":"Galerie de Paris \u00a9","description":"Les plus belles oeuvres sur Paris se trouvent \u00e0 la Galerie de Paris \u00a9 !","publisher":{"@id":"https:\/\/www.galeriedeparis.com\/Welcome\/#organization"},"potentialAction":[{"@type":"SearchAction","target":{"@type":"EntryPoint","urlTemplate":"https:\/\/www.galeriedeparis.com\/Welcome\/?s={search_term_string}"},"query-input":{"@type":"PropertyValueSpecification","valueRequired":true,"valueName":"search_term_string"}}],"inLanguage":"fr-FR"},{"@type":"Organization","@id":"https:\/\/www.galeriedeparis.com\/Welcome\/#organization","name":"Galerie de Paris \u00a9","url":"https:\/\/www.galeriedeparis.com\/Welcome\/","logo":{"@type":"ImageObject","inLanguage":"fr-FR","@id":"https:\/\/www.galeriedeparis.com\/Welcome\/#\/schema\/logo\/image\/","url":"https:\/\/www.galeriedeparis.com\/Welcome\/wp-content\/uploads\/2022\/03\/cropped-937A1B47-87A3-4339-B63B-6F00ACC81F2A-1.jpg","contentUrl":"https:\/\/www.galeriedeparis.com\/Welcome\/wp-content\/uploads\/2022\/03\/cropped-937A1B47-87A3-4339-B63B-6F00ACC81F2A-1.jpg","width":478,"height":191,"caption":"Galerie de Paris \u00a9"},"image":{"@id":"https:\/\/www.galeriedeparis.com\/Welcome\/#\/schema\/logo\/image\/"},"sameAs":["https:\/\/www.facebook.com\/GalerieDeParisAuVillageSuisse\/"]}]}},"_links":{"self":[{"href":"https:\/\/www.galeriedeparis.com\/Welcome\/wp-json\/wp\/v2\/product\/478","targetHints":{"allow":["GET"]}}],"collection":[{"href":"https:\/\/www.galeriedeparis.com\/Welcome\/wp-json\/wp\/v2\/product"}],"about":[{"href":"https:\/\/www.galeriedeparis.com\/Welcome\/wp-json\/wp\/v2\/types\/product"}],"wp:featuredmedia":[{"embeddable":true,"href":"https:\/\/www.galeriedeparis.com\/Welcome\/wp-json\/wp\/v2\/media\/479"}],"wp:attachment":[{"href":"https:\/\/www.galeriedeparis.com\/Welcome\/wp-json\/wp\/v2\/media?parent=478"}],"wp:term":[{"taxonomy":"product_brand","embeddable":true,"href":"https:\/\/www.galeriedeparis.com\/Welcome\/wp-json\/wp\/v2\/product_brand?post=478"},{"taxonomy":"product_cat","embeddable":true,"href":"https:\/\/www.galeriedeparis.com\/Welcome\/wp-json\/wp\/v2\/product_cat?post=478"},{"taxonomy":"product_tag","embeddable":true,"href":"https:\/\/www.galeriedeparis.com\/Welcome\/wp-json\/wp\/v2\/product_tag?post=478"}],"curies":[{"name":"wp","href":"https:\/\/api.w.org\/{rel}","templated":true}]}}