{"id":480,"date":"2026-03-05T23:02:09","date_gmt":"2026-03-05T22:02:09","guid":{"rendered":"https:\/\/www.galeriedeparis.com\/Welcome\/?post_type=product&#038;p=480"},"modified":"2026-03-05T23:23:54","modified_gmt":"2026-03-05T22:23:54","slug":"e-089-a-la-rue-de-passy-the-rue-de-passy-%e3%83%91%e3%83%83%e3%82%b7%e3%83%bc%e9%80%9a%e3%82%8a%e3%81%ab%e3%81%a6","status":"publish","type":"product","link":"https:\/\/www.galeriedeparis.com\/Welcome\/produit\/e-089-a-la-rue-de-passy-the-rue-de-passy-%e3%83%91%e3%83%83%e3%82%b7%e3%83%bc%e9%80%9a%e3%82%8a%e3%81%ab%e3%81%a6\/","title":{"rendered":"E-089 &#8211; A la rue de Passy, The Rue de Passy, \u30d1\u30c3\u30b7\u30fc\u901a\u308a\u306b\u3066"},"content":{"rendered":"<p>Cr\u00e9ateur : Kojiro Akagi (1934-2021)<\/p>\n<p>Date : Janvier 1996, January 1996<\/p>\n<p>Format : Eau-forte et Aquatinte, Atelier Garric Tanguy, 100 tirages + 20 E.A. romain, sur papier Moulin du Gu\u00e9 58 x 76 cm.<\/p>\n<p>Type : Eau-forte et Aquatinte<\/p>\n<p><b>Collection : <\/b><a href=\"https:\/\/kojiroakagi.com\/gallery\/collections\/show\/2\">Cent vues de Paris page 195 \/ 100 views of Paris in lithography \/ \u30a2\u30ab\u30ae\u306e\u7248\u753b\u30d1\u30ea\u767e\u666f<\/a><\/p>\n<p>Droits : <a href=\"https:\/\/www.kojiroakagi.com\/kojiroakagi_wp\/\">\u00a9 Fonds de dotation Kojiro AKAGI<\/a>, <a href=\"https:\/\/www.adagp.fr\/fr\/jutilise-ou-vends-une-oeuvre\/ma-boite-outils\/tarifs\">\u00a9 ADAGP<\/a><\/p>\n<p><img loading=\"lazy\" decoding=\"async\" class=\"alignnone size-medium wp-image-482\" src=\"https:\/\/www.galeriedeparis.com\/Welcome\/wp-content\/uploads\/2026\/03\/E-089-A-la-Rue-de-Passy-Kojiro-AKAGI-1996-wp-241x300.jpg\" alt=\"\" width=\"241\" height=\"300\" srcset=\"https:\/\/www.galeriedeparis.com\/Welcome\/wp-content\/uploads\/2026\/03\/E-089-A-la-Rue-de-Passy-Kojiro-AKAGI-1996-wp-241x300.jpg 241w, https:\/\/www.galeriedeparis.com\/Welcome\/wp-content\/uploads\/2026\/03\/E-089-A-la-Rue-de-Passy-Kojiro-AKAGI-1996-wp-600x748.jpg 600w, https:\/\/www.galeriedeparis.com\/Welcome\/wp-content\/uploads\/2026\/03\/E-089-A-la-Rue-de-Passy-Kojiro-AKAGI-1996-wp-822x1024.jpg 822w, https:\/\/www.galeriedeparis.com\/Welcome\/wp-content\/uploads\/2026\/03\/E-089-A-la-Rue-de-Passy-Kojiro-AKAGI-1996-wp-768x957.jpg 768w, https:\/\/www.galeriedeparis.com\/Welcome\/wp-content\/uploads\/2026\/03\/E-089-A-la-Rue-de-Passy-Kojiro-AKAGI-1996-wp.jpg 1015w\" sizes=\"auto, (max-width: 241px) 100vw, 241px\" \/><\/p>\n<hr \/>\n<p>&nbsp;<\/p>\n<div class=\"element-text\">En sortant de la station de m\u00e9tro a\u00e9rienne de Bir Hakeim et en se dirigeant vers la rive droite tout en montant, on trouve la rue de Passy. Au d\u00e9but du 20e si\u00e8cle, des r\u00e9sidences haut de gamme sont construites les unes apr\u00e8s les autres, formant un quartier bourgeois qui deviendra le 16e arrondissement. On y voit align\u00e9s de magnifiques immeubles en pierre de taille. On peut voir que le style de vie diff\u00e9rent \u00e0 la mani\u00e8re dont les gens sont habill\u00e9es et aux objets expos\u00e9s dans les vitrines. Parmi les r\u00e9sidents, on trouve souvent des diplomates et des expatri\u00e9s de grandes entreprises \u00e9trang\u00e8res. On y trouve aussi l\u2019appartement d\u2019un ancien pr\u00e9sident de la R\u00e9publique : en face de son immeuble il y a un drapeau de la France, juste en dessous d\u2019un panneau publicitaire. Lorsqu\u2019on apprend qu\u2019une personne habite un quartier dont le code postal est 75116, on peut \u00eatre s\u00fbr que cette personne est BCBG (bon chic, bon genre), issue d\u2019une bonne famille. Dans ce m\u00eame 16e arrondissement, la moiti\u00e9 sud a le code postal 75016 correspondant \u00e0 l\u2019ancien village de Passy o\u00f9 la population \u00e9tait un peu plus m\u00e9lang\u00e9e. Dans le quartier commer\u00e7ant, tout au d\u00e9but de la rue de Passy, il y a un endroit d\u2019o\u00f9 l\u2019on aper\u00e7oit la tour Eiffel. Je me suis install\u00e9 devant un h\u00f4tel du nom d\u2019H\u00f4tel des Trois Tours pour dessiner cette vue.<\/div>\n<div><\/div>\n<div class=\"element-text\">We are returning to the right bank of the Seine on the metro viaduct of Bir-Hakeim. On the slope is the Rue de Passy. Around the beginning of the 20th century, high-class residences were built rapidly and the 16th arrondissement became an exclusive residential area for the bourgeoisie. Magnificent residential apartments made of stone stand there proudly. The residents dress differently, shops carry a selection of upmarket products as quality goods are in demand. High-income expatriate workers of foreign companies and diplomats often live in this arrondissement. In the building in front of the advertisement panel with the hoisted flag is the apartment of a former prime minister.If you find out that someone lives in the area with the 75116 post code you know<br \/>\nthey are a BCBG (bon chic bon genre, of good stock). The southern half of postal district 75016, though also in the 16th arrondissement, is the old village Passy and is a bit mixed. At the beginning of the shopping street of the Rue de Passy, there is a place where we see partly the Eiffel Tower. There is a hotel named \u201cthe hotel of three towers\u201d and I drew this in front of that hotel.<\/div>\n<div><\/div>\n<div class=\"element-text\">\u30d3\u30e9\u30c3\u30b1\u30e0\u306e\u30e1\u30c8\u30ed\u9ad8\u67b6\u6a4b\u3092\u3001\u30bb\u30fc\u30cc\u53f3\u5cb8\u306b\u623b\u308b\u3002\u5742\u306e\u4e0a\u304c\u30d1\u30c3\u30b7\u30fc\u901a\u308a\u3067\u3042\u308b\u3002\u4e8c\u3007\u4e16\u7d00\u306e\u59cb\u3081\u306e\u9803\u306b\u3001\u6b21\u3005\u3068\u9ad8\u7d1a\u4f4f\u5b85\u304c\u5efa\u3066\u3089\u308c\u3066\u3001\u30d6\u30eb\u30b8\u30e7\u30a2\u968e\u7d1a\u306e\u9ad8\u7d1a\u4f4f\u5b85\u3068\u306a\u3063\u305f\u306e\u304c\u5341\u516d\u533a\u3067\u3042\u308b\u3002\u7acb\u6d3e\u306a\u77f3\u9020\u308a\u306e\u304a\u5c4b\u6577\u30a2\u30d1\u30fc\u30c8\u304c\u3001\u7acb\u3061\u4e26\u3093\u3067\u8073\u3048\u3066\u3044\u308b\u3002\u4f4f\u3093\u3067\u3044\u308b\u4eba\u306e\u670d\u88c5\u3082\u9055\u3046\u3057\u3001\u5e97\u5c4b\u306e\u7f6e\u304f\u7269\u3082\u54c1\u304c\u3042\u3063\u3066\u3001\u54c1\u8cea\u304c\u554f\u308f\u308c\u308b\u3002\u4e88\u7b97\u306e\u8c4a\u304b\u306a\u5916\u56fd\u4f01\u696d\u306e\u99d0\u5728\u54e1\u4ee3\u8868\u3001\u5916\u4ea4\u5b98\u306a\u3069\u3082\u3053\u306e\u533a\u306b\u4f4f\u3080\u3053\u3068\u304c\u591a\u3044\u3002\u65d7\u306e\u7acb\u3063\u3066\u3044\u308b\u5e83\u544a\u30d1\u30cd\u30eb\u306e\u524d\u306e\u5efa\u7269\u306b\u306f\u3001\u524d\u306b\u9996\u76f8\u3060\u3063\u305f\u4eba\u306e\u30a2\u30d1\u30fc\u30c8\u3082\u3042\u308b\u3002\u3000\u90f5\u4fbf\u756a\u53f7\u3067\uff17\uff15\uff11\uff11\uff16\u3068\u4ed8\u3044\u3066\u3044\u308b\u533a\u306b\u4f4f\u3093\u3067\u3044\u308b\u3068\u5206\u304b\u3063\u305f\u3089\u3001\uff22\uff23\uff22\uff27\uff08\u307b\u3093\u3068\u306b\u3044\u3044\u3046\u3061\u306e\u5b50\uff09\u3060\u308d\u3046\u3068\u3001\u5b89\u5fc3\u3057\u3066\u3044\u3044\u308f\u3051\u3067\u3042\u308b\u3002\u540c\u3058\u5341\u516d\u533a\u3067\u3082\uff17\uff15\uff10\uff11\uff16\u306e\u5357\u534a\u5206\u306f\u3001\u53e4\u304f\u304b\u3089\u306e\u30d1\u30c3\u30b7\u30fc\u6751\u3067\u3001\u5c11\u3057\u5165\u308a\u6df7\u3058\u3063\u3066\u3044\u308b\u3002\u3000\u30d1\u30c3\u30b7\u30fc\u901a\u308a\u306e\u5546\u5e97\u8857\u306e\u59cb\u307e\u308a\u306e\u65b9\u306b\u3001\u30c1\u30e7\u30ed\u30c3\u3068\u30a8\u30c3\u30d5\u30a7\u30eb\u5854\u306e\u898b\u3048\u308b\u5834\u6240\u304c\u3042\u308b\u3002\u5f8c\u308d\u306f\u30db\u30c6\u30eb\u3067\u300c\u4e09\u3064\u306e\u5854\u306e\u30db\u30c6\u30eb\u300d\u3068\u540d\u4e57\u3063\u3066\u3044\u308b\u3002\u305d\u306e\u30db\u30c6\u30eb\u306e\u524d\u304b\u3089\u63cf\u3044\u305f\u3002<\/div>\n<div><\/div>\n<div><\/div>\n","protected":false},"excerpt":{"rendered":"<p>Cr\u00e9ateur : Kojiro Akagi (1934-2021) Date : Janvier 1996, January 1996 Format : Eau-forte et Aquatinte, Atelier Garric Tanguy, 100&#8230;<\/p>\n","protected":false},"featured_media":482,"template":"","meta":[],"product_brand":[104],"product_cat":[69,198,197],"product_tag":[],"class_list":{"0":"post-480","1":"product","2":"type-product","3":"status-publish","4":"has-post-thumbnail","6":"product_brand-akagi","7":"product_cat-akagi-kojiro","8":"product_cat-aquatinte","9":"product_cat-eau-forte","11":"first","12":"outofstock","13":"taxable","14":"shipping-taxable","15":"purchasable","16":"product-type-simple"},"yoast_head":"<!-- This site is optimized with the Yoast SEO plugin v27.5 - https:\/\/yoast.com\/product\/yoast-seo-wordpress\/ -->\n<title>E-089 - A la rue de Passy, The Rue de Passy, \u30d1\u30c3\u30b7\u30fc\u901a\u308a\u306b\u3066 - Galerie de Paris \u00a9<\/title>\n<meta name=\"robots\" content=\"index, follow, max-snippet:-1, max-image-preview:large, max-video-preview:-1\" \/>\n<link rel=\"canonical\" href=\"https:\/\/www.galeriedeparis.com\/Welcome\/produit\/e-089-a-la-rue-de-passy-the-rue-de-passy-\u30d1\u30c3\u30b7\u30fc\u901a\u308a\u306b\u3066\/\" \/>\n<meta property=\"og:locale\" content=\"fr_FR\" \/>\n<meta property=\"og:type\" content=\"article\" \/>\n<meta property=\"og:title\" content=\"E-089 - A la rue de Passy, The Rue de Passy, \u30d1\u30c3\u30b7\u30fc\u901a\u308a\u306b\u3066 - Galerie de Paris \u00a9\" \/>\n<meta property=\"og:description\" content=\"Cr\u00e9ateur : Kojiro Akagi (1934-2021) Date : Janvier 1996, January 1996 Format : Eau-forte et Aquatinte, Atelier Garric Tanguy, 100...\" \/>\n<meta property=\"og:url\" content=\"https:\/\/www.galeriedeparis.com\/Welcome\/produit\/e-089-a-la-rue-de-passy-the-rue-de-passy-\u30d1\u30c3\u30b7\u30fc\u901a\u308a\u306b\u3066\/\" \/>\n<meta property=\"og:site_name\" content=\"Galerie de Paris \u00a9\" \/>\n<meta property=\"article:publisher\" content=\"https:\/\/www.facebook.com\/GalerieDeParisAuVillageSuisse\/\" \/>\n<meta property=\"article:modified_time\" content=\"2026-03-05T22:23:54+00:00\" \/>\n<meta property=\"og:image\" content=\"https:\/\/www.galeriedeparis.com\/Welcome\/wp-content\/uploads\/2026\/03\/E-089-A-la-Rue-de-Passy-Kojiro-AKAGI-1996-wp.jpg\" \/>\n\t<meta property=\"og:image:width\" content=\"1015\" \/>\n\t<meta property=\"og:image:height\" content=\"1265\" \/>\n\t<meta property=\"og:image:type\" content=\"image\/jpeg\" \/>\n<meta name=\"twitter:card\" content=\"summary_large_image\" \/>\n<meta name=\"twitter:label1\" content=\"Dur\u00e9e de lecture estim\u00e9e\" \/>\n\t<meta name=\"twitter:data1\" content=\"3 minutes\" \/>\n<script type=\"application\/ld+json\" class=\"yoast-schema-graph\">{\"@context\":\"https:\\\/\\\/schema.org\",\"@graph\":[{\"@type\":\"WebPage\",\"@id\":\"https:\\\/\\\/www.galeriedeparis.com\\\/Welcome\\\/produit\\\/e-089-a-la-rue-de-passy-the-rue-de-passy-%e3%83%91%e3%83%83%e3%82%b7%e3%83%bc%e9%80%9a%e3%82%8a%e3%81%ab%e3%81%a6\\\/\",\"url\":\"https:\\\/\\\/www.galeriedeparis.com\\\/Welcome\\\/produit\\\/e-089-a-la-rue-de-passy-the-rue-de-passy-%e3%83%91%e3%83%83%e3%82%b7%e3%83%bc%e9%80%9a%e3%82%8a%e3%81%ab%e3%81%a6\\\/\",\"name\":\"E-089 - A la rue de Passy, The Rue de Passy, \u30d1\u30c3\u30b7\u30fc\u901a\u308a\u306b\u3066 - Galerie de Paris \u00a9\",\"isPartOf\":{\"@id\":\"https:\\\/\\\/www.galeriedeparis.com\\\/Welcome\\\/#website\"},\"primaryImageOfPage\":{\"@id\":\"https:\\\/\\\/www.galeriedeparis.com\\\/Welcome\\\/produit\\\/e-089-a-la-rue-de-passy-the-rue-de-passy-%e3%83%91%e3%83%83%e3%82%b7%e3%83%bc%e9%80%9a%e3%82%8a%e3%81%ab%e3%81%a6\\\/#primaryimage\"},\"image\":{\"@id\":\"https:\\\/\\\/www.galeriedeparis.com\\\/Welcome\\\/produit\\\/e-089-a-la-rue-de-passy-the-rue-de-passy-%e3%83%91%e3%83%83%e3%82%b7%e3%83%bc%e9%80%9a%e3%82%8a%e3%81%ab%e3%81%a6\\\/#primaryimage\"},\"thumbnailUrl\":\"https:\\\/\\\/www.galeriedeparis.com\\\/Welcome\\\/wp-content\\\/uploads\\\/2026\\\/03\\\/E-089-A-la-Rue-de-Passy-Kojiro-AKAGI-1996-wp.jpg\",\"datePublished\":\"2026-03-05T22:02:09+00:00\",\"dateModified\":\"2026-03-05T22:23:54+00:00\",\"breadcrumb\":{\"@id\":\"https:\\\/\\\/www.galeriedeparis.com\\\/Welcome\\\/produit\\\/e-089-a-la-rue-de-passy-the-rue-de-passy-%e3%83%91%e3%83%83%e3%82%b7%e3%83%bc%e9%80%9a%e3%82%8a%e3%81%ab%e3%81%a6\\\/#breadcrumb\"},\"inLanguage\":\"fr-FR\",\"potentialAction\":[{\"@type\":\"ReadAction\",\"target\":[\"https:\\\/\\\/www.galeriedeparis.com\\\/Welcome\\\/produit\\\/e-089-a-la-rue-de-passy-the-rue-de-passy-%e3%83%91%e3%83%83%e3%82%b7%e3%83%bc%e9%80%9a%e3%82%8a%e3%81%ab%e3%81%a6\\\/\"]}]},{\"@type\":\"ImageObject\",\"inLanguage\":\"fr-FR\",\"@id\":\"https:\\\/\\\/www.galeriedeparis.com\\\/Welcome\\\/produit\\\/e-089-a-la-rue-de-passy-the-rue-de-passy-%e3%83%91%e3%83%83%e3%82%b7%e3%83%bc%e9%80%9a%e3%82%8a%e3%81%ab%e3%81%a6\\\/#primaryimage\",\"url\":\"https:\\\/\\\/www.galeriedeparis.com\\\/Welcome\\\/wp-content\\\/uploads\\\/2026\\\/03\\\/E-089-A-la-Rue-de-Passy-Kojiro-AKAGI-1996-wp.jpg\",\"contentUrl\":\"https:\\\/\\\/www.galeriedeparis.com\\\/Welcome\\\/wp-content\\\/uploads\\\/2026\\\/03\\\/E-089-A-la-Rue-de-Passy-Kojiro-AKAGI-1996-wp.jpg\",\"width\":1015,\"height\":1265},{\"@type\":\"BreadcrumbList\",\"@id\":\"https:\\\/\\\/www.galeriedeparis.com\\\/Welcome\\\/produit\\\/e-089-a-la-rue-de-passy-the-rue-de-passy-%e3%83%91%e3%83%83%e3%82%b7%e3%83%bc%e9%80%9a%e3%82%8a%e3%81%ab%e3%81%a6\\\/#breadcrumb\",\"itemListElement\":[{\"@type\":\"ListItem\",\"position\":1,\"name\":\"Accueil\",\"item\":\"https:\\\/\\\/www.galeriedeparis.com\\\/Welcome\\\/\"},{\"@type\":\"ListItem\",\"position\":2,\"name\":\"Boutique\",\"item\":\"https:\\\/\\\/www.galeriedeparis.com\\\/Welcome\\\/boutique\\\/\"},{\"@type\":\"ListItem\",\"position\":3,\"name\":\"E-089 &#8211; A la rue de Passy, The Rue de Passy, \u30d1\u30c3\u30b7\u30fc\u901a\u308a\u306b\u3066\"}]},{\"@type\":\"WebSite\",\"@id\":\"https:\\\/\\\/www.galeriedeparis.com\\\/Welcome\\\/#website\",\"url\":\"https:\\\/\\\/www.galeriedeparis.com\\\/Welcome\\\/\",\"name\":\"Galerie de Paris \u00a9\",\"description\":\"Les plus belles oeuvres sur Paris se trouvent \u00e0 la Galerie de Paris \u00a9 !\",\"publisher\":{\"@id\":\"https:\\\/\\\/www.galeriedeparis.com\\\/Welcome\\\/#organization\"},\"potentialAction\":[{\"@type\":\"SearchAction\",\"target\":{\"@type\":\"EntryPoint\",\"urlTemplate\":\"https:\\\/\\\/www.galeriedeparis.com\\\/Welcome\\\/?s={search_term_string}\"},\"query-input\":{\"@type\":\"PropertyValueSpecification\",\"valueRequired\":true,\"valueName\":\"search_term_string\"}}],\"inLanguage\":\"fr-FR\"},{\"@type\":\"Organization\",\"@id\":\"https:\\\/\\\/www.galeriedeparis.com\\\/Welcome\\\/#organization\",\"name\":\"Galerie de Paris \u00a9\",\"url\":\"https:\\\/\\\/www.galeriedeparis.com\\\/Welcome\\\/\",\"logo\":{\"@type\":\"ImageObject\",\"inLanguage\":\"fr-FR\",\"@id\":\"https:\\\/\\\/www.galeriedeparis.com\\\/Welcome\\\/#\\\/schema\\\/logo\\\/image\\\/\",\"url\":\"https:\\\/\\\/www.galeriedeparis.com\\\/Welcome\\\/wp-content\\\/uploads\\\/2022\\\/03\\\/cropped-937A1B47-87A3-4339-B63B-6F00ACC81F2A-1.jpg\",\"contentUrl\":\"https:\\\/\\\/www.galeriedeparis.com\\\/Welcome\\\/wp-content\\\/uploads\\\/2022\\\/03\\\/cropped-937A1B47-87A3-4339-B63B-6F00ACC81F2A-1.jpg\",\"width\":478,\"height\":191,\"caption\":\"Galerie de Paris \u00a9\"},\"image\":{\"@id\":\"https:\\\/\\\/www.galeriedeparis.com\\\/Welcome\\\/#\\\/schema\\\/logo\\\/image\\\/\"},\"sameAs\":[\"https:\\\/\\\/www.facebook.com\\\/GalerieDeParisAuVillageSuisse\\\/\"]}]}<\/script>\n<!-- \/ Yoast SEO plugin. -->","yoast_head_json":{"title":"E-089 - A la rue de Passy, The Rue de Passy, \u30d1\u30c3\u30b7\u30fc\u901a\u308a\u306b\u3066 - Galerie de Paris \u00a9","robots":{"index":"index","follow":"follow","max-snippet":"max-snippet:-1","max-image-preview":"max-image-preview:large","max-video-preview":"max-video-preview:-1"},"canonical":"https:\/\/www.galeriedeparis.com\/Welcome\/produit\/e-089-a-la-rue-de-passy-the-rue-de-passy-\u30d1\u30c3\u30b7\u30fc\u901a\u308a\u306b\u3066\/","og_locale":"fr_FR","og_type":"article","og_title":"E-089 - A la rue de Passy, The Rue de Passy, \u30d1\u30c3\u30b7\u30fc\u901a\u308a\u306b\u3066 - Galerie de Paris \u00a9","og_description":"Cr\u00e9ateur : Kojiro Akagi (1934-2021) Date : Janvier 1996, January 1996 Format : Eau-forte et Aquatinte, Atelier Garric Tanguy, 100...","og_url":"https:\/\/www.galeriedeparis.com\/Welcome\/produit\/e-089-a-la-rue-de-passy-the-rue-de-passy-\u30d1\u30c3\u30b7\u30fc\u901a\u308a\u306b\u3066\/","og_site_name":"Galerie de Paris \u00a9","article_publisher":"https:\/\/www.facebook.com\/GalerieDeParisAuVillageSuisse\/","article_modified_time":"2026-03-05T22:23:54+00:00","og_image":[{"width":1015,"height":1265,"url":"https:\/\/www.galeriedeparis.com\/Welcome\/wp-content\/uploads\/2026\/03\/E-089-A-la-Rue-de-Passy-Kojiro-AKAGI-1996-wp.jpg","type":"image\/jpeg"}],"twitter_card":"summary_large_image","twitter_misc":{"Dur\u00e9e de lecture estim\u00e9e":"3 minutes"},"schema":{"@context":"https:\/\/schema.org","@graph":[{"@type":"WebPage","@id":"https:\/\/www.galeriedeparis.com\/Welcome\/produit\/e-089-a-la-rue-de-passy-the-rue-de-passy-%e3%83%91%e3%83%83%e3%82%b7%e3%83%bc%e9%80%9a%e3%82%8a%e3%81%ab%e3%81%a6\/","url":"https:\/\/www.galeriedeparis.com\/Welcome\/produit\/e-089-a-la-rue-de-passy-the-rue-de-passy-%e3%83%91%e3%83%83%e3%82%b7%e3%83%bc%e9%80%9a%e3%82%8a%e3%81%ab%e3%81%a6\/","name":"E-089 - A la rue de Passy, The Rue de Passy, \u30d1\u30c3\u30b7\u30fc\u901a\u308a\u306b\u3066 - Galerie de Paris \u00a9","isPartOf":{"@id":"https:\/\/www.galeriedeparis.com\/Welcome\/#website"},"primaryImageOfPage":{"@id":"https:\/\/www.galeriedeparis.com\/Welcome\/produit\/e-089-a-la-rue-de-passy-the-rue-de-passy-%e3%83%91%e3%83%83%e3%82%b7%e3%83%bc%e9%80%9a%e3%82%8a%e3%81%ab%e3%81%a6\/#primaryimage"},"image":{"@id":"https:\/\/www.galeriedeparis.com\/Welcome\/produit\/e-089-a-la-rue-de-passy-the-rue-de-passy-%e3%83%91%e3%83%83%e3%82%b7%e3%83%bc%e9%80%9a%e3%82%8a%e3%81%ab%e3%81%a6\/#primaryimage"},"thumbnailUrl":"https:\/\/www.galeriedeparis.com\/Welcome\/wp-content\/uploads\/2026\/03\/E-089-A-la-Rue-de-Passy-Kojiro-AKAGI-1996-wp.jpg","datePublished":"2026-03-05T22:02:09+00:00","dateModified":"2026-03-05T22:23:54+00:00","breadcrumb":{"@id":"https:\/\/www.galeriedeparis.com\/Welcome\/produit\/e-089-a-la-rue-de-passy-the-rue-de-passy-%e3%83%91%e3%83%83%e3%82%b7%e3%83%bc%e9%80%9a%e3%82%8a%e3%81%ab%e3%81%a6\/#breadcrumb"},"inLanguage":"fr-FR","potentialAction":[{"@type":"ReadAction","target":["https:\/\/www.galeriedeparis.com\/Welcome\/produit\/e-089-a-la-rue-de-passy-the-rue-de-passy-%e3%83%91%e3%83%83%e3%82%b7%e3%83%bc%e9%80%9a%e3%82%8a%e3%81%ab%e3%81%a6\/"]}]},{"@type":"ImageObject","inLanguage":"fr-FR","@id":"https:\/\/www.galeriedeparis.com\/Welcome\/produit\/e-089-a-la-rue-de-passy-the-rue-de-passy-%e3%83%91%e3%83%83%e3%82%b7%e3%83%bc%e9%80%9a%e3%82%8a%e3%81%ab%e3%81%a6\/#primaryimage","url":"https:\/\/www.galeriedeparis.com\/Welcome\/wp-content\/uploads\/2026\/03\/E-089-A-la-Rue-de-Passy-Kojiro-AKAGI-1996-wp.jpg","contentUrl":"https:\/\/www.galeriedeparis.com\/Welcome\/wp-content\/uploads\/2026\/03\/E-089-A-la-Rue-de-Passy-Kojiro-AKAGI-1996-wp.jpg","width":1015,"height":1265},{"@type":"BreadcrumbList","@id":"https:\/\/www.galeriedeparis.com\/Welcome\/produit\/e-089-a-la-rue-de-passy-the-rue-de-passy-%e3%83%91%e3%83%83%e3%82%b7%e3%83%bc%e9%80%9a%e3%82%8a%e3%81%ab%e3%81%a6\/#breadcrumb","itemListElement":[{"@type":"ListItem","position":1,"name":"Accueil","item":"https:\/\/www.galeriedeparis.com\/Welcome\/"},{"@type":"ListItem","position":2,"name":"Boutique","item":"https:\/\/www.galeriedeparis.com\/Welcome\/boutique\/"},{"@type":"ListItem","position":3,"name":"E-089 &#8211; A la rue de Passy, The Rue de Passy, \u30d1\u30c3\u30b7\u30fc\u901a\u308a\u306b\u3066"}]},{"@type":"WebSite","@id":"https:\/\/www.galeriedeparis.com\/Welcome\/#website","url":"https:\/\/www.galeriedeparis.com\/Welcome\/","name":"Galerie de Paris \u00a9","description":"Les plus belles oeuvres sur Paris se trouvent \u00e0 la Galerie de Paris \u00a9 !","publisher":{"@id":"https:\/\/www.galeriedeparis.com\/Welcome\/#organization"},"potentialAction":[{"@type":"SearchAction","target":{"@type":"EntryPoint","urlTemplate":"https:\/\/www.galeriedeparis.com\/Welcome\/?s={search_term_string}"},"query-input":{"@type":"PropertyValueSpecification","valueRequired":true,"valueName":"search_term_string"}}],"inLanguage":"fr-FR"},{"@type":"Organization","@id":"https:\/\/www.galeriedeparis.com\/Welcome\/#organization","name":"Galerie de Paris \u00a9","url":"https:\/\/www.galeriedeparis.com\/Welcome\/","logo":{"@type":"ImageObject","inLanguage":"fr-FR","@id":"https:\/\/www.galeriedeparis.com\/Welcome\/#\/schema\/logo\/image\/","url":"https:\/\/www.galeriedeparis.com\/Welcome\/wp-content\/uploads\/2022\/03\/cropped-937A1B47-87A3-4339-B63B-6F00ACC81F2A-1.jpg","contentUrl":"https:\/\/www.galeriedeparis.com\/Welcome\/wp-content\/uploads\/2022\/03\/cropped-937A1B47-87A3-4339-B63B-6F00ACC81F2A-1.jpg","width":478,"height":191,"caption":"Galerie de Paris \u00a9"},"image":{"@id":"https:\/\/www.galeriedeparis.com\/Welcome\/#\/schema\/logo\/image\/"},"sameAs":["https:\/\/www.facebook.com\/GalerieDeParisAuVillageSuisse\/"]}]}},"_links":{"self":[{"href":"https:\/\/www.galeriedeparis.com\/Welcome\/wp-json\/wp\/v2\/product\/480","targetHints":{"allow":["GET"]}}],"collection":[{"href":"https:\/\/www.galeriedeparis.com\/Welcome\/wp-json\/wp\/v2\/product"}],"about":[{"href":"https:\/\/www.galeriedeparis.com\/Welcome\/wp-json\/wp\/v2\/types\/product"}],"wp:featuredmedia":[{"embeddable":true,"href":"https:\/\/www.galeriedeparis.com\/Welcome\/wp-json\/wp\/v2\/media\/482"}],"wp:attachment":[{"href":"https:\/\/www.galeriedeparis.com\/Welcome\/wp-json\/wp\/v2\/media?parent=480"}],"wp:term":[{"taxonomy":"product_brand","embeddable":true,"href":"https:\/\/www.galeriedeparis.com\/Welcome\/wp-json\/wp\/v2\/product_brand?post=480"},{"taxonomy":"product_cat","embeddable":true,"href":"https:\/\/www.galeriedeparis.com\/Welcome\/wp-json\/wp\/v2\/product_cat?post=480"},{"taxonomy":"product_tag","embeddable":true,"href":"https:\/\/www.galeriedeparis.com\/Welcome\/wp-json\/wp\/v2\/product_tag?post=480"}],"curies":[{"name":"wp","href":"https:\/\/api.w.org\/{rel}","templated":true}]}}