{"id":483,"date":"2026-03-05T23:34:48","date_gmt":"2026-03-05T22:34:48","guid":{"rendered":"https:\/\/www.galeriedeparis.com\/Welcome\/?post_type=product&#038;p=483"},"modified":"2026-03-13T16:08:05","modified_gmt":"2026-03-13T15:08:05","slug":"e-60-lhotel-du-nord-the-hotel-du-nord-quai-de-jemmapes-%e3%82%b8%e3%82%a7%e3%83%9e%e3%83%83%e3%83%97%e6%b2%b3%e5%b2%b8%e3%81%ae%e5%8c%97%e3%83%9b%e3%83%86%e3%83%ab","status":"publish","type":"product","link":"https:\/\/www.galeriedeparis.com\/Welcome\/produit\/e-60-lhotel-du-nord-the-hotel-du-nord-quai-de-jemmapes-%e3%82%b8%e3%82%a7%e3%83%9e%e3%83%83%e3%83%97%e6%b2%b3%e5%b2%b8%e3%81%ae%e5%8c%97%e3%83%9b%e3%83%86%e3%83%ab\/","title":{"rendered":"E-60 L\u2019H\u00f4tel du Nord, The H\u00f4tel du Nord, Quai de Jemmapes, \u30b8\u30a7\u30de\u30c3\u30d7\u6cb3\u5cb8\u306e\u5317\u30db\u30c6\u30eb"},"content":{"rendered":"<p>Cr\u00e9ateur : Kojiro Akagi (1934-2021)<br \/>\nDate : 1989<br \/>\nFormat : S\u00e9rigraphie, Atelier Del Arco, 100 tirages + 11 E.A. romain, sur papier Arches 49,5 x 64,5 cm.<br \/>\nType : S\u00e9rigraphie<\/p>\n<p><b>Collection : <\/b><a href=\"https:\/\/kojiroakagi.com\/gallery\/collections\/show\/2\">Cent vues de Paris page 109 \/ 100 views of Paris in lithography \/ \u30a2\u30ab\u30ae\u306e\u7248\u753b\u30d1\u30ea\u767e\u666f<\/a><\/p>\n<p>Droits : <a href=\"https:\/\/www.kojiroakagi.com\/kojiroakagi_wp\/\">\u00a9 Fonds de dotation Kojiro AKAGI<\/a>, <a href=\"https:\/\/www.adagp.fr\/fr\/jutilise-ou-vends-une-oeuvre\/ma-boite-outils\/tarifs\">\u00a9 ADAGP<\/a><\/p>\n<p>&nbsp;<\/p>\n<p><img loading=\"lazy\" decoding=\"async\" class=\"alignnone wp-image-485 size-full\" src=\"https:\/\/www.galeriedeparis.com\/Welcome\/wp-content\/uploads\/2026\/03\/E-060-Hotel-du-Nord-Quai-de-Jemmapes-Kojiro-AKAGI-1989-wp.jpg\" alt=\"\" width=\"1690\" height=\"1390\" srcset=\"https:\/\/www.galeriedeparis.com\/Welcome\/wp-content\/uploads\/2026\/03\/E-060-Hotel-du-Nord-Quai-de-Jemmapes-Kojiro-AKAGI-1989-wp.jpg 1690w, https:\/\/www.galeriedeparis.com\/Welcome\/wp-content\/uploads\/2026\/03\/E-060-Hotel-du-Nord-Quai-de-Jemmapes-Kojiro-AKAGI-1989-wp-600x493.jpg 600w, https:\/\/www.galeriedeparis.com\/Welcome\/wp-content\/uploads\/2026\/03\/E-060-Hotel-du-Nord-Quai-de-Jemmapes-Kojiro-AKAGI-1989-wp-300x247.jpg 300w, https:\/\/www.galeriedeparis.com\/Welcome\/wp-content\/uploads\/2026\/03\/E-060-Hotel-du-Nord-Quai-de-Jemmapes-Kojiro-AKAGI-1989-wp-1024x842.jpg 1024w, https:\/\/www.galeriedeparis.com\/Welcome\/wp-content\/uploads\/2026\/03\/E-060-Hotel-du-Nord-Quai-de-Jemmapes-Kojiro-AKAGI-1989-wp-768x632.jpg 768w, https:\/\/www.galeriedeparis.com\/Welcome\/wp-content\/uploads\/2026\/03\/E-060-Hotel-du-Nord-Quai-de-Jemmapes-Kojiro-AKAGI-1989-wp-1536x1263.jpg 1536w\" sizes=\"auto, (max-width: 1690px) 100vw, 1690px\" \/><\/p>\n<h3>Description :<\/h3>\n<h2>L\u2019H\u00f4tel du Nord<\/h2>\n<div class=\"element-text\">Sous la place de la Bastille, en plus du cimeti\u00e8re, il y a un canal sous-terrain qui part du nord de Paris pour d\u00e9boucher sous cette place afin de se d\u00e9verser dans la Seine. En remontant ce canal, dont la partie souterraine fait penser au Styx, on arrive \u00e0 l\u2019H\u00f4tel du Nord, juste en face de la deuxi\u00e8me \u00e9cluse. C\u2018est l\u00e0 qu\u2019est tourn\u00e9 le film H\u00f4tel du Nord en 1937. Ce chef-d\u2019oeuvre r\u00e9alis\u00e9 dans un studio reproduisait fid\u00e8lement le quartier et ce b\u00e2timent. Depuis, nombreux sont ceux qui viennent visiter avec nostalgie cet endroit situ\u00e9 dans un quartier populaire. En septembre 1984, la mairie de Paris a autoris\u00e9 la d\u00e9molition de l\u2019h\u00f4tel qui \u00e9tait dans un \u00e9tat de d\u00e9labrement avanc\u00e9, mais, un mouvement regroupant des \u00e9crivains, des cin\u00e9astes et des fans s\u2019y est oppos\u00e9. Finalement, une solution originale fut trouv\u00e9e : seule la fa\u00e7ade serait conserv\u00e9e et plac\u00e9e devant une nouvelle construction. Jadis, ce quartier \u00e9tait un rebut d\u2019immondices appel\u00e9 Montfaucon. Bien avant, il servait de lieu d\u2019ex\u00e9cution des criminels. Pendant 500 ans, du 13e si\u00e8cle \u00e0 la p\u00e9riode pr\u00e9c\u00e9dant la R\u00e9volution fran\u00e7aise, le lieu servait \u00e0 effrayer la population, en lui montrant les peines encourues par les criminels pendus \u00e0 la potence, l\u2019\u00e9quivalent de Suzugamori au Japon sous l\u2019\u00e8re Edo. Ce n\u2019est que plus tard que l\u2019endroit est transform\u00e9 en d\u00e9potoir. Des archives t\u00e9moignent de l\u2019existence, jusqu\u2019au 19e si\u00e8cle, d\u2019indigents venant fouiller les poubelles et chercher de la nourriture parmi les ordures. Cette nourriture \u00e9tait vendue et revendue aux plus pauvres de la soci\u00e9t\u00e9, ce qui provoquait quotidiennement de graves probl\u00e8mes sanitaires. Cette s\u00e9rigraphie a \u00e9t\u00e9 r\u00e9alis\u00e9e \u00e0 l\u2019\u00e9poque du b\u00e2timent d\u2019origine. Ici, les bateaux circulent sur le canal entre les immeubles. C\u2019est un espace id\u00e9al pour faire des balades reposantes. La chauss\u00e9e est au m\u00eame niveau que l\u2019eau, ce qui permet de voir passer des p\u00e9niches aux allures originales et de profiter du spectacle offert par les \u00e9cluses.<\/div>\n<div><\/div>\n<h2>The H\u00f4tel du Nord, Quai de Jemmapes<\/h2>\n<div class=\"element-text\">While there is a burial crypt beneath the Place de la Bastille, beside it is a long and wide underground canal which flows from the northern canal in Paris and into the Seine. The H\u00f4tel du Nord is situated at the first lock for water level adjustment after this long, Stygian underground waterway ends. The hotel was replicated in a studio set to produce the famous French film \u201cH\u00f4tel du Nord\u201d in 1937 and many people visited this place in the lower town after their nostalgic feelings were aroused. In September 1984 the City Hall in Paris permitted demolition of the then dilapidated building but it sparked vehement protests among writers, the film industry and fans. Eventually, they decided to preserve the exterior of the building only which is somewhat incongruously superimposed on a modern building. I made this print while the original hotel building still stood.In the past, Montfaucon served as a municipal dump for Paris. Even before it was a place of execution, like Suzugamori in Tokyo. There had been a huge gallows here for 500 years, from the 13th century until just before French Revolution, and serious criminals were hanged as a warning to others. Later, it turned into the waste facility for Paris. There are horrific records of poor people scavenging leftovers and rubbish upon which to live until the 19th century. Leftovers were sold and resold to the poorest of the poor, much like what happened in Kitcho but a commonplace occurrence.Ships traverse the canal between city buildings. The scenery with its characteristic barges and locks bringing the waterway almost level with the roadway produces a heart-melting promenade.<\/div>\n<div><\/div>\n<h2>\u30b8\u30a7\u30de\u30c3\u30d7\u6cb3\u5cb8\u306e\u5317\u30db\u30c6\u30eb<\/h2>\n<div class=\"element-text\">\u30d0\u30b9\u30c1\u30fc\u30e6\u5e83\u5834\u306e\u5730\u4e0b\u306f\u3001\u5893\u6240\u3082\u3042\u308b\u304c\u3001\u305d\u306e\u8107\u3092\u9577\u304f\u5e83\u3044\u5730\u4e0b\u904b\u6cb3\u3082\u901a\u3063\u3066\u3044\u3066\u3001\u30d1\u30ea\u306e\u5317\u65b9\u3092\u5de1\u308b\u904b\u6cb3\u304b\u3089\u3001\u30bb\u30fc\u30cc\u6cb3\u3078\u306e\u51fa\u53e3\u3067\u3082\u3042\u308b\u3002\u3053\u306e\u4e09\u9014\u306e\u5ddd\u307f\u305f\u3044\u306a\u9577\u3044\u5730\u4e0b\u6c34\u8def\u3092\u629c\u3051\u3066\u8868\u306b\u51fa\u3066\u3001\u7b2c\u4e00\u306e\u6c34\u4f4d\u8abf\u6574\u306e\u9598\u9580\u306e\u3068\u3053\u308d\u306b\u300c\u5317\u30db\u30c6\u30eb\u300d\u304c\u3042\u308b\u3002\u3000\u3053\u3053\u3068\u3001\u305d\u306e\u307e\u307e\u305d\u3063\u304f\u308a\u306e\u30bb\u30c3\u30c8\u3092\u30b9\u30bf\u30b8\u30aa\u306b\u4f5c\u3063\u3066\u3001\u4e00\u4e5d\u4e09\u4e03\u5e74\u30d5\u30e9\u30f3\u30b9\u6620\u753b\u306e\u540d\u4f5c\u300c\u5317\u30db\u30c6\u30eb\u300d\u304c\u4f5c\u3089\u308c\u305f\u306e\u3067\u3001\u30ce\u30b9\u30bf\u30eb\u30b8\u30fc\u306b\u304b\u3089\u308c\u3066\u3001\u4e0b\u753a\u306e\u3053\u306e\u5834\u6240\u3092\u308f\u3056\u308f\u3056\u8a2a\u308c\u308b\u4eba\u3082\u591a\u304b\u3063\u305f\u3002\u4e00\u4e5d\u516b\u56db\u5e74\u4e5d\u6708\u3001\u30d1\u30ea\u306e\u5e02\u5f79\u6240\u3067\u306f\u3001\u8001\u673d\u5316\u3057\u305f\u3053\u306e\u5317\u30db\u30c6\u30eb\u53d6\u308a\u58ca\u3057\u306e\u8a31\u53ef\u3092\u51fa\u3057\u305f\u304c\u3001\u4f5c\u5bb6\u3001\u6620\u753b\u754c\u3001\u30d5\u30a1\u30f3\u305f\u3061\u306e\u731b\u53cd\u5bfe\u904b\u52d5\u3002\u7d50\u5c40\u306f\u5efa\u7269\u306e\u5916\u89b3\u3060\u3051\u4fdd\u5b58\u3055\u308c\u308b\u3053\u3068\u306b\u306a\u3063\u3066\u3001\u73fe\u4ee3\u30d3\u30eb\u306b\u8cbc\u308a\u4ed8\u3051\u308b\u3001\u5909\u306a\u5177\u5408\u306b\u306a\u3063\u3066\u3044\u308b\u3002\u7248\u753b\u306f\u307e\u3060\u5efa\u7269\u304c\u3042\u3063\u3066\u3001\u30db\u30c6\u30eb\u3060\u3063\u305f\u6700\u5f8c\u306e\u6642\u4ee3\u306b\u5236\u4f5c\u3057\u305f\u3002\u3000\u3053\u306e\u8fba\u308a\u3001\u6614\u306f\u300c\u30e2\u30f3\u30d5\u30a9\u30fc\u30b3\u30f3\u300d\u3068\u547c\u3070\u308c\u308b\u30d1\u30ea\u306e\u5875\u82a5\u6368\u3066\u5834\u3001\u3082\u3063\u3068\u305d\u306e\u524d\u306f\u6c5f\u6238\u306e\u9234\u30f6\u68ee\u307f\u305f\u3044\u306b\u3001\u5927\u304d\u306a\u72af\u7f6a\u4eba\u306e\u51e6\u5211\u5834\u3067\u3001\u5927\u578b\u306e\u7d5e\u9996\u53f0\u304c\u5341\u4e09\u4e16\u7d00\u304b\u3089\u30d5\u30e9\u30f3\u30b9\u9769\u547d\u306e\u5c11\u3057\u524d\u307e\u3067\u4e94\u767e\u5e74\u3082\u3042\u3063\u3066\u3001\u898b\u305b\u3057\u3081\u306b\u540a\u308b\u3055\u308c\u3066\u3044\u305f\u308a\u3057\u305f\u3068\u3053\u308d\u3002\u305d\u308c\u304b\u3089\u30d1\u30ea\u306e\u3001\u5875\u6368\u3066\u5834\u306b\u306a\u3063\u305f\u3002\u5341\u4e5d\u4e16\u7d00\u307e\u3067\u6b8b\u98ef\u3084\u5875\u82a5\u30a2\u30b5\u30ea\u3092\u3057\u3066\u751f\u6d3b\u3092\u3059\u308b\u3001\u58ee\u7d76\u306a\u8ca7\u6c11\u305f\u3061\u306e\u59ff\u3084\u3001\u8a18\u9332\u304c\u4f1d\u3048\u3089\u308c\u3066\u3044\u308b\u3002\u6b8b\u98ef\u306f\u4e8c\u5ea6\u3001\u4e09\u5ea6\u3068\u305f\u3089\u3044\u56de\u3057\u3057\u3066\u58f2\u3089\u308c\u3001\u4e0b\u5c64\u793e\u4f1a\u306b\u6d3b\u7528\u3055\u308c\u3001\u73fe\u4ee3\u306e\u300c\u5409\u5146\u9a12\u52d5\u300d\u306a\u3069\u3001\u5f53\u305f\u308a\u524d\u306e\u3053\u3068\u3060\u3063\u305f\u3088\u3046\u3060\u3002\u3000\u73fe\u5728\u306f\u904b\u6cb3\u3092\u8239\u304c\u3001\u5e02\u5185\u306e\u30d3\u30eb\u306e\u9593\u3092\u901a\u3063\u3066\u8d70\u308b\u3002\u7279\u5fb4\u3042\u308b\u72ec\u7279\u306e\u5185\u9678\u7528\u8ca8\u7269\u8239\u306e\u904b\u822a\u3084\u3001\u6c34\u4f4d\u8abf\u7bc0\u306e\u6c34\u9580\u306e\u3042\u308b\u98a8\u666f\u3067\u3001\u9053\u8def\u3068\u4e26\u884c\u3059\u308b\u540c\u3058\u9ad8\u3055\u306e\u6c34\u8fba\u306a\u306e\u3067\u3001\u5fc3\u3092\u306a\u3054\u307e\u305b\u308b\u6563\u6b69\u9053\u3060\u3002<\/div>\n","protected":false},"excerpt":{"rendered":"<p>Cr\u00e9ateur : Kojiro Akagi (1934-2021) Date : 1989 Format : S\u00e9rigraphie, Atelier Del Arco, 100 tirages + 11 E.A. romain,&#8230;<\/p>\n","protected":false},"featured_media":485,"template":"","meta":[],"product_brand":[104],"product_cat":[69],"product_tag":[],"class_list":{"0":"post-483","1":"product","2":"type-product","3":"status-publish","4":"has-post-thumbnail","6":"product_brand-akagi","7":"product_cat-akagi-kojiro","9":"first","10":"outofstock","11":"taxable","12":"shipping-taxable","13":"purchasable","14":"product-type-simple"},"yoast_head":"<!-- This site is optimized with the Yoast SEO plugin v27.5 - https:\/\/yoast.com\/product\/yoast-seo-wordpress\/ -->\n<title>E-60 L\u2019H\u00f4tel du Nord, The H\u00f4tel du Nord, Quai de Jemmapes, \u30b8\u30a7\u30de\u30c3\u30d7\u6cb3\u5cb8\u306e\u5317\u30db\u30c6\u30eb - Galerie de Paris \u00a9<\/title>\n<meta name=\"robots\" content=\"index, follow, max-snippet:-1, max-image-preview:large, max-video-preview:-1\" \/>\n<link rel=\"canonical\" href=\"https:\/\/www.galeriedeparis.com\/Welcome\/produit\/e-60-lhotel-du-nord-the-hotel-du-nord-quai-de-jemmapes-\u30b8\u30a7\u30de\u30c3\u30d7\u6cb3\u5cb8\u306e\u5317\u30db\u30c6\u30eb\/\" \/>\n<meta property=\"og:locale\" content=\"fr_FR\" \/>\n<meta property=\"og:type\" content=\"article\" \/>\n<meta property=\"og:title\" content=\"E-60 L\u2019H\u00f4tel du Nord, The H\u00f4tel du Nord, Quai de Jemmapes, \u30b8\u30a7\u30de\u30c3\u30d7\u6cb3\u5cb8\u306e\u5317\u30db\u30c6\u30eb - Galerie de Paris \u00a9\" \/>\n<meta property=\"og:description\" content=\"Cr\u00e9ateur : Kojiro Akagi (1934-2021) Date : 1989 Format : S\u00e9rigraphie, Atelier Del Arco, 100 tirages + 11 E.A. romain,...\" \/>\n<meta property=\"og:url\" content=\"https:\/\/www.galeriedeparis.com\/Welcome\/produit\/e-60-lhotel-du-nord-the-hotel-du-nord-quai-de-jemmapes-\u30b8\u30a7\u30de\u30c3\u30d7\u6cb3\u5cb8\u306e\u5317\u30db\u30c6\u30eb\/\" \/>\n<meta property=\"og:site_name\" content=\"Galerie de Paris \u00a9\" \/>\n<meta property=\"article:publisher\" content=\"https:\/\/www.facebook.com\/GalerieDeParisAuVillageSuisse\/\" \/>\n<meta property=\"article:modified_time\" content=\"2026-03-13T15:08:05+00:00\" \/>\n<meta property=\"og:image\" content=\"https:\/\/www.galeriedeparis.com\/Welcome\/wp-content\/uploads\/2026\/03\/E-060-Hotel-du-Nord-Quai-de-Jemmapes-Kojiro-AKAGI-1989-wp.jpg\" \/>\n\t<meta property=\"og:image:width\" content=\"1690\" \/>\n\t<meta property=\"og:image:height\" content=\"1390\" \/>\n\t<meta property=\"og:image:type\" content=\"image\/jpeg\" \/>\n<meta name=\"twitter:card\" content=\"summary_large_image\" \/>\n<meta name=\"twitter:label1\" content=\"Dur\u00e9e de lecture estim\u00e9e\" \/>\n\t<meta name=\"twitter:data1\" content=\"4 minutes\" \/>\n<script type=\"application\/ld+json\" class=\"yoast-schema-graph\">{\"@context\":\"https:\\\/\\\/schema.org\",\"@graph\":[{\"@type\":\"WebPage\",\"@id\":\"https:\\\/\\\/www.galeriedeparis.com\\\/Welcome\\\/produit\\\/e-60-lhotel-du-nord-the-hotel-du-nord-quai-de-jemmapes-%e3%82%b8%e3%82%a7%e3%83%9e%e3%83%83%e3%83%97%e6%b2%b3%e5%b2%b8%e3%81%ae%e5%8c%97%e3%83%9b%e3%83%86%e3%83%ab\\\/\",\"url\":\"https:\\\/\\\/www.galeriedeparis.com\\\/Welcome\\\/produit\\\/e-60-lhotel-du-nord-the-hotel-du-nord-quai-de-jemmapes-%e3%82%b8%e3%82%a7%e3%83%9e%e3%83%83%e3%83%97%e6%b2%b3%e5%b2%b8%e3%81%ae%e5%8c%97%e3%83%9b%e3%83%86%e3%83%ab\\\/\",\"name\":\"E-60 L\u2019H\u00f4tel du Nord, The H\u00f4tel du Nord, Quai de Jemmapes, \u30b8\u30a7\u30de\u30c3\u30d7\u6cb3\u5cb8\u306e\u5317\u30db\u30c6\u30eb - Galerie de Paris \u00a9\",\"isPartOf\":{\"@id\":\"https:\\\/\\\/www.galeriedeparis.com\\\/Welcome\\\/#website\"},\"primaryImageOfPage\":{\"@id\":\"https:\\\/\\\/www.galeriedeparis.com\\\/Welcome\\\/produit\\\/e-60-lhotel-du-nord-the-hotel-du-nord-quai-de-jemmapes-%e3%82%b8%e3%82%a7%e3%83%9e%e3%83%83%e3%83%97%e6%b2%b3%e5%b2%b8%e3%81%ae%e5%8c%97%e3%83%9b%e3%83%86%e3%83%ab\\\/#primaryimage\"},\"image\":{\"@id\":\"https:\\\/\\\/www.galeriedeparis.com\\\/Welcome\\\/produit\\\/e-60-lhotel-du-nord-the-hotel-du-nord-quai-de-jemmapes-%e3%82%b8%e3%82%a7%e3%83%9e%e3%83%83%e3%83%97%e6%b2%b3%e5%b2%b8%e3%81%ae%e5%8c%97%e3%83%9b%e3%83%86%e3%83%ab\\\/#primaryimage\"},\"thumbnailUrl\":\"https:\\\/\\\/www.galeriedeparis.com\\\/Welcome\\\/wp-content\\\/uploads\\\/2026\\\/03\\\/E-060-Hotel-du-Nord-Quai-de-Jemmapes-Kojiro-AKAGI-1989-wp.jpg\",\"datePublished\":\"2026-03-05T22:34:48+00:00\",\"dateModified\":\"2026-03-13T15:08:05+00:00\",\"breadcrumb\":{\"@id\":\"https:\\\/\\\/www.galeriedeparis.com\\\/Welcome\\\/produit\\\/e-60-lhotel-du-nord-the-hotel-du-nord-quai-de-jemmapes-%e3%82%b8%e3%82%a7%e3%83%9e%e3%83%83%e3%83%97%e6%b2%b3%e5%b2%b8%e3%81%ae%e5%8c%97%e3%83%9b%e3%83%86%e3%83%ab\\\/#breadcrumb\"},\"inLanguage\":\"fr-FR\",\"potentialAction\":[{\"@type\":\"ReadAction\",\"target\":[\"https:\\\/\\\/www.galeriedeparis.com\\\/Welcome\\\/produit\\\/e-60-lhotel-du-nord-the-hotel-du-nord-quai-de-jemmapes-%e3%82%b8%e3%82%a7%e3%83%9e%e3%83%83%e3%83%97%e6%b2%b3%e5%b2%b8%e3%81%ae%e5%8c%97%e3%83%9b%e3%83%86%e3%83%ab\\\/\"]}]},{\"@type\":\"ImageObject\",\"inLanguage\":\"fr-FR\",\"@id\":\"https:\\\/\\\/www.galeriedeparis.com\\\/Welcome\\\/produit\\\/e-60-lhotel-du-nord-the-hotel-du-nord-quai-de-jemmapes-%e3%82%b8%e3%82%a7%e3%83%9e%e3%83%83%e3%83%97%e6%b2%b3%e5%b2%b8%e3%81%ae%e5%8c%97%e3%83%9b%e3%83%86%e3%83%ab\\\/#primaryimage\",\"url\":\"https:\\\/\\\/www.galeriedeparis.com\\\/Welcome\\\/wp-content\\\/uploads\\\/2026\\\/03\\\/E-060-Hotel-du-Nord-Quai-de-Jemmapes-Kojiro-AKAGI-1989-wp.jpg\",\"contentUrl\":\"https:\\\/\\\/www.galeriedeparis.com\\\/Welcome\\\/wp-content\\\/uploads\\\/2026\\\/03\\\/E-060-Hotel-du-Nord-Quai-de-Jemmapes-Kojiro-AKAGI-1989-wp.jpg\",\"width\":1690,\"height\":1390},{\"@type\":\"BreadcrumbList\",\"@id\":\"https:\\\/\\\/www.galeriedeparis.com\\\/Welcome\\\/produit\\\/e-60-lhotel-du-nord-the-hotel-du-nord-quai-de-jemmapes-%e3%82%b8%e3%82%a7%e3%83%9e%e3%83%83%e3%83%97%e6%b2%b3%e5%b2%b8%e3%81%ae%e5%8c%97%e3%83%9b%e3%83%86%e3%83%ab\\\/#breadcrumb\",\"itemListElement\":[{\"@type\":\"ListItem\",\"position\":1,\"name\":\"Accueil\",\"item\":\"https:\\\/\\\/www.galeriedeparis.com\\\/Welcome\\\/\"},{\"@type\":\"ListItem\",\"position\":2,\"name\":\"Boutique\",\"item\":\"https:\\\/\\\/www.galeriedeparis.com\\\/Welcome\\\/boutique\\\/\"},{\"@type\":\"ListItem\",\"position\":3,\"name\":\"E-60 L\u2019H\u00f4tel du Nord, The H\u00f4tel du Nord, Quai de Jemmapes, \u30b8\u30a7\u30de\u30c3\u30d7\u6cb3\u5cb8\u306e\u5317\u30db\u30c6\u30eb\"}]},{\"@type\":\"WebSite\",\"@id\":\"https:\\\/\\\/www.galeriedeparis.com\\\/Welcome\\\/#website\",\"url\":\"https:\\\/\\\/www.galeriedeparis.com\\\/Welcome\\\/\",\"name\":\"Galerie de Paris \u00a9\",\"description\":\"Les plus belles oeuvres sur Paris se trouvent \u00e0 la Galerie de Paris \u00a9 !\",\"publisher\":{\"@id\":\"https:\\\/\\\/www.galeriedeparis.com\\\/Welcome\\\/#organization\"},\"potentialAction\":[{\"@type\":\"SearchAction\",\"target\":{\"@type\":\"EntryPoint\",\"urlTemplate\":\"https:\\\/\\\/www.galeriedeparis.com\\\/Welcome\\\/?s={search_term_string}\"},\"query-input\":{\"@type\":\"PropertyValueSpecification\",\"valueRequired\":true,\"valueName\":\"search_term_string\"}}],\"inLanguage\":\"fr-FR\"},{\"@type\":\"Organization\",\"@id\":\"https:\\\/\\\/www.galeriedeparis.com\\\/Welcome\\\/#organization\",\"name\":\"Galerie de Paris \u00a9\",\"url\":\"https:\\\/\\\/www.galeriedeparis.com\\\/Welcome\\\/\",\"logo\":{\"@type\":\"ImageObject\",\"inLanguage\":\"fr-FR\",\"@id\":\"https:\\\/\\\/www.galeriedeparis.com\\\/Welcome\\\/#\\\/schema\\\/logo\\\/image\\\/\",\"url\":\"https:\\\/\\\/www.galeriedeparis.com\\\/Welcome\\\/wp-content\\\/uploads\\\/2022\\\/03\\\/cropped-937A1B47-87A3-4339-B63B-6F00ACC81F2A-1.jpg\",\"contentUrl\":\"https:\\\/\\\/www.galeriedeparis.com\\\/Welcome\\\/wp-content\\\/uploads\\\/2022\\\/03\\\/cropped-937A1B47-87A3-4339-B63B-6F00ACC81F2A-1.jpg\",\"width\":478,\"height\":191,\"caption\":\"Galerie de Paris \u00a9\"},\"image\":{\"@id\":\"https:\\\/\\\/www.galeriedeparis.com\\\/Welcome\\\/#\\\/schema\\\/logo\\\/image\\\/\"},\"sameAs\":[\"https:\\\/\\\/www.facebook.com\\\/GalerieDeParisAuVillageSuisse\\\/\"]}]}<\/script>\n<!-- \/ Yoast SEO plugin. -->","yoast_head_json":{"title":"E-60 L\u2019H\u00f4tel du Nord, The H\u00f4tel du Nord, Quai de Jemmapes, \u30b8\u30a7\u30de\u30c3\u30d7\u6cb3\u5cb8\u306e\u5317\u30db\u30c6\u30eb - Galerie de Paris \u00a9","robots":{"index":"index","follow":"follow","max-snippet":"max-snippet:-1","max-image-preview":"max-image-preview:large","max-video-preview":"max-video-preview:-1"},"canonical":"https:\/\/www.galeriedeparis.com\/Welcome\/produit\/e-60-lhotel-du-nord-the-hotel-du-nord-quai-de-jemmapes-\u30b8\u30a7\u30de\u30c3\u30d7\u6cb3\u5cb8\u306e\u5317\u30db\u30c6\u30eb\/","og_locale":"fr_FR","og_type":"article","og_title":"E-60 L\u2019H\u00f4tel du Nord, The H\u00f4tel du Nord, Quai de Jemmapes, \u30b8\u30a7\u30de\u30c3\u30d7\u6cb3\u5cb8\u306e\u5317\u30db\u30c6\u30eb - Galerie de Paris \u00a9","og_description":"Cr\u00e9ateur : Kojiro Akagi (1934-2021) Date : 1989 Format : S\u00e9rigraphie, Atelier Del Arco, 100 tirages + 11 E.A. romain,...","og_url":"https:\/\/www.galeriedeparis.com\/Welcome\/produit\/e-60-lhotel-du-nord-the-hotel-du-nord-quai-de-jemmapes-\u30b8\u30a7\u30de\u30c3\u30d7\u6cb3\u5cb8\u306e\u5317\u30db\u30c6\u30eb\/","og_site_name":"Galerie de Paris \u00a9","article_publisher":"https:\/\/www.facebook.com\/GalerieDeParisAuVillageSuisse\/","article_modified_time":"2026-03-13T15:08:05+00:00","og_image":[{"width":1690,"height":1390,"url":"https:\/\/www.galeriedeparis.com\/Welcome\/wp-content\/uploads\/2026\/03\/E-060-Hotel-du-Nord-Quai-de-Jemmapes-Kojiro-AKAGI-1989-wp.jpg","type":"image\/jpeg"}],"twitter_card":"summary_large_image","twitter_misc":{"Dur\u00e9e de lecture estim\u00e9e":"4 minutes"},"schema":{"@context":"https:\/\/schema.org","@graph":[{"@type":"WebPage","@id":"https:\/\/www.galeriedeparis.com\/Welcome\/produit\/e-60-lhotel-du-nord-the-hotel-du-nord-quai-de-jemmapes-%e3%82%b8%e3%82%a7%e3%83%9e%e3%83%83%e3%83%97%e6%b2%b3%e5%b2%b8%e3%81%ae%e5%8c%97%e3%83%9b%e3%83%86%e3%83%ab\/","url":"https:\/\/www.galeriedeparis.com\/Welcome\/produit\/e-60-lhotel-du-nord-the-hotel-du-nord-quai-de-jemmapes-%e3%82%b8%e3%82%a7%e3%83%9e%e3%83%83%e3%83%97%e6%b2%b3%e5%b2%b8%e3%81%ae%e5%8c%97%e3%83%9b%e3%83%86%e3%83%ab\/","name":"E-60 L\u2019H\u00f4tel du Nord, The H\u00f4tel du Nord, Quai de Jemmapes, \u30b8\u30a7\u30de\u30c3\u30d7\u6cb3\u5cb8\u306e\u5317\u30db\u30c6\u30eb - Galerie de Paris \u00a9","isPartOf":{"@id":"https:\/\/www.galeriedeparis.com\/Welcome\/#website"},"primaryImageOfPage":{"@id":"https:\/\/www.galeriedeparis.com\/Welcome\/produit\/e-60-lhotel-du-nord-the-hotel-du-nord-quai-de-jemmapes-%e3%82%b8%e3%82%a7%e3%83%9e%e3%83%83%e3%83%97%e6%b2%b3%e5%b2%b8%e3%81%ae%e5%8c%97%e3%83%9b%e3%83%86%e3%83%ab\/#primaryimage"},"image":{"@id":"https:\/\/www.galeriedeparis.com\/Welcome\/produit\/e-60-lhotel-du-nord-the-hotel-du-nord-quai-de-jemmapes-%e3%82%b8%e3%82%a7%e3%83%9e%e3%83%83%e3%83%97%e6%b2%b3%e5%b2%b8%e3%81%ae%e5%8c%97%e3%83%9b%e3%83%86%e3%83%ab\/#primaryimage"},"thumbnailUrl":"https:\/\/www.galeriedeparis.com\/Welcome\/wp-content\/uploads\/2026\/03\/E-060-Hotel-du-Nord-Quai-de-Jemmapes-Kojiro-AKAGI-1989-wp.jpg","datePublished":"2026-03-05T22:34:48+00:00","dateModified":"2026-03-13T15:08:05+00:00","breadcrumb":{"@id":"https:\/\/www.galeriedeparis.com\/Welcome\/produit\/e-60-lhotel-du-nord-the-hotel-du-nord-quai-de-jemmapes-%e3%82%b8%e3%82%a7%e3%83%9e%e3%83%83%e3%83%97%e6%b2%b3%e5%b2%b8%e3%81%ae%e5%8c%97%e3%83%9b%e3%83%86%e3%83%ab\/#breadcrumb"},"inLanguage":"fr-FR","potentialAction":[{"@type":"ReadAction","target":["https:\/\/www.galeriedeparis.com\/Welcome\/produit\/e-60-lhotel-du-nord-the-hotel-du-nord-quai-de-jemmapes-%e3%82%b8%e3%82%a7%e3%83%9e%e3%83%83%e3%83%97%e6%b2%b3%e5%b2%b8%e3%81%ae%e5%8c%97%e3%83%9b%e3%83%86%e3%83%ab\/"]}]},{"@type":"ImageObject","inLanguage":"fr-FR","@id":"https:\/\/www.galeriedeparis.com\/Welcome\/produit\/e-60-lhotel-du-nord-the-hotel-du-nord-quai-de-jemmapes-%e3%82%b8%e3%82%a7%e3%83%9e%e3%83%83%e3%83%97%e6%b2%b3%e5%b2%b8%e3%81%ae%e5%8c%97%e3%83%9b%e3%83%86%e3%83%ab\/#primaryimage","url":"https:\/\/www.galeriedeparis.com\/Welcome\/wp-content\/uploads\/2026\/03\/E-060-Hotel-du-Nord-Quai-de-Jemmapes-Kojiro-AKAGI-1989-wp.jpg","contentUrl":"https:\/\/www.galeriedeparis.com\/Welcome\/wp-content\/uploads\/2026\/03\/E-060-Hotel-du-Nord-Quai-de-Jemmapes-Kojiro-AKAGI-1989-wp.jpg","width":1690,"height":1390},{"@type":"BreadcrumbList","@id":"https:\/\/www.galeriedeparis.com\/Welcome\/produit\/e-60-lhotel-du-nord-the-hotel-du-nord-quai-de-jemmapes-%e3%82%b8%e3%82%a7%e3%83%9e%e3%83%83%e3%83%97%e6%b2%b3%e5%b2%b8%e3%81%ae%e5%8c%97%e3%83%9b%e3%83%86%e3%83%ab\/#breadcrumb","itemListElement":[{"@type":"ListItem","position":1,"name":"Accueil","item":"https:\/\/www.galeriedeparis.com\/Welcome\/"},{"@type":"ListItem","position":2,"name":"Boutique","item":"https:\/\/www.galeriedeparis.com\/Welcome\/boutique\/"},{"@type":"ListItem","position":3,"name":"E-60 L\u2019H\u00f4tel du Nord, The H\u00f4tel du Nord, Quai de Jemmapes, \u30b8\u30a7\u30de\u30c3\u30d7\u6cb3\u5cb8\u306e\u5317\u30db\u30c6\u30eb"}]},{"@type":"WebSite","@id":"https:\/\/www.galeriedeparis.com\/Welcome\/#website","url":"https:\/\/www.galeriedeparis.com\/Welcome\/","name":"Galerie de Paris \u00a9","description":"Les plus belles oeuvres sur Paris se trouvent \u00e0 la Galerie de Paris \u00a9 !","publisher":{"@id":"https:\/\/www.galeriedeparis.com\/Welcome\/#organization"},"potentialAction":[{"@type":"SearchAction","target":{"@type":"EntryPoint","urlTemplate":"https:\/\/www.galeriedeparis.com\/Welcome\/?s={search_term_string}"},"query-input":{"@type":"PropertyValueSpecification","valueRequired":true,"valueName":"search_term_string"}}],"inLanguage":"fr-FR"},{"@type":"Organization","@id":"https:\/\/www.galeriedeparis.com\/Welcome\/#organization","name":"Galerie de Paris \u00a9","url":"https:\/\/www.galeriedeparis.com\/Welcome\/","logo":{"@type":"ImageObject","inLanguage":"fr-FR","@id":"https:\/\/www.galeriedeparis.com\/Welcome\/#\/schema\/logo\/image\/","url":"https:\/\/www.galeriedeparis.com\/Welcome\/wp-content\/uploads\/2022\/03\/cropped-937A1B47-87A3-4339-B63B-6F00ACC81F2A-1.jpg","contentUrl":"https:\/\/www.galeriedeparis.com\/Welcome\/wp-content\/uploads\/2022\/03\/cropped-937A1B47-87A3-4339-B63B-6F00ACC81F2A-1.jpg","width":478,"height":191,"caption":"Galerie de Paris \u00a9"},"image":{"@id":"https:\/\/www.galeriedeparis.com\/Welcome\/#\/schema\/logo\/image\/"},"sameAs":["https:\/\/www.facebook.com\/GalerieDeParisAuVillageSuisse\/"]}]}},"_links":{"self":[{"href":"https:\/\/www.galeriedeparis.com\/Welcome\/wp-json\/wp\/v2\/product\/483","targetHints":{"allow":["GET"]}}],"collection":[{"href":"https:\/\/www.galeriedeparis.com\/Welcome\/wp-json\/wp\/v2\/product"}],"about":[{"href":"https:\/\/www.galeriedeparis.com\/Welcome\/wp-json\/wp\/v2\/types\/product"}],"wp:featuredmedia":[{"embeddable":true,"href":"https:\/\/www.galeriedeparis.com\/Welcome\/wp-json\/wp\/v2\/media\/485"}],"wp:attachment":[{"href":"https:\/\/www.galeriedeparis.com\/Welcome\/wp-json\/wp\/v2\/media?parent=483"}],"wp:term":[{"taxonomy":"product_brand","embeddable":true,"href":"https:\/\/www.galeriedeparis.com\/Welcome\/wp-json\/wp\/v2\/product_brand?post=483"},{"taxonomy":"product_cat","embeddable":true,"href":"https:\/\/www.galeriedeparis.com\/Welcome\/wp-json\/wp\/v2\/product_cat?post=483"},{"taxonomy":"product_tag","embeddable":true,"href":"https:\/\/www.galeriedeparis.com\/Welcome\/wp-json\/wp\/v2\/product_tag?post=483"}],"curies":[{"name":"wp","href":"https:\/\/api.w.org\/{rel}","templated":true}]}}