{"id":487,"date":"2026-03-14T19:18:07","date_gmt":"2026-03-14T18:18:07","guid":{"rendered":"https:\/\/www.galeriedeparis.com\/Welcome\/?post_type=product&#038;p=487"},"modified":"2026-03-18T15:39:40","modified_gmt":"2026-03-18T14:39:40","slug":"e-92-la-tour-eiffel-the-eiffel-tower-%e3%82%a8%e3%83%83%e3%83%95%e3%82%a7%e3%83%ab%e5%a1%94%ef%bc%88%e3%83%ad%e3%83%bc%e3%82%ba%e3%83%bb%e7%99%bd%ef%bc%89","status":"publish","type":"product","link":"https:\/\/www.galeriedeparis.com\/Welcome\/produit\/e-92-la-tour-eiffel-the-eiffel-tower-%e3%82%a8%e3%83%83%e3%83%95%e3%82%a7%e3%83%ab%e5%a1%94%ef%bc%88%e3%83%ad%e3%83%bc%e3%82%ba%e3%83%bb%e7%99%bd%ef%bc%89\/","title":{"rendered":"E-092 La Tour Eiffel, The Eiffel Tower, \u30a8\u30c3\u30d5\u30a7\u30eb\u5854\uff08\u30ed\u30fc\u30ba\u30fb\u767d\uff09"},"content":{"rendered":"<h2>La Tour Eiffel, The Eiffel Tower, \u30a8\u30c3\u30d5\u30a7\u30eb\u5854\uff08\u30ed\u30fc\u30ba\u30fb\u767d\uff09- num\u00e9rot\u00e9e 20\/50<\/h2>\n<p>Cr\u00e9ateur : Kojiro Akagi (1934-2021)<\/p>\n<p>Date : Novembre 1996 \/ November 1996<\/p>\n<p>Format : S\u00e9rigraphie, Atelier Del Arco, 50 tirages + 8 E.A. romain, de chaque<\/p>\n<p>Papier : Arches 24,5 x 38 cm.<\/p>\n<p>Type : S\u00e9rigraphie<\/p>\n<p>Collection : Cent vues de Paris page 162 \/ 100 views of Paris in lithography \/ \u30a2\u30ab\u30ae\u306e\u7248\u753b\u30d1\u30ea\u767e\u666f<\/p>\n<p>Droits : \u00a9 Fonds de dotation Kojiro AKAGI, \u00a9 ADAGP<\/p>\n<p>Description par Kojiro AKAGI &#8211; R\u00e9f\u00e9rence \u00e0 100 vue de Paris &#8211;<span class=\"Apple-converted-space\">\u00a0<\/span><\/p>\n<p>La Tour Eiffel est construite pour constituer la plus grande attraction de l\u2019exposition universelle qui d\u00e9bute au mois de mai de la m\u00eame ann\u00e9e. La c\u00e9r\u00e9monie d\u2019inauguration a lieu le 31 mars 1889. Une archive mentionne qu\u2019elle est ouverte au public le 15 mai.<br \/>\nA l\u2019\u00e9poque, les intellectuels sont contre la construction d\u2019un monument qui n\u2019est pas en harmonie avec la ville de Paris et recueillent des signatures sur une p\u00e9tition. Voir la liste de ces signataires est tr\u00e8s instructif, car je pense que, \u00e0 chaque \u00e9poque, on peut rencontrer ce type de r\u00e9action.<br \/>\nAujourd\u2019hui, elle symbolise la France et Paris et il faut \u00eatre pr\u00eat \u00e0 faire une longue queue pour la visiter. Puisque c\u2019est une construction en m\u00e9tal et qu\u2019elle s\u2019oxyde avec le temps, elle menace de se d\u00e9sagr\u00e9ger et de tomber en ruine.<br \/>\nPour l\u2019anniversaire de ses cent ans, il a \u00e9t\u00e9 envisag\u00e9 de la d\u00e9truire, mais elle est toujours l\u00e0 et attire de plus en plus de touristes du monde entier.<\/p>\n<p>The completion ceremony was held on March 31, 1889. The Paris Universal Exposition opened in May of that year with the tower as the main feature and the records say that it was open to the public from May 15.<br \/>\nThe cultural elite were opposed to such a disreputable thing which seemed to be in disharmony with the historical scenery of Paris and they organized a petition. I feel that this can happen at any period. The list of those who signed it is interesting.<br \/>\nNow it is the main sight-seeing feature of Paris and we must be prepared for a very long queue<\/p>\n<p>to buy tickets. On the 100th anniversary there was discussion about whether to demolish it because its steel frame was getting rusty and might not be able to stand much longer but more and more people visit it from all over the world and it is safe and sound.<\/p>\n<p>\u4e00\u516b\u516b\u4e5d\u5e74\u4e09\u6708\u4e09\u4e00\u65e5\u306b\u5b8c\u6210\u5f0f\u304c\u958b\u304b\u308c\u305f\u3002\u305d\u306e\u5e74\u306e\u4e94\u6708\u304b\u3089\u30aa\u30fc\u30d7\u30f3\u306e\u3001\u30d1\u30ea\u4e07\u56fd\u535a\u89a7\u4f1a\u306e\u76ee\u7389\u547c\u3073\u7269\u306b\u5efa\u3066\u3089\u308c\u305f\u308f\u3051\u3067\u3001\u4e00\u822c\u306b\u516c\u958b\u3055\u308c\u305f\u306e\u306f\u4e94\u6708\u5341\u4e94\u65e5\u304b\u3089\u3068\u8a18\u9332\u304c\u6b8b\u3063\u3066\u3044\u308b\u3002\u3053\u3093\u306a\u30df\u30c3\u30c8\u30e2\u306a\u3044\u3001\u6b74\u53f2\u3042\u308b\u30d1\u30ea\u306e\u666f\u89b3\u306b\u4e0d\u8abf\u548c\u306a\u7269\u3092\u5efa\u3066\u3066\u3068\u3001\u5f53\u6642\u306e\u6587\u5316\u4eba\u304c\u7dcf\u53cd\u5bfe\u3067\u3001\u7f72\u540d\u904b\u52d5\u3002\u4f55\u6642\u306e\u6642\u4ee3\u3082\u540c\u3058\u3060\u306a\u3068\u3001\u305d\u306e\u30b5\u30a4\u30f3\u3057\u305f\u4eba\u305f\u3061\u306e\u30ea\u30b9\u30c8\u304c\u8208\u5473\u6df1\u3044\u3002\u4eca\u3067\u306f\u30c1\u30b1\u30c3\u30c8\u3092\u8cb7\u3046\u306e\u306b\u3001\u9577\u86c7\u306e\u884c\u5217\u3092\u899a\u609f\u3057\u306a\u3051\u308c\u3070\u306a\u3089\u306a\u3044\u3001\u30d1\u30ea\u89b3\u5149\u306e\u30b7\u30f3\u30dc\u30eb\u3060\u3002\u767e\u5e74\u76ee\u306b\u3001\u9244\u9aa8\u306a\u306e\u3067\u9306\u3073\u3066\u3001\u8001\u673d\u5316\u3057\u3066\u4fdd\u305f\u306a\u3044\u6050\u308c\u3042\u308a\u3001\u53d6\u308a\u58ca\u3059\u3068\u3044\u3046\u8ad6\u8b70\u3082\u3042\u3063\u305f\u304c\u3001\u307e\u3059\u307e\u3059\u4eba\u304c\u89b3\u5149\u306b\u3001\u4e16\u754c\u4e2d\u304b\u3089\u62bc\u3057\u304b\u3051\u3066\u5065\u5728\u3067\u3042\u308b\u3002<\/p>\n","protected":false},"excerpt":{"rendered":"<p>La Tour Eiffel, The Eiffel Tower, \u30a8\u30c3\u30d5\u30a7\u30eb\u5854\uff08\u30ed\u30fc\u30ba\u30fb\u767d\uff09- num\u00e9rot\u00e9e 20\/50 Cr\u00e9ateur : Kojiro Akagi (1934-2021) Date : Novembre 1996 \/ November&#8230;<\/p>\n","protected":false},"featured_media":492,"template":"","meta":[],"product_brand":[104],"product_cat":[69,133],"product_tag":[211,156,204,73,208,210,212,214,216,218,129,220,221,159,228,230,232,203,236,238,240,242,244,246,248,250,252,254,258,77,261,199,263,265,105,270,274,276,277,279,281,283,285,287,309,74,160,290,292,294,296,298,300,302,304,305,307,312,310,313,314,200,316,202,318,320,264,213,278,201,251,217,243,245,280,223,257,225,229,282,286,291,289,206,205,241,321,301,231,303,239,315,253,311,319,273,269,284,237,306,249,271,255,215,297,247,288,259,317,293,209,299,219,227,308,295,222,275,235,268,207,260,266,262,233],"class_list":{"0":"post-487","1":"product","2":"type-product","3":"status-publish","4":"has-post-thumbnail","6":"product_brand-akagi","7":"product_cat-akagi-kojiro","8":"product_cat-serigraphie","9":"product_tag-211","10":"product_tag-100-vues-de-paris","11":"product_tag-500-vues-de-paris","12":"product_tag-akagi","13":"product_tag-aquarelle","14":"product_tag-architecture","15":"product_tag-arnaud-dhauterives","16":"product_tag-artistes-japonais","17":"product_tag-carnavalet-a-paris","18":"product_tag-cent-lithographies","19":"product_tag-cent-vues-de-paris","20":"product_tag-chevalet-","21":"product_tag-chevalier-de-lordre-des-arts-et-des-lettres","22":"product_tag-collectionneurs","23":"product_tag-dessin","24":"product_tag-ecole-nationale-superieure-des-beaux-arts","25":"product_tag-edifices-de-la-capitale","26":"product_tag-eiffel","27":"product_tag-encre-de-chine","28":"product_tag-facades","29":"product_tag-fascine-par-paris","30":"product_tag-galerie","31":"product_tag-galerie-de-paris","32":"product_tag-gouvernement-japonais","33":"product_tag-immeubles","34":"product_tag-immeubles-haussmanniens","35":"product_tag-institut-de-france-par-lacademie-des-beaux-arts","36":"product_tag-japon","37":"product_tag-kojiro","38":"product_tag-kojiro-akagi","39":"product_tag-la-capitale","40":"product_tag-la-tour-eiffel","41":"product_tag-le-paris-dakagi","42":"product_tag-le-paris-de-kojiro-akagi","43":"product_tag-lithographie","44":"product_tag-memoires-et-tresors-architecturaux","45":"product_tag-monuments-emblematiques","46":"product_tag-musee-carnavalet","47":"product_tag-musee-du-vatican-en-italie","48":"product_tag-musee-grimaldi","49":"product_tag-musee-municipal-de-toulon","50":"product_tag-musee-royal-ueno","51":"product_tag-new-york","52":"product_tag-ordre-du-soleil-levant","53":"product_tag-ordre-du-soleil-levant-rayons-dor-avec-rosette-","54":"product_tag-paris","55":"product_tag-paris-dakagi","56":"product_tag-pat-clark-museum","57":"product_tag-patrimoine-historique","58":"product_tag-peintre","59":"product_tag-peintre-japonais","60":"product_tag-peinture-a-lhuile","61":"product_tag-porte-de-versailles","62":"product_tag-puvis-de-chavanne","63":"product_tag-quartiers-anciens-","64":"product_tag-rayons-dor-avec-rosette","65":"product_tag-ruban-bleu-fonce","66":"product_tag-salon-dautomne","67":"product_tag-salon-des-artistes-francais","68":"product_tag-salon-international-dart","69":"product_tag-snba","70":"product_tag-the-eiffel-tower","71":"product_tag-tokyo","72":"product_tag-tour-eiffel","73":"product_tag-verdaguer","74":"product_tag-ville-de-paris","75":"product_tag-264","76":"product_tag-213","77":"product_tag-278","78":"product_tag-201","79":"product_tag-251","80":"product_tag-217","81":"product_tag-243","82":"product_tag-245","83":"product_tag-280","84":"product_tag-223","85":"product_tag-257","86":"product_tag-225","87":"product_tag-229","88":"product_tag-282","89":"product_tag-286","90":"product_tag-291","91":"product_tag-289","92":"product_tag-206","93":"product_tag-205","94":"product_tag-241","95":"product_tag-321","96":"product_tag-301","97":"product_tag-231","98":"product_tag-303","99":"product_tag-239","100":"product_tag-315","101":"product_tag-253","102":"product_tag-311","103":"product_tag-319","104":"product_tag-273","105":"product_tag-269","106":"product_tag-284","107":"product_tag-237","108":"product_tag-306","109":"product_tag-249","110":"product_tag-271","111":"product_tag-255","112":"product_tag-215","113":"product_tag-297","114":"product_tag-247","115":"product_tag-288","116":"product_tag-259","117":"product_tag-317","118":"product_tag-293","119":"product_tag-209","120":"product_tag-299","121":"product_tag-219","122":"product_tag-227","123":"product_tag-308","124":"product_tag-295","125":"product_tag-222","126":"product_tag-275","127":"product_tag-235","128":"product_tag-268","129":"product_tag-207","130":"product_tag-260","131":"product_tag-266","132":"product_tag-262","133":"product_tag-233","135":"first","136":"instock","137":"taxable","138":"shipping-taxable","139":"purchasable","140":"product-type-simple"},"yoast_head":"<!-- This site is optimized with the Yoast SEO plugin v27.5 - https:\/\/yoast.com\/product\/yoast-seo-wordpress\/ -->\n<title>E-092 La Tour Eiffel, The Eiffel Tower, \u30a8\u30c3\u30d5\u30a7\u30eb\u5854\uff08\u30ed\u30fc\u30ba\u30fb\u767d\uff09 - Galerie de Paris \u00a9<\/title>\n<meta name=\"robots\" content=\"index, follow, max-snippet:-1, max-image-preview:large, max-video-preview:-1\" \/>\n<link rel=\"canonical\" href=\"https:\/\/www.galeriedeparis.com\/Welcome\/produit\/e-92-la-tour-eiffel-the-eiffel-tower-\u30a8\u30c3\u30d5\u30a7\u30eb\u5854\uff08\u30ed\u30fc\u30ba\u30fb\u767d\uff09\/\" \/>\n<meta property=\"og:locale\" content=\"fr_FR\" \/>\n<meta property=\"og:type\" content=\"article\" \/>\n<meta property=\"og:title\" content=\"E-092 La Tour Eiffel, The Eiffel Tower, \u30a8\u30c3\u30d5\u30a7\u30eb\u5854\uff08\u30ed\u30fc\u30ba\u30fb\u767d\uff09 - Galerie de Paris \u00a9\" \/>\n<meta property=\"og:description\" content=\"La Tour Eiffel, The Eiffel Tower, \u30a8\u30c3\u30d5\u30a7\u30eb\u5854\uff08\u30ed\u30fc\u30ba\u30fb\u767d\uff09- num\u00e9rot\u00e9e 20\/50 Cr\u00e9ateur : Kojiro Akagi (1934-2021) Date : Novembre 1996 \/ November...\" \/>\n<meta property=\"og:url\" content=\"https:\/\/www.galeriedeparis.com\/Welcome\/produit\/e-92-la-tour-eiffel-the-eiffel-tower-\u30a8\u30c3\u30d5\u30a7\u30eb\u5854\uff08\u30ed\u30fc\u30ba\u30fb\u767d\uff09\/\" \/>\n<meta property=\"og:site_name\" content=\"Galerie de Paris \u00a9\" \/>\n<meta property=\"article:publisher\" content=\"https:\/\/www.facebook.com\/GalerieDeParisAuVillageSuisse\/\" \/>\n<meta property=\"article:modified_time\" content=\"2026-03-18T14:39:40+00:00\" \/>\n<meta property=\"og:image\" content=\"https:\/\/www.galeriedeparis.com\/Welcome\/wp-content\/uploads\/2026\/03\/E-092-E-93-75-Kojiro-AKAGI-La-Tour-Eiffel-1996-E-92-BD.jpg\" \/>\n\t<meta property=\"og:image:width\" content=\"687\" \/>\n\t<meta property=\"og:image:height\" content=\"1367\" \/>\n\t<meta property=\"og:image:type\" content=\"image\/jpeg\" \/>\n<meta name=\"twitter:card\" content=\"summary_large_image\" \/>\n<meta name=\"twitter:label1\" content=\"Dur\u00e9e de lecture estim\u00e9e\" \/>\n\t<meta name=\"twitter:data1\" content=\"3 minutes\" \/>\n<script type=\"application\/ld+json\" class=\"yoast-schema-graph\">{\"@context\":\"https:\\\/\\\/schema.org\",\"@graph\":[{\"@type\":\"WebPage\",\"@id\":\"https:\\\/\\\/www.galeriedeparis.com\\\/Welcome\\\/produit\\\/e-92-la-tour-eiffel-the-eiffel-tower-%e3%82%a8%e3%83%83%e3%83%95%e3%82%a7%e3%83%ab%e5%a1%94%ef%bc%88%e3%83%ad%e3%83%bc%e3%82%ba%e3%83%bb%e7%99%bd%ef%bc%89\\\/\",\"url\":\"https:\\\/\\\/www.galeriedeparis.com\\\/Welcome\\\/produit\\\/e-92-la-tour-eiffel-the-eiffel-tower-%e3%82%a8%e3%83%83%e3%83%95%e3%82%a7%e3%83%ab%e5%a1%94%ef%bc%88%e3%83%ad%e3%83%bc%e3%82%ba%e3%83%bb%e7%99%bd%ef%bc%89\\\/\",\"name\":\"E-092 La Tour Eiffel, The Eiffel Tower, \u30a8\u30c3\u30d5\u30a7\u30eb\u5854\uff08\u30ed\u30fc\u30ba\u30fb\u767d\uff09 - Galerie de Paris \u00a9\",\"isPartOf\":{\"@id\":\"https:\\\/\\\/www.galeriedeparis.com\\\/Welcome\\\/#website\"},\"primaryImageOfPage\":{\"@id\":\"https:\\\/\\\/www.galeriedeparis.com\\\/Welcome\\\/produit\\\/e-92-la-tour-eiffel-the-eiffel-tower-%e3%82%a8%e3%83%83%e3%83%95%e3%82%a7%e3%83%ab%e5%a1%94%ef%bc%88%e3%83%ad%e3%83%bc%e3%82%ba%e3%83%bb%e7%99%bd%ef%bc%89\\\/#primaryimage\"},\"image\":{\"@id\":\"https:\\\/\\\/www.galeriedeparis.com\\\/Welcome\\\/produit\\\/e-92-la-tour-eiffel-the-eiffel-tower-%e3%82%a8%e3%83%83%e3%83%95%e3%82%a7%e3%83%ab%e5%a1%94%ef%bc%88%e3%83%ad%e3%83%bc%e3%82%ba%e3%83%bb%e7%99%bd%ef%bc%89\\\/#primaryimage\"},\"thumbnailUrl\":\"https:\\\/\\\/www.galeriedeparis.com\\\/Welcome\\\/wp-content\\\/uploads\\\/2026\\\/03\\\/E-092-E-93-75-Kojiro-AKAGI-La-Tour-Eiffel-1996-E-92-BD.jpg\",\"datePublished\":\"2026-03-14T18:18:07+00:00\",\"dateModified\":\"2026-03-18T14:39:40+00:00\",\"breadcrumb\":{\"@id\":\"https:\\\/\\\/www.galeriedeparis.com\\\/Welcome\\\/produit\\\/e-92-la-tour-eiffel-the-eiffel-tower-%e3%82%a8%e3%83%83%e3%83%95%e3%82%a7%e3%83%ab%e5%a1%94%ef%bc%88%e3%83%ad%e3%83%bc%e3%82%ba%e3%83%bb%e7%99%bd%ef%bc%89\\\/#breadcrumb\"},\"inLanguage\":\"fr-FR\",\"potentialAction\":[{\"@type\":\"ReadAction\",\"target\":[\"https:\\\/\\\/www.galeriedeparis.com\\\/Welcome\\\/produit\\\/e-92-la-tour-eiffel-the-eiffel-tower-%e3%82%a8%e3%83%83%e3%83%95%e3%82%a7%e3%83%ab%e5%a1%94%ef%bc%88%e3%83%ad%e3%83%bc%e3%82%ba%e3%83%bb%e7%99%bd%ef%bc%89\\\/\"]}]},{\"@type\":\"ImageObject\",\"inLanguage\":\"fr-FR\",\"@id\":\"https:\\\/\\\/www.galeriedeparis.com\\\/Welcome\\\/produit\\\/e-92-la-tour-eiffel-the-eiffel-tower-%e3%82%a8%e3%83%83%e3%83%95%e3%82%a7%e3%83%ab%e5%a1%94%ef%bc%88%e3%83%ad%e3%83%bc%e3%82%ba%e3%83%bb%e7%99%bd%ef%bc%89\\\/#primaryimage\",\"url\":\"https:\\\/\\\/www.galeriedeparis.com\\\/Welcome\\\/wp-content\\\/uploads\\\/2026\\\/03\\\/E-092-E-93-75-Kojiro-AKAGI-La-Tour-Eiffel-1996-E-92-BD.jpg\",\"contentUrl\":\"https:\\\/\\\/www.galeriedeparis.com\\\/Welcome\\\/wp-content\\\/uploads\\\/2026\\\/03\\\/E-092-E-93-75-Kojiro-AKAGI-La-Tour-Eiffel-1996-E-92-BD.jpg\",\"width\":687,\"height\":1367},{\"@type\":\"BreadcrumbList\",\"@id\":\"https:\\\/\\\/www.galeriedeparis.com\\\/Welcome\\\/produit\\\/e-92-la-tour-eiffel-the-eiffel-tower-%e3%82%a8%e3%83%83%e3%83%95%e3%82%a7%e3%83%ab%e5%a1%94%ef%bc%88%e3%83%ad%e3%83%bc%e3%82%ba%e3%83%bb%e7%99%bd%ef%bc%89\\\/#breadcrumb\",\"itemListElement\":[{\"@type\":\"ListItem\",\"position\":1,\"name\":\"Accueil\",\"item\":\"https:\\\/\\\/www.galeriedeparis.com\\\/Welcome\\\/\"},{\"@type\":\"ListItem\",\"position\":2,\"name\":\"Boutique\",\"item\":\"https:\\\/\\\/www.galeriedeparis.com\\\/Welcome\\\/boutique\\\/\"},{\"@type\":\"ListItem\",\"position\":3,\"name\":\"E-092 La Tour Eiffel, The Eiffel Tower, \u30a8\u30c3\u30d5\u30a7\u30eb\u5854\uff08\u30ed\u30fc\u30ba\u30fb\u767d\uff09\"}]},{\"@type\":\"WebSite\",\"@id\":\"https:\\\/\\\/www.galeriedeparis.com\\\/Welcome\\\/#website\",\"url\":\"https:\\\/\\\/www.galeriedeparis.com\\\/Welcome\\\/\",\"name\":\"Galerie de Paris \u00a9\",\"description\":\"Les plus belles oeuvres sur Paris se trouvent \u00e0 la Galerie de Paris \u00a9 !\",\"publisher\":{\"@id\":\"https:\\\/\\\/www.galeriedeparis.com\\\/Welcome\\\/#organization\"},\"potentialAction\":[{\"@type\":\"SearchAction\",\"target\":{\"@type\":\"EntryPoint\",\"urlTemplate\":\"https:\\\/\\\/www.galeriedeparis.com\\\/Welcome\\\/?s={search_term_string}\"},\"query-input\":{\"@type\":\"PropertyValueSpecification\",\"valueRequired\":true,\"valueName\":\"search_term_string\"}}],\"inLanguage\":\"fr-FR\"},{\"@type\":\"Organization\",\"@id\":\"https:\\\/\\\/www.galeriedeparis.com\\\/Welcome\\\/#organization\",\"name\":\"Galerie de Paris \u00a9\",\"url\":\"https:\\\/\\\/www.galeriedeparis.com\\\/Welcome\\\/\",\"logo\":{\"@type\":\"ImageObject\",\"inLanguage\":\"fr-FR\",\"@id\":\"https:\\\/\\\/www.galeriedeparis.com\\\/Welcome\\\/#\\\/schema\\\/logo\\\/image\\\/\",\"url\":\"https:\\\/\\\/www.galeriedeparis.com\\\/Welcome\\\/wp-content\\\/uploads\\\/2022\\\/03\\\/cropped-937A1B47-87A3-4339-B63B-6F00ACC81F2A-1.jpg\",\"contentUrl\":\"https:\\\/\\\/www.galeriedeparis.com\\\/Welcome\\\/wp-content\\\/uploads\\\/2022\\\/03\\\/cropped-937A1B47-87A3-4339-B63B-6F00ACC81F2A-1.jpg\",\"width\":478,\"height\":191,\"caption\":\"Galerie de Paris \u00a9\"},\"image\":{\"@id\":\"https:\\\/\\\/www.galeriedeparis.com\\\/Welcome\\\/#\\\/schema\\\/logo\\\/image\\\/\"},\"sameAs\":[\"https:\\\/\\\/www.facebook.com\\\/GalerieDeParisAuVillageSuisse\\\/\"]}]}<\/script>\n<!-- \/ Yoast SEO plugin. -->","yoast_head_json":{"title":"E-092 La Tour Eiffel, The Eiffel Tower, \u30a8\u30c3\u30d5\u30a7\u30eb\u5854\uff08\u30ed\u30fc\u30ba\u30fb\u767d\uff09 - Galerie de Paris \u00a9","robots":{"index":"index","follow":"follow","max-snippet":"max-snippet:-1","max-image-preview":"max-image-preview:large","max-video-preview":"max-video-preview:-1"},"canonical":"https:\/\/www.galeriedeparis.com\/Welcome\/produit\/e-92-la-tour-eiffel-the-eiffel-tower-\u30a8\u30c3\u30d5\u30a7\u30eb\u5854\uff08\u30ed\u30fc\u30ba\u30fb\u767d\uff09\/","og_locale":"fr_FR","og_type":"article","og_title":"E-092 La Tour Eiffel, The Eiffel Tower, \u30a8\u30c3\u30d5\u30a7\u30eb\u5854\uff08\u30ed\u30fc\u30ba\u30fb\u767d\uff09 - Galerie de Paris \u00a9","og_description":"La Tour Eiffel, The Eiffel Tower, \u30a8\u30c3\u30d5\u30a7\u30eb\u5854\uff08\u30ed\u30fc\u30ba\u30fb\u767d\uff09- num\u00e9rot\u00e9e 20\/50 Cr\u00e9ateur : Kojiro Akagi (1934-2021) Date : Novembre 1996 \/ November...","og_url":"https:\/\/www.galeriedeparis.com\/Welcome\/produit\/e-92-la-tour-eiffel-the-eiffel-tower-\u30a8\u30c3\u30d5\u30a7\u30eb\u5854\uff08\u30ed\u30fc\u30ba\u30fb\u767d\uff09\/","og_site_name":"Galerie de Paris \u00a9","article_publisher":"https:\/\/www.facebook.com\/GalerieDeParisAuVillageSuisse\/","article_modified_time":"2026-03-18T14:39:40+00:00","og_image":[{"width":687,"height":1367,"url":"https:\/\/www.galeriedeparis.com\/Welcome\/wp-content\/uploads\/2026\/03\/E-092-E-93-75-Kojiro-AKAGI-La-Tour-Eiffel-1996-E-92-BD.jpg","type":"image\/jpeg"}],"twitter_card":"summary_large_image","twitter_misc":{"Dur\u00e9e de lecture estim\u00e9e":"3 minutes"},"schema":{"@context":"https:\/\/schema.org","@graph":[{"@type":"WebPage","@id":"https:\/\/www.galeriedeparis.com\/Welcome\/produit\/e-92-la-tour-eiffel-the-eiffel-tower-%e3%82%a8%e3%83%83%e3%83%95%e3%82%a7%e3%83%ab%e5%a1%94%ef%bc%88%e3%83%ad%e3%83%bc%e3%82%ba%e3%83%bb%e7%99%bd%ef%bc%89\/","url":"https:\/\/www.galeriedeparis.com\/Welcome\/produit\/e-92-la-tour-eiffel-the-eiffel-tower-%e3%82%a8%e3%83%83%e3%83%95%e3%82%a7%e3%83%ab%e5%a1%94%ef%bc%88%e3%83%ad%e3%83%bc%e3%82%ba%e3%83%bb%e7%99%bd%ef%bc%89\/","name":"E-092 La Tour Eiffel, The Eiffel Tower, \u30a8\u30c3\u30d5\u30a7\u30eb\u5854\uff08\u30ed\u30fc\u30ba\u30fb\u767d\uff09 - Galerie de Paris \u00a9","isPartOf":{"@id":"https:\/\/www.galeriedeparis.com\/Welcome\/#website"},"primaryImageOfPage":{"@id":"https:\/\/www.galeriedeparis.com\/Welcome\/produit\/e-92-la-tour-eiffel-the-eiffel-tower-%e3%82%a8%e3%83%83%e3%83%95%e3%82%a7%e3%83%ab%e5%a1%94%ef%bc%88%e3%83%ad%e3%83%bc%e3%82%ba%e3%83%bb%e7%99%bd%ef%bc%89\/#primaryimage"},"image":{"@id":"https:\/\/www.galeriedeparis.com\/Welcome\/produit\/e-92-la-tour-eiffel-the-eiffel-tower-%e3%82%a8%e3%83%83%e3%83%95%e3%82%a7%e3%83%ab%e5%a1%94%ef%bc%88%e3%83%ad%e3%83%bc%e3%82%ba%e3%83%bb%e7%99%bd%ef%bc%89\/#primaryimage"},"thumbnailUrl":"https:\/\/www.galeriedeparis.com\/Welcome\/wp-content\/uploads\/2026\/03\/E-092-E-93-75-Kojiro-AKAGI-La-Tour-Eiffel-1996-E-92-BD.jpg","datePublished":"2026-03-14T18:18:07+00:00","dateModified":"2026-03-18T14:39:40+00:00","breadcrumb":{"@id":"https:\/\/www.galeriedeparis.com\/Welcome\/produit\/e-92-la-tour-eiffel-the-eiffel-tower-%e3%82%a8%e3%83%83%e3%83%95%e3%82%a7%e3%83%ab%e5%a1%94%ef%bc%88%e3%83%ad%e3%83%bc%e3%82%ba%e3%83%bb%e7%99%bd%ef%bc%89\/#breadcrumb"},"inLanguage":"fr-FR","potentialAction":[{"@type":"ReadAction","target":["https:\/\/www.galeriedeparis.com\/Welcome\/produit\/e-92-la-tour-eiffel-the-eiffel-tower-%e3%82%a8%e3%83%83%e3%83%95%e3%82%a7%e3%83%ab%e5%a1%94%ef%bc%88%e3%83%ad%e3%83%bc%e3%82%ba%e3%83%bb%e7%99%bd%ef%bc%89\/"]}]},{"@type":"ImageObject","inLanguage":"fr-FR","@id":"https:\/\/www.galeriedeparis.com\/Welcome\/produit\/e-92-la-tour-eiffel-the-eiffel-tower-%e3%82%a8%e3%83%83%e3%83%95%e3%82%a7%e3%83%ab%e5%a1%94%ef%bc%88%e3%83%ad%e3%83%bc%e3%82%ba%e3%83%bb%e7%99%bd%ef%bc%89\/#primaryimage","url":"https:\/\/www.galeriedeparis.com\/Welcome\/wp-content\/uploads\/2026\/03\/E-092-E-93-75-Kojiro-AKAGI-La-Tour-Eiffel-1996-E-92-BD.jpg","contentUrl":"https:\/\/www.galeriedeparis.com\/Welcome\/wp-content\/uploads\/2026\/03\/E-092-E-93-75-Kojiro-AKAGI-La-Tour-Eiffel-1996-E-92-BD.jpg","width":687,"height":1367},{"@type":"BreadcrumbList","@id":"https:\/\/www.galeriedeparis.com\/Welcome\/produit\/e-92-la-tour-eiffel-the-eiffel-tower-%e3%82%a8%e3%83%83%e3%83%95%e3%82%a7%e3%83%ab%e5%a1%94%ef%bc%88%e3%83%ad%e3%83%bc%e3%82%ba%e3%83%bb%e7%99%bd%ef%bc%89\/#breadcrumb","itemListElement":[{"@type":"ListItem","position":1,"name":"Accueil","item":"https:\/\/www.galeriedeparis.com\/Welcome\/"},{"@type":"ListItem","position":2,"name":"Boutique","item":"https:\/\/www.galeriedeparis.com\/Welcome\/boutique\/"},{"@type":"ListItem","position":3,"name":"E-092 La Tour Eiffel, The Eiffel Tower, \u30a8\u30c3\u30d5\u30a7\u30eb\u5854\uff08\u30ed\u30fc\u30ba\u30fb\u767d\uff09"}]},{"@type":"WebSite","@id":"https:\/\/www.galeriedeparis.com\/Welcome\/#website","url":"https:\/\/www.galeriedeparis.com\/Welcome\/","name":"Galerie de Paris \u00a9","description":"Les plus belles oeuvres sur Paris se trouvent \u00e0 la Galerie de Paris \u00a9 !","publisher":{"@id":"https:\/\/www.galeriedeparis.com\/Welcome\/#organization"},"potentialAction":[{"@type":"SearchAction","target":{"@type":"EntryPoint","urlTemplate":"https:\/\/www.galeriedeparis.com\/Welcome\/?s={search_term_string}"},"query-input":{"@type":"PropertyValueSpecification","valueRequired":true,"valueName":"search_term_string"}}],"inLanguage":"fr-FR"},{"@type":"Organization","@id":"https:\/\/www.galeriedeparis.com\/Welcome\/#organization","name":"Galerie de Paris \u00a9","url":"https:\/\/www.galeriedeparis.com\/Welcome\/","logo":{"@type":"ImageObject","inLanguage":"fr-FR","@id":"https:\/\/www.galeriedeparis.com\/Welcome\/#\/schema\/logo\/image\/","url":"https:\/\/www.galeriedeparis.com\/Welcome\/wp-content\/uploads\/2022\/03\/cropped-937A1B47-87A3-4339-B63B-6F00ACC81F2A-1.jpg","contentUrl":"https:\/\/www.galeriedeparis.com\/Welcome\/wp-content\/uploads\/2022\/03\/cropped-937A1B47-87A3-4339-B63B-6F00ACC81F2A-1.jpg","width":478,"height":191,"caption":"Galerie de Paris \u00a9"},"image":{"@id":"https:\/\/www.galeriedeparis.com\/Welcome\/#\/schema\/logo\/image\/"},"sameAs":["https:\/\/www.facebook.com\/GalerieDeParisAuVillageSuisse\/"]}]}},"_links":{"self":[{"href":"https:\/\/www.galeriedeparis.com\/Welcome\/wp-json\/wp\/v2\/product\/487","targetHints":{"allow":["GET"]}}],"collection":[{"href":"https:\/\/www.galeriedeparis.com\/Welcome\/wp-json\/wp\/v2\/product"}],"about":[{"href":"https:\/\/www.galeriedeparis.com\/Welcome\/wp-json\/wp\/v2\/types\/product"}],"wp:featuredmedia":[{"embeddable":true,"href":"https:\/\/www.galeriedeparis.com\/Welcome\/wp-json\/wp\/v2\/media\/492"}],"wp:attachment":[{"href":"https:\/\/www.galeriedeparis.com\/Welcome\/wp-json\/wp\/v2\/media?parent=487"}],"wp:term":[{"taxonomy":"product_brand","embeddable":true,"href":"https:\/\/www.galeriedeparis.com\/Welcome\/wp-json\/wp\/v2\/product_brand?post=487"},{"taxonomy":"product_cat","embeddable":true,"href":"https:\/\/www.galeriedeparis.com\/Welcome\/wp-json\/wp\/v2\/product_cat?post=487"},{"taxonomy":"product_tag","embeddable":true,"href":"https:\/\/www.galeriedeparis.com\/Welcome\/wp-json\/wp\/v2\/product_tag?post=487"}],"curies":[{"name":"wp","href":"https:\/\/api.w.org\/{rel}","templated":true}]}}